{"id":6446,"date":"2022-05-28T23:17:31","date_gmt":"2022-05-28T21:17:31","guid":{"rendered":"https:\/\/www.elrincondelosfamosos.com\/barbaricia\/?page_id=6446"},"modified":"2022-08-18T12:40:28","modified_gmt":"2022-08-18T10:40:28","slug":"dia-fuerzas-armadas-huesca-2022","status":"publish","type":"page","link":"https:\/\/www.elrincondelosfamosos.com\/barbaricia\/eventos-sobre-miniaturas-y-maniobras\/dia-fuerzas-armadas-huesca-2022\/","title":{"rendered":"D\u00eda de las Fuerzas Armadas en Huesca"},"content":{"rendered":"<p><img loading=\"lazy\" decoding=\"async\" class=\"alignleft wp-image-6462 size-medium\" title=\"Desfile de las fuerzas armadas en Huesca\" src=\"https:\/\/www.elrincondelosfamosos.com\/barbaricia\/wp-content\/uploads\/2022\/08\/g23-fuerzasarmadas-hu16-300x200.jpg\" alt=\"Desfile de las fuerzas armadas en Huesca\" width=\"300\" height=\"200\" srcset=\"https:\/\/www.elrincondelosfamosos.com\/barbaricia\/wp-content\/uploads\/2022\/08\/g23-fuerzasarmadas-hu16-300x200.jpg 300w, https:\/\/www.elrincondelosfamosos.com\/barbaricia\/wp-content\/uploads\/2022\/08\/g23-fuerzasarmadas-hu16-768x512.jpg 768w, https:\/\/www.elrincondelosfamosos.com\/barbaricia\/wp-content\/uploads\/2022\/08\/g23-fuerzasarmadas-hu16.jpg 800w\" sizes=\"auto, (max-width: 300px) 100vw, 300px\" \/><strong>Sus Majestades los Reyes<\/strong> presidieron el acto central conmemorativo del <strong>\u201cD\u00eda de las Fuerzas Armadas\u201d <\/strong>en Huesca, que cont\u00f3 con la participaci\u00f3n de militares de los tres Ej\u00e9rcitos y de la Guardia Civil.<\/p>\n<p>El Acto comenz\u00f3 con el izado de la Bandera Nacional, para lo cual la Bandera del Batall\u00f3n de Honores, con su escolta, ocupo su lugar en la plataforma. Un equipo de la Patrulla Acrob\u00e1tica Paracaidista del Ej\u00e9rcito del Aire (PAPEA) efectu\u00f3 un lanzamiento sobre la zona del acto, portando una bandera como la que posteriormente fue izada.<\/p>\n<p>Tras el izado de la Bandera a los acordes del Himno Nacional, con salvas se desarroll\u00f3 el Homenaje a los que dieron su vida por Espa\u00f1a. Los acordes de \u00abLa muerte no es el final\u00bb, precedieron la ofrenda de la Corona de Laurel de Su Majestad el Rey acompa\u00f1ado por el Jefe del Cuarto Militar. El Sobrevuelo de la Patrulla Acrob\u00e1tica \u00ab\u00c1guila\u00bb y la Descarga de fusiler\u00eda por la Escuadrilla \u00abPlus Ultra\u00bb de la Guardia Real fueron el broche emocionalmente solemne a la oraci\u00f3n y el Toque de oraci\u00f3n.<\/p>\n<p>El Desfile a\u00e9reo y terrestre comenz\u00f3 con la Formaci\u00f3n 1 Mando del componente A\u00e9reo y con uno de los cazas pilotado por el General Jefe del Mando Aereo General del Ej\u00e9rcito del Aire.<\/p>\n<p>En el desfile a\u00e9reo y terrestre participaron un total de 3037 mujeres y hombres as\u00ed como un total de 70 aeronaves, 148 veh\u00edculos y 103 caballos.<\/p>\n<p>La celebraci\u00f3n del \u00abD\u00eda de las Fuerzas Armadas\u00bb se remonta a 1978, cuando se estableci\u00f3 la conmemoraci\u00f3n anual de una fiesta de car\u00e1cter nacional que homenajeara a los Ej\u00e9rcitos y fomentara el conocimiento y la integraci\u00f3n entre los mismos y la sociedad. Es el d\u00eda de conocer el trabajo que los militares realizan dentro y fuera de nuestras fronteras. Su labor permanente de vigilancia y protecci\u00f3n del territorio nacional, as\u00ed como la defensa de la paz y la libertad en el mundo, en la que llevan participando m\u00e1s de 30 a\u00f1os.<\/p>\n<h2>Galer\u00eda de fotos del D\u00eda de las Fuerzas Armadas en Huesca<\/h2>\n<p style=\"text-align: justify;\"><style>\r\n\/*===== general options =========*\/\r\na {\r\n    box-shadow: none !important;\r\n}\r\n\r\n.view *:not(i), .album_categories *, .album_back_button *, #album_disabled_layer {\r\n    font-family: sans-serif, Arial, Verdana, Sylfaen !important;\r\n}\r\n\r\n#album_disabled_layer {\r\n    display: none;\r\n    position: absolute;\r\n    width: 100%;\r\n    height: 100%;\r\n    text-align: center;\r\n    background-color: transparent;\r\n    z-index: 10;\r\n    padding-top: 20px;\r\n    color: #fff;\r\n}\r\n\r\n#album_list_container {\r\n    position: relative;\r\n}\r\n\r\n\/* ====================== album onhover styles ==========================*\/\r\n\r\n#album_list .view {\r\n    -webkit-box-sizing: border-box;\r\n    -moz-box-sizing: border-box;\r\n    -o-box-sizing: border-box;\r\n    display: none;\r\n\r\n}\r\n\r\n.view .mask,\r\n.view .content {\r\n    width: 100%;\r\n    height: 100%;\r\n    position: absolute;\r\n    overflow: hidden;\r\n    top: 0;\r\n    left: 0;\r\n}\r\n\r\n.view h2 {\r\n    text-transform: uppercase;\r\n    color: #fff;\r\n    text-align: center;\r\n    position: relative;\r\n    font-size: 17px;\r\n    font-family: Raleway, serif;\r\n    padding: 10px;\r\n    \/*background: rgba(0, 0, 0, 0.8);*\/\r\n    margin: 20px 0 0 0;\r\n\r\n}\r\n\r\n.album_back_button a, .view a {\r\n    text-decoration: none !important;\r\n}\r\n\r\n.view p {\r\n    font-family: Merriweather, serif;\r\n    font-style: italic;\r\n    font-size: 14px;\r\n    position: relative;\r\n    color: #fff;\r\n    padding: 0px 20px 0px;\r\n    text-align: center;\r\n\r\n}\r\n\r\n.view a.info {\r\n    display: inline-block;\r\n    text-decoration: none;\r\n    font-size: 13px;\r\n    padding: 2px 14px;\r\n    margin-bottom: 3px;\r\n    background: #000;\r\n    color: #fff;\r\n    font-family: Raleway, serif;\r\n    text-transform: uppercase;\r\n    box-shadow: 0 0 1px #000\r\n}\r\n\r\n.mask-text h2 {\r\n    font-size: 20px !important;\r\n}\r\n\r\n.view a.info:hover {\r\n    box-shadow: 0 0 5px #000\r\n}\r\n\r\n.view .mask-bg {\r\n    height: 100%;\r\n}\r\n\r\n.view .album_social {\r\n    color: #fff;\r\n    position: absolute;\r\n    bottom: 3px;\r\n    left: 3px;\r\n    border: 1px solid #ffffff;\r\n    -webkit-border-radius: 3px;\r\n    -moz-border-radius: 3px;\r\n    border-radius: 3px;\r\n    padding: 3px 5px;\r\n\r\n}\r\n\r\n.view .album_social:active, .view .album_social:focus, .view .album_social:hover {\r\n    color: #ffffff;\r\n    outline: none;\r\n}\r\n\r\n\/*1*\/\r\n\r\n.view .info {\r\n    margin-top: 5px;\r\n}\r\n\r\n.view-first .mask {\r\n    opacity: 0;\r\n    background-color: rgba(0, 0, 0, 0.7);\r\n    transition: all 0.4s ease-in-out;\r\n\r\n}\r\n\r\n.view-first h2 {\r\n    transform: translateY(-100px);\r\n    opacity: 0;\r\n    font-family: Raleway, serif;\r\n    transition: all 0.2s ease-in-out;\r\n}\r\n\r\n.view-first p {\r\n    transform: translateY(100px);\r\n    opacity: 0;\r\n    transition: all 0.2s linear;\r\n}\r\n\r\n.view-first a.info {\r\n    opacity: 0;\r\n    transition: all 0.2s ease-in-out;\r\n}\r\n\r\n\/* *\/\r\n\r\n.view-first:hover img {\r\n    \/*transform: scale(1.1);*\/\r\n}\r\n\r\n.view-first:hover .mask {\r\n    opacity: 1;\r\n}\r\n\r\n.view-first:hover h2,\r\n.view-first:hover p,\r\n.view-first:hover a.info {\r\n    opacity: 1;\r\n    transform: translateY(0px);\r\n}\r\n\r\n.view-first:hover p {\r\n    transition-delay: 0.1s;\r\n}\r\n\r\n.view-first:hover a.info {\r\n    transition-delay: 0.2s;\r\n}\r\n\r\n\/*2*\/\r\n.view-second img {\r\n    -webkit-filter: grayscale(0) blur(0);\r\n    filter: grayscale(0) blur(0);\r\n    -webkit-transition: .3s ease-in-out;\r\n    transition: .3s ease-in-out;\r\n}\r\n\r\n.view-second .mask {\r\n    background-color: rgba(226, 200, 127, 0.2);\r\n    transition: all 0.5s linear;\r\n    opacity: 0;\r\n}\r\n\r\n.view-second h2 {\r\n    background: transparent;\r\n    margin: 20px 40px 0px 40px;\r\n    transform: scale(0);\r\n    color: #333;\r\n    transition: all 0.5s linear;\r\n    opacity: 0;\r\n}\r\n\r\n.view-second p {\r\n    opacity: 0;\r\n    transform: scale(0);\r\n    transition: all 0.5s linear;\r\n}\r\n\r\n.view-second a.info {\r\n    opacity: 0;\r\n    transform: scale(0);\r\n    transition: all 0.5s linear;\r\n}\r\n\r\n.view-second:hover img {\r\n    -webkit-filter: grayscale(100%) blur(3px);\r\n    filter: grayscale(100%) blur(3px);\r\n}\r\n\r\n.view-second:hover .mask {\r\n    opacity: 1;\r\n}\r\n\r\n.view-second:hover h2,\r\n.view-second:hover p,\r\n.view-second:hover a.info {\r\n    transform: scale(1);\r\n    opacity: 1;\r\n}\r\n\r\n.view-second img {\r\n    -webkit-filter: grayscale(0) blur(0);\r\n    filter: grayscale(0) blur(0);\r\n    -webkit-transition: .3s ease-in-out;\r\n    transition: .3s ease-in-out;\r\n}\r\n\r\n.view-second:hover img {\r\n    -webkit-filter: grayscale(100%) blur(3px);\r\n    filter: grayscale(100%) blur(3px);\r\n}\r\n\r\n\/*3*\/\r\n\r\n.view-third img {\r\n    transform: scaleY(1);\r\n    transition: all .7s ease-in-out;\r\n}\r\n\r\n.view-third a.info {\r\n    opacity: 0;\r\n    transform: scale(0);\r\n    transition: all 0.5s linear;\r\n}\r\n\r\n.view-third:hover img {\r\n    -webkit-transform: scale(10);\r\n    transform: scale(10);\r\n    opacity: 0;\r\n}\r\n\r\n.view-third:hover .mask {\r\n    opacity: 1;\r\n}\r\n\r\n.view-third:hover h2,\r\n.view-third:hover p,\r\n.view-third:hover a.info {\r\n    transform: scale(1);\r\n    opacity: 1;\r\n}\r\n\r\n\/* ==== view 4 ===*\/\r\n\r\n.view-forth-wrapper {\r\n    overflow: hidden;\r\n    position: relative !important;\r\n    height: 100%;\r\n    \/* cursor: pointer;*\/\r\n}\r\n\r\n.view-forth img {\r\n    max-width: 100%;\r\n    position: relative;\r\n    top: 0;\r\n    -webkit-transition: all 600ms cubic-bezier(0.645, 0.045, 0.355, 1);\r\n    transition: all 600ms cubic-bezier(0.645, 0.045, 0.355, 1);\r\n}\r\n\r\n.view-forth .mask {\r\n    position: absolute;\r\n    width: 100%;\r\n    \/*    height: 70px;*\/\r\n    \/*    bottom: -70px;*\/\r\n    height: 50%;\r\n    bottom: -50%;\r\n    -webkit-transition: all 300ms cubic-bezier(0.645, 0.045, 0.355, 1);\r\n    transition: all 300ms cubic-bezier(0.645, 0.045, 0.355, 1);\r\n    top: inherit;\r\n}\r\n\r\n.view-forth:hover .mask {\r\n    bottom: 0;\r\n}\r\n\r\n.view-forth:hover img {\r\n    top: -30px;\r\n}\r\n\r\n\/*==  view 5 ==*\/\r\n\r\n.view-fifth .view-fifth-wrapper,\r\n.view-fifth .view-fifth-wrapper img {\r\n    display: block;\r\n    position: relative;\r\n}\r\n\r\n.view-fifth .view-fifth-wrapper {\r\n    overflow: hidden;\r\n    height: 100%;\r\n}\r\n\r\n.view-fifth .view-fifth-wrapper .mask {\r\n    display: none;\r\n    position: absolute;\r\n    background: #333;\r\n    background: rgba(75, 75, 75, 0.7);\r\n    width: 100%;\r\n    height: 100%;\r\n}\r\n\r\n\/* ====================== album category styles ==========================*\/\r\n\r\n#filters {\r\n    margin: 1% 0;\r\n    padding: 0;\r\n    list-style: none;\r\n    list-style-type: none !important;\r\n\r\n}\r\n\r\n#filters li {\r\n    float: left;\r\n    list-style-type: none !important;\r\n}\r\n\r\n#filters li:first-child span {\r\n    margin-left: 0px;\r\n}\r\n\r\n#filters li span {\r\n    display: block;\r\n    text-decoration: none;\r\n    cursor: pointer;\r\n}\r\n\r\n.album_categories {\r\n    list-style-type: none;\r\n    margin: 0;\r\n    padding: 0;\r\n    overflow: hidden;\r\n    padding-top: 5px;\r\n}\r\n\r\n\/*=========  sharing buttons  ============*\/\r\n\r\n.album_socials {\r\n    position: relative;\r\n    top: 3px;\r\n    width: 100px;\r\n    height: 28px;\r\n    margin: 0 auto;\r\n}\r\n\r\n.album_socials .rwd-share-buttons {\r\n    top: 0px !important;\r\n    width: 100% !important;\r\n    margin: 0px !important;\r\n}\r\n\r\n.album_socials a {\r\n    text-decoration: underline !important;\r\n}\r\n\r\n.gallery_images, .album_image_place {\r\n    margin-top: 15px;\r\n    margin-top: 15px;\r\n}\r\n\r\n#rwd-share-facebook:hover {\r\n    background-position: 0 -31px !important;\r\n}\r\n\r\n#rwd-share-twitter:hover {\r\n    background-position: -31px 32px !important;\r\n}\r\n\r\n#rwd-share-googleplus:hover {\r\n    background-position: -66px -31px !important;\r\n}\r\n\r\n.rwd-share-buttons li, .rwd-share-buttons li a {\r\n    width: 26px !important;\r\n    border: 0px !important;\r\n}\r\n\r\n.rwd-share-buttons {\r\n    top: 0 !important;\r\n}\r\n\r\n.img_link_btn {\r\n    position: absolute;\r\n    z-index: 99999;\r\n    bottom: 0;\r\n    left: 0;\r\n    right: 0;\r\n    width: 100%;\r\n    padding: 8px;\r\n}\r\n\r\n.rwd-title {\r\n    padding: 10px 0px !important;\r\n}\r\n\r\n@media only screen and (max-width: 475px) {\r\n    .rwd-share-buttons {\r\n        top: -25px !important;\r\n    }\r\n\r\n    .rwd-title-text {\r\n        line-height: 15px;\r\n    }\r\n}\r\n\r\n\/*=========  hover style ===========*\/\r\n\r\n#hover {\r\n    color: rgba(188, 175, 204, 0.9);\r\n}\r\n\r\nh2#testimonials {\r\n    color: #fffae3;\r\n}\r\n\r\ndiv#all {\r\n    width: 100%;\r\n    height: 100%;\r\n}\r\n\r\n.view img {\r\n    height: auto;\r\n}\r\n\r\n.view {\r\n    color: #fff;\r\n    margin: 0 10px 10px 0;\r\n    overflow: hidden;\r\n    position: relative;\r\n    text-align: center;\r\n    float: left;\r\n    cursor: default;\r\n    border: 1px solid #ccc;\r\n}\r\n\r\n.view-wrapper {\r\n    height: 100%;\r\n}\r\n\r\n.view img {\r\n    display: block;\r\n    position: relative;\r\n    transition: all 0.2s linear;\r\n    height: 100%;\r\n    width: auto;\r\n    max-width: 100%;\r\n    margin: 0 auto;\r\n}\r\n\r\n.mask-text h2 {\r\n    font-size: 20px !important;\r\n    margin-top: 20px !important;\r\n}\r\n\r\n\/* view 1 *\/\r\n\r\n.view-first .text-category, .view-first .mask-text h2, .view-first .mask-text p {\r\n    color: #fff;\r\n}\r\n\r\n\/*  view 2 *\/\r\n.view-second .text-category, .view-second .mask-text h2, .view-second p {\r\n    color: #333;\r\n}\r\n\r\n.view-second .mask-text h2 {\r\n    border-bottom: 1px solid #333;\r\n}\r\n\r\n\/* view 3*\/\r\n.view-third .mask {\r\n    background-color: #ccc;\r\n    transition: all 0.5s linear;\r\n    opacity: 0;\r\n    color: #333;\r\n}\r\n\r\n.view-third h2 {\r\n    border-bottom: 1px solid #333;\r\n    background: transparent;\r\n    margin: 20px 40px 0px 40px;\r\n    transform: scale(0);\r\n    color: #333;\r\n    transition: all 0.5s linear;\r\n    opacity: 0;\r\n}\r\n\r\n.view-third p {\r\n    color: #333;\r\n    opacity: 0;\r\n    transform: scale(0);\r\n    transition: all 0.5s linear;\r\n}\r\n\r\n.view-third .text-category {\r\n    color: #333;\r\n}\r\n\r\n\/* view 4 *\/\r\n\r\n.view-forth .mask-bg {\r\n    background: #333;\r\n    width: 100%;\r\n    height: 100%;\r\n    position: absolute;\r\n    top: 0;\r\n    left: 0;\r\n}\r\n\r\n.view-forth .mask-text {\r\n    color: #fff;\r\n    position: relative;\r\n    z-index: 500;\r\n    padding: 5px 8px;\r\n}\r\n\r\n.view-forth .mask-text h2 {\r\n    margin: 0px;\r\n    font-size: 13px;\r\n    padding: 2px;\r\n    color: #fff;\r\n}\r\n\r\n.view-forth .mask-text h2:hover {\r\n    cursor: pointer;\r\n}\r\n\r\n.view-forth .text-category {\r\n    display: block;\r\n    font-size: 15px;\r\n    color: #fff;\r\n}\r\n\r\n.view-forth p {\r\n    color: #fff;\r\n}\r\n\r\n\/* view 5 *\/\r\n.view-fifth .text-category, .view-fifth .text-category *, .view-fifth .mask-text h2, .view-fifth .mask-text p {\r\n    color: #fff;\r\n}\r\n\r\n<\/style><div id=\"mygallery_wrapper_28\" class=\"gallery-img-content clear\"\r\n     data-gallery-id=\"28\" data-content-per-page=\"5\"\r\n     data-rating-type=\"off\">\r\n    <div id=\"mygallery_28\" class=\"mygallery view-justified clear\">\r\n                <input type=\"hidden\" id=\"total\" value=\"5\"\/>\r\n                                                <a class=\"gallery_group28\" href=\"https:\/\/www.elrincondelosfamosos.com\/barbaricia\/wp-content\/uploads\/2022\/08\/g23-fuerzasarmadas-hu01.jpg\"\r\n                       title=\"\">\r\n                        <img decoding=\"async\" id=\"wd-cl-img0\"\r\n                             alt=\"\"\r\n                             src=\"https:\/\/www.elrincondelosfamosos.com\/barbaricia\/wp-content\/uploads\/2022\/08\/g23-fuerzasarmadas-hu01.jpg\"\/>\r\n                                            <\/a>\r\n                    <input type=\"hidden\" class=\"pagenum\" value=\"1\"\/>\r\n                                                                            <a class=\"gallery_group28\" href=\"https:\/\/www.elrincondelosfamosos.com\/barbaricia\/wp-content\/uploads\/2022\/08\/g23-fuerzasarmadas-hu02.jpg\"\r\n                       title=\"\">\r\n                        <img decoding=\"async\" id=\"wd-cl-img1\"\r\n                             alt=\"\"\r\n                             src=\"https:\/\/www.elrincondelosfamosos.com\/barbaricia\/wp-content\/uploads\/2022\/08\/g23-fuerzasarmadas-hu02.jpg\"\/>\r\n                                            <\/a>\r\n                    <input type=\"hidden\" class=\"pagenum\" value=\"1\"\/>\r\n                                                                            <a class=\"gallery_group28\" href=\"https:\/\/www.elrincondelosfamosos.com\/barbaricia\/wp-content\/uploads\/2022\/08\/g23-fuerzasarmadas-hu03.jpg\"\r\n                       title=\"\">\r\n                        <img decoding=\"async\" id=\"wd-cl-img2\"\r\n                             alt=\"\"\r\n                             src=\"https:\/\/www.elrincondelosfamosos.com\/barbaricia\/wp-content\/uploads\/2022\/08\/g23-fuerzasarmadas-hu03.jpg\"\/>\r\n                                            <\/a>\r\n                    <input type=\"hidden\" class=\"pagenum\" value=\"1\"\/>\r\n                                                                            <a class=\"gallery_group28\" href=\"https:\/\/www.elrincondelosfamosos.com\/barbaricia\/wp-content\/uploads\/2022\/08\/g23-fuerzasarmadas-hu04.jpg\"\r\n                       title=\"\">\r\n                        <img decoding=\"async\" id=\"wd-cl-img3\"\r\n                             alt=\"\"\r\n                             src=\"https:\/\/www.elrincondelosfamosos.com\/barbaricia\/wp-content\/uploads\/2022\/08\/g23-fuerzasarmadas-hu04.jpg\"\/>\r\n                                            <\/a>\r\n                    <input type=\"hidden\" class=\"pagenum\" value=\"1\"\/>\r\n                                                                            <a class=\"gallery_group28\" href=\"https:\/\/www.elrincondelosfamosos.com\/barbaricia\/wp-content\/uploads\/2022\/08\/g23-fuerzasarmadas-hu05.jpg\"\r\n                       title=\"\">\r\n                        <img decoding=\"async\" id=\"wd-cl-img4\"\r\n                             alt=\"\"\r\n                             src=\"https:\/\/www.elrincondelosfamosos.com\/barbaricia\/wp-content\/uploads\/2022\/08\/g23-fuerzasarmadas-hu05.jpg\"\/>\r\n                                            <\/a>\r\n                    <input type=\"hidden\" class=\"pagenum\" value=\"1\"\/>\r\n                                                                            <a class=\"gallery_group28\" href=\"https:\/\/www.elrincondelosfamosos.com\/barbaricia\/wp-content\/uploads\/2022\/08\/g23-fuerzasarmadas-hu06.jpg\"\r\n                       title=\"\">\r\n                        <img decoding=\"async\" id=\"wd-cl-img5\"\r\n                             alt=\"\"\r\n                             src=\"https:\/\/www.elrincondelosfamosos.com\/barbaricia\/wp-content\/uploads\/2022\/08\/g23-fuerzasarmadas-hu06.jpg\"\/>\r\n                                            <\/a>\r\n                    <input type=\"hidden\" class=\"pagenum\" value=\"1\"\/>\r\n                                                                            <a class=\"gallery_group28\" href=\"https:\/\/www.elrincondelosfamosos.com\/barbaricia\/wp-content\/uploads\/2022\/08\/g23-fuerzasarmadas-hu07.jpg\"\r\n                       title=\"\">\r\n                        <img decoding=\"async\" id=\"wd-cl-img6\"\r\n                             alt=\"\"\r\n                             src=\"https:\/\/www.elrincondelosfamosos.com\/barbaricia\/wp-content\/uploads\/2022\/08\/g23-fuerzasarmadas-hu07.jpg\"\/>\r\n                                            <\/a>\r\n                    <input type=\"hidden\" class=\"pagenum\" value=\"1\"\/>\r\n                                                                            <a class=\"gallery_group28\" href=\"https:\/\/www.elrincondelosfamosos.com\/barbaricia\/wp-content\/uploads\/2022\/08\/g23-fuerzasarmadas-hu08.jpg\"\r\n                       title=\"\">\r\n                        <img decoding=\"async\" id=\"wd-cl-img7\"\r\n                             alt=\"\"\r\n                             src=\"https:\/\/www.elrincondelosfamosos.com\/barbaricia\/wp-content\/uploads\/2022\/08\/g23-fuerzasarmadas-hu08.jpg\"\/>\r\n                                            <\/a>\r\n                    <input type=\"hidden\" class=\"pagenum\" value=\"1\"\/>\r\n                                                                            <a class=\"gallery_group28\" href=\"https:\/\/www.elrincondelosfamosos.com\/barbaricia\/wp-content\/uploads\/2022\/08\/g23-fuerzasarmadas-hu09.jpg\"\r\n                       title=\"\">\r\n                        <img decoding=\"async\" id=\"wd-cl-img8\"\r\n                             alt=\"\"\r\n                             src=\"https:\/\/www.elrincondelosfamosos.com\/barbaricia\/wp-content\/uploads\/2022\/08\/g23-fuerzasarmadas-hu09.jpg\"\/>\r\n                                            <\/a>\r\n                    <input type=\"hidden\" class=\"pagenum\" value=\"1\"\/>\r\n                                                                            <a class=\"gallery_group28\" href=\"https:\/\/www.elrincondelosfamosos.com\/barbaricia\/wp-content\/uploads\/2022\/08\/g23-fuerzasarmadas-hu10.jpg\"\r\n                       title=\"\">\r\n                        <img decoding=\"async\" id=\"wd-cl-img9\"\r\n                             alt=\"\"\r\n                             src=\"https:\/\/www.elrincondelosfamosos.com\/barbaricia\/wp-content\/uploads\/2022\/08\/g23-fuerzasarmadas-hu10.jpg\"\/>\r\n                                            <\/a>\r\n                    <input type=\"hidden\" class=\"pagenum\" value=\"1\"\/>\r\n                                                                            <a class=\"gallery_group28\" href=\"https:\/\/www.elrincondelosfamosos.com\/barbaricia\/wp-content\/uploads\/2022\/08\/g23-fuerzasarmadas-hu11.jpg\"\r\n                       title=\"\">\r\n                        <img decoding=\"async\" id=\"wd-cl-img10\"\r\n                             alt=\"\"\r\n                             src=\"https:\/\/www.elrincondelosfamosos.com\/barbaricia\/wp-content\/uploads\/2022\/08\/g23-fuerzasarmadas-hu11.jpg\"\/>\r\n                                            <\/a>\r\n                    <input type=\"hidden\" class=\"pagenum\" value=\"1\"\/>\r\n                                                                            <a class=\"gallery_group28\" href=\"https:\/\/www.elrincondelosfamosos.com\/barbaricia\/wp-content\/uploads\/2022\/08\/g23-fuerzasarmadas-hu12.jpg\"\r\n                       title=\"\">\r\n                        <img decoding=\"async\" id=\"wd-cl-img11\"\r\n                             alt=\"\"\r\n                             src=\"https:\/\/www.elrincondelosfamosos.com\/barbaricia\/wp-content\/uploads\/2022\/08\/g23-fuerzasarmadas-hu12.jpg\"\/>\r\n                                            <\/a>\r\n                    <input type=\"hidden\" class=\"pagenum\" value=\"1\"\/>\r\n                                                                            <a class=\"gallery_group28\" href=\"https:\/\/www.elrincondelosfamosos.com\/barbaricia\/wp-content\/uploads\/2022\/08\/g23-fuerzasarmadas-hu13.jpg\"\r\n                       title=\"\">\r\n                        <img decoding=\"async\" id=\"wd-cl-img12\"\r\n                             alt=\"\"\r\n                             src=\"https:\/\/www.elrincondelosfamosos.com\/barbaricia\/wp-content\/uploads\/2022\/08\/g23-fuerzasarmadas-hu13.jpg\"\/>\r\n                                            <\/a>\r\n                    <input type=\"hidden\" class=\"pagenum\" value=\"1\"\/>\r\n                                                                            <a class=\"gallery_group28\" href=\"https:\/\/www.elrincondelosfamosos.com\/barbaricia\/wp-content\/uploads\/2022\/08\/g23-fuerzasarmadas-hu14.jpg\"\r\n                       title=\"\">\r\n                        <img decoding=\"async\" id=\"wd-cl-img13\"\r\n                             alt=\"\"\r\n                             src=\"https:\/\/www.elrincondelosfamosos.com\/barbaricia\/wp-content\/uploads\/2022\/08\/g23-fuerzasarmadas-hu14.jpg\"\/>\r\n                                            <\/a>\r\n                    <input type=\"hidden\" class=\"pagenum\" value=\"1\"\/>\r\n                                                                            <a class=\"gallery_group28\" href=\"https:\/\/www.elrincondelosfamosos.com\/barbaricia\/wp-content\/uploads\/2022\/08\/g23-fuerzasarmadas-hu15.jpg\"\r\n                       title=\"\">\r\n                        <img decoding=\"async\" id=\"wd-cl-img14\"\r\n                             alt=\"\"\r\n                             src=\"https:\/\/www.elrincondelosfamosos.com\/barbaricia\/wp-content\/uploads\/2022\/08\/g23-fuerzasarmadas-hu15.jpg\"\/>\r\n                                            <\/a>\r\n                    <input type=\"hidden\" class=\"pagenum\" value=\"1\"\/>\r\n                                                                            <a class=\"gallery_group28\" href=\"https:\/\/www.elrincondelosfamosos.com\/barbaricia\/wp-content\/uploads\/2022\/08\/g23-fuerzasarmadas-hu16.jpg\"\r\n                       title=\"\">\r\n                        <img decoding=\"async\" id=\"wd-cl-img15\"\r\n                             alt=\"\"\r\n                             src=\"https:\/\/www.elrincondelosfamosos.com\/barbaricia\/wp-content\/uploads\/2022\/08\/g23-fuerzasarmadas-hu16.jpg\"\/>\r\n                                            <\/a>\r\n                    <input type=\"hidden\" class=\"pagenum\" value=\"1\"\/>\r\n                                                                            <a class=\"gallery_group28\" href=\"https:\/\/www.elrincondelosfamosos.com\/barbaricia\/wp-content\/uploads\/2022\/08\/g23-fuerzasarmadas-hu17.jpg\"\r\n                       title=\"\">\r\n                        <img decoding=\"async\" id=\"wd-cl-img16\"\r\n                             alt=\"\"\r\n                             src=\"https:\/\/www.elrincondelosfamosos.com\/barbaricia\/wp-content\/uploads\/2022\/08\/g23-fuerzasarmadas-hu17.jpg\"\/>\r\n                                            <\/a>\r\n                    <input type=\"hidden\" class=\"pagenum\" value=\"1\"\/>\r\n                                                                            <a class=\"gallery_group28\" href=\"https:\/\/www.elrincondelosfamosos.com\/barbaricia\/wp-content\/uploads\/2022\/08\/g23-fuerzasarmadas-hu18.jpg\"\r\n                       title=\"\">\r\n                        <img decoding=\"async\" id=\"wd-cl-img17\"\r\n                             alt=\"\"\r\n                             src=\"https:\/\/www.elrincondelosfamosos.com\/barbaricia\/wp-content\/uploads\/2022\/08\/g23-fuerzasarmadas-hu18.jpg\"\/>\r\n                                            <\/a>\r\n                    <input type=\"hidden\" class=\"pagenum\" value=\"1\"\/>\r\n                                                                            <a class=\"gallery_group28\" href=\"https:\/\/www.elrincondelosfamosos.com\/barbaricia\/wp-content\/uploads\/2022\/08\/g23-fuerzasarmadas-hu19.jpg\"\r\n                       title=\"\">\r\n                        <img decoding=\"async\" id=\"wd-cl-img18\"\r\n                             alt=\"\"\r\n                             src=\"https:\/\/www.elrincondelosfamosos.com\/barbaricia\/wp-content\/uploads\/2022\/08\/g23-fuerzasarmadas-hu19.jpg\"\/>\r\n                                            <\/a>\r\n                    <input type=\"hidden\" class=\"pagenum\" value=\"1\"\/>\r\n                                                                            <a class=\"gallery_group28\" href=\"https:\/\/www.elrincondelosfamosos.com\/barbaricia\/wp-content\/uploads\/2022\/08\/g23-fuerzasarmadas-hu20.jpg\"\r\n                       title=\"\">\r\n                        <img decoding=\"async\" id=\"wd-cl-img19\"\r\n                             alt=\"\"\r\n                             src=\"https:\/\/www.elrincondelosfamosos.com\/barbaricia\/wp-content\/uploads\/2022\/08\/g23-fuerzasarmadas-hu20.jpg\"\/>\r\n                                            <\/a>\r\n                    <input type=\"hidden\" class=\"pagenum\" value=\"1\"\/>\r\n                                                                            <a class=\"gallery_group28\" href=\"https:\/\/www.elrincondelosfamosos.com\/barbaricia\/wp-content\/uploads\/2022\/08\/g23-fuerzasarmadas-hu21.jpg\"\r\n                       title=\"\">\r\n                        <img decoding=\"async\" id=\"wd-cl-img20\"\r\n                             alt=\"\"\r\n                             src=\"https:\/\/www.elrincondelosfamosos.com\/barbaricia\/wp-content\/uploads\/2022\/08\/g23-fuerzasarmadas-hu21.jpg\"\/>\r\n                                            <\/a>\r\n                    <input type=\"hidden\" class=\"pagenum\" value=\"1\"\/>\r\n                                                                            <a class=\"gallery_group28\" href=\"https:\/\/www.elrincondelosfamosos.com\/barbaricia\/wp-content\/uploads\/2022\/08\/g23-fuerzasarmadas-hu22.jpg\"\r\n                       title=\"\">\r\n                        <img decoding=\"async\" id=\"wd-cl-img21\"\r\n                             alt=\"\"\r\n                             src=\"https:\/\/www.elrincondelosfamosos.com\/barbaricia\/wp-content\/uploads\/2022\/08\/g23-fuerzasarmadas-hu22.jpg\"\/>\r\n                                            <\/a>\r\n                    <input type=\"hidden\" class=\"pagenum\" value=\"1\"\/>\r\n                                                                            <a class=\"gallery_group28\" href=\"https:\/\/www.elrincondelosfamosos.com\/barbaricia\/wp-content\/uploads\/2022\/08\/g23-fuerzasarmadas-hu23.jpg\"\r\n                       title=\"\">\r\n                        <img decoding=\"async\" id=\"wd-cl-img22\"\r\n                             alt=\"\"\r\n                             src=\"https:\/\/www.elrincondelosfamosos.com\/barbaricia\/wp-content\/uploads\/2022\/08\/g23-fuerzasarmadas-hu23.jpg\"\/>\r\n                                            <\/a>\r\n                    <input type=\"hidden\" class=\"pagenum\" value=\"1\"\/>\r\n                                        <\/div>\r\n    <\/div>\r\n<style>\r\n.justified-gallery {\r\n    width: 100%;\r\n    position: relative;\r\n}\r\n.justified-gallery a{\r\n    border:none;\r\n}\r\n.justified-gallery > a,\r\n.justified-gallery > div {\r\n    position: absolute;\r\n    display: inline-block;\r\n    opacity: 0;\r\n    overflow:hidden;\r\n    filter: alpha(opacity=0);\r\n    \/* IE8 or Earlier *\/\r\n}\r\n.justified-gallery > a > img,\r\n.justified-gallery > div > img {\r\n    position: absolute;\r\n    top: 50%;\r\n    left: 50%;\r\n    padding: 0;\r\n}\r\n.justified-gallery > a > .caption,\r\n.justified-gallery > div > .caption {\r\n    display: none;\r\n    position: absolute;\r\n    bottom: 0;\r\n    padding: 5px;\r\n    left: 0;\r\n    right: 0;\r\n    margin: 0;\r\n    color: #3AD6FC;\r\n    font-size: 13px;\r\n    font-weight: 300;\r\n    font-family: sans-serif;\r\n\/\/margin-left: px;\r\n    background:rgba(255,28,28,0.9)  !important;\r\n    overflow: hidden;\r\n    text-overflow: ellipsis;\r\n    white-space:nowrap;\r\n}\r\n.justified-gallery > a > .caption.caption-visible,\r\n.justified-gallery > div > .caption.caption-visible {\r\n    display: initial;\r\n    filter: \"alpha(opacity=70)\";\r\n    \/* IE8 or Earlier *\/\r\n    -webkit-animation: justified-gallery-show-caption-animation 500ms 0 ease;\r\n    -moz-animation: justified-gallery-show-caption-animation 500ms 0 ease;\r\n    -ms-animation: justified-gallery-show-caption-animation 500ms 0 ease;\r\n}\r\n.justified-gallery > .entry-visible {\r\n    opacity: 1.0;\r\n    filter: alpha(opacity=100);\r\n    \/* IE8 or Earlier *\/\r\n    -webkit-animation: justified-gallery-show-entry-animation 300ms 0 ease;\r\n    -moz-animation: justified-gallery-show-entry-animation 300ms 0 ease;\r\n    -ms-animation: justified-gallery-show-entry-animation 300ms 0 ease;\r\n}\r\n.justified-gallery > .spinner {\r\n    position: absolute;\r\n    bottom: 0;\r\n    margin-left: -24px;\r\n    padding: 10px 0 10px 0;\r\n    left: 50%;\r\n    opacity: initial;\r\n    filter: initial;\r\n    overflow: initial;\r\n}\r\n.justified-gallery > .spinner > span {\r\n    display: inline-block;\r\n    opacity: 0;\r\n    filter: alpha(opacity=0);\r\n    \/* IE8 or Earlier *\/\r\n    width: 8px;\r\n    height: 8px;\r\n    margin: 0 4px 0 4px;\r\n    background-color: #000;\r\n    border-top-left-radius: 6px;\r\n    border-top-right-radius: 6px;\r\n    border-bottom-right-radius: 6px;\r\n    border-bottom-left-radius: 6px;\r\n}\r\n.play-icon {\r\n    position:absolute;\r\n    top:0;\r\n    left:0;\r\n    width:100%;\r\n    height:100%;\r\n}\r\n.load_more2 {\r\n    margin: 10px 0;\r\n    position:relative;\r\n    text-align:center;\r\n    width:100%;\r\n}\r\n.load_more_button2 {\r\n    border-radius: 10px;\r\n    display:inline-block;\r\n    padding:5px 15px;\r\n    font-size:14px !important;;\r\n    color:#FF1C1C !important;;\r\n    background:#26A6FC !important;\r\n    cursor:pointer;\r\n}\r\n.load_more_button2:hover{\r\n    color:#FF4242 !important;\r\n    background:#0FEFFF !important;\r\n}\r\n.loading2 {\r\n    display:none;\r\n}\r\n.paginate2{\r\n    font-size:18px !important;\r\n    color:#26A6FC !important;\r\n    text-align: center;\r\n    margin-top: 25px;\r\n}\r\n.paginate2 a{\r\n    border-bottom: none !important;\r\n}\r\n.icon-style2{\r\n    font-size: 18px !important;\r\n    color:#26A6FC !important;\r\n}\r\n.clear{\r\n    clear:both;\r\n}\r\n.play-icon.youtube-icon {background:url(https:\/\/www.elrincondelosfamosos.com\/barbaricia\/wp-content\/plugins\/gallery-images\/assets\/images\/admin_images\/play.youtube.png) center center no-repeat;}\r\n.play-icon.vimeo-icon {background:url(https:\/\/www.elrincondelosfamosos.com\/barbaricia\/wp-content\/plugins\/gallery-images\/assets\/images\/admin_images\/play.vimeo.png) center center no-repeat;}\r\n<\/style><\/p>\n<p>\u24b8 Fotos: TOLAGRA &amp; EL RINC\u00d3N DE LOS FAMOSOS<\/p>\n<p style=\"text-align: justify;\"><a href=\"https:\/\/www.elrincondelosfamosos.com\/barbaricia\/eventos-sobre-miniaturas-y-maniobras\/\" rel=\"noopener noreferrer\">+ eventos<\/a><\/p>\n","protected":false},"excerpt":{"rendered":"<p>Sus Majestades los Reyes presidieron el acto central conmemorativo del \u201cD\u00eda de las Fuerzas Armadas\u201d en Huesca, que cont\u00f3 con la participaci\u00f3n de militares de los tres Ej\u00e9rcitos y de la Guardia Civil. El Acto comenz\u00f3 con el izado de la Bandera Nacional, para lo cual la Bandera del Batall\u00f3n de Honores, con su escolta, ocupo su lugar en la plataforma. Un equipo de la Patrulla Acrob\u00e1tica Paracaidista del Ej\u00e9rcito del Aire (PAPEA) efectu\u00f3 un lanzamiento sobre la zona del acto, portando una bandera como la que posteriormente fue izada. Tras el izado de la Bandera a los acordes del Himno Nacional, con salvas se desarroll\u00f3 el Homenaje a los que dieron su vida por Espa\u00f1a. Los acordes de \u00abLa muerte no es el final\u00bb, precedieron la ofrenda de la Corona de Laurel de Su Majestad el Rey acompa\u00f1ado por el Jefe del Cuarto Militar. El Sobrevuelo de la Patrulla Acrob\u00e1tica \u00ab\u00c1guila\u00bb y la Descarga de fusiler\u00eda por la Escuadrilla \u00abPlus Ultra\u00bb de la Guardia Real fueron el broche emocionalmente solemne a la oraci\u00f3n y el Toque de oraci\u00f3n. El Desfile a\u00e9reo y terrestre comenz\u00f3 con la Formaci\u00f3n 1 Mando del componente A\u00e9reo y con uno de los cazas pilotado por el General Jefe del Mando Aereo General del Ej\u00e9rcito del Aire. En el desfile a\u00e9reo y terrestre participaron un total de 3037 mujeres y hombres as\u00ed como un total de 70 aeronaves, 148 veh\u00edculos y 103 caballos. La celebraci\u00f3n del \u00abD\u00eda de las Fuerzas Armadas\u00bb se remonta a 1978, cuando se estableci\u00f3 la conmemoraci\u00f3n anual de una fiesta de car\u00e1cter nacional que homenajeara a los Ej\u00e9rcitos y fomentara el conocimiento y la integraci\u00f3n entre los mismos y la sociedad. Es el d\u00eda de conocer el trabajo que los militares realizan dentro y fuera de nuestras fronteras. Su labor permanente de vigilancia y protecci\u00f3n del territorio nacional, as\u00ed como la defensa de la paz y la libertad en el mundo, en la que llevan participando m\u00e1s de 30 a\u00f1os. Galer\u00eda de fotos del D\u00eda de las Fuerzas Armadas en Huesca \u24b8 Fotos: TOLAGRA &amp; EL RINC\u00d3N DE LOS FAMOSOS + eventos<\/p>\n","protected":false},"author":2,"featured_media":6462,"parent":727,"menu_order":1,"comment_status":"closed","ping_status":"open","template":"","meta":{"_exactmetrics_skip_tracking":false,"_exactmetrics_sitenote_active":false,"_exactmetrics_sitenote_note":"","_exactmetrics_sitenote_category":0,"footnotes":""},"class_list":["post-6446","page","type-page","status-publish","has-post-thumbnail","hentry"],"yoast_head":"<!-- This site is optimized with the Yoast SEO plugin v27.5 - https:\/\/yoast.com\/product\/yoast-seo-wordpress\/ -->\n<title>D\u00eda de las Fuerzas Armadas en Huesca - Barbaricia Maquetas<\/title>\n<meta name=\"description\" content=\"Celebraci\u00f3n del D\u00eda de las Fuerzas Armadas en Huesca con presencia de Sus Majestades los Reyes y participaci\u00f3n de los 3 Ej\u00e9rcitos y la Guardia Civil.\" \/>\n<meta name=\"robots\" content=\"index, follow, max-snippet:-1, max-image-preview:large, max-video-preview:-1\" \/>\n<link rel=\"canonical\" href=\"https:\/\/www.elrincondelosfamosos.com\/barbaricia\/eventos-sobre-miniaturas-y-maniobras\/dia-fuerzas-armadas-huesca-2022\/\" \/>\n<meta property=\"og:locale\" content=\"es_ES\" \/>\n<meta property=\"og:type\" content=\"article\" \/>\n<meta property=\"og:title\" content=\"D\u00eda de las Fuerzas Armadas en Huesca\" \/>\n<meta property=\"og:description\" content=\"28\/05\/2022 Desfile por Juan XXIII y Mart\u00ednez de Velasco\" \/>\n<meta property=\"og:url\" content=\"https:\/\/www.elrincondelosfamosos.com\/barbaricia\/eventos-sobre-miniaturas-y-maniobras\/dia-fuerzas-armadas-huesca-2022\/\" \/>\n<meta property=\"og:site_name\" content=\"Barbaricia Maquetas\" \/>\n<meta property=\"article:modified_time\" content=\"2022-08-18T10:40:28+00:00\" \/>\n<meta property=\"og:image\" content=\"https:\/\/www.elrincondelosfamosos.com\/barbaricia\/wp-content\/uploads\/2022\/08\/g23-fuerzasarmadas-hu16.jpg\" \/>\n\t<meta property=\"og:image:width\" content=\"800\" \/>\n\t<meta property=\"og:image:height\" content=\"533\" \/>\n\t<meta property=\"og:image:type\" content=\"image\/jpeg\" \/>\n<meta name=\"twitter:card\" content=\"summary_large_image\" \/>\n<meta name=\"twitter:title\" content=\"D\u00eda de las Fuerzas Armadas en Huesca\" \/>\n<meta name=\"twitter:description\" content=\"28\/05\/2022 Desfile por Juan XXIII y Mart\u00ednez de Velasco\" \/>\n<meta name=\"twitter:image\" content=\"https:\/\/www.elrincondelosfamosos.com\/barbaricia\/wp-content\/uploads\/2022\/08\/g23-fuerzasarmadas-hu16.jpg\" \/>\n<meta name=\"twitter:label1\" content=\"Tiempo de lectura\" \/>\n\t<meta name=\"twitter:data1\" content=\"2 minutos\" \/>\n<script type=\"application\/ld+json\" class=\"yoast-schema-graph\">{\"@context\":\"https:\\\/\\\/schema.org\",\"@graph\":[{\"@type\":\"WebPage\",\"@id\":\"https:\\\/\\\/www.elrincondelosfamosos.com\\\/barbaricia\\\/eventos-sobre-miniaturas-y-maniobras\\\/dia-fuerzas-armadas-huesca-2022\\\/\",\"url\":\"https:\\\/\\\/www.elrincondelosfamosos.com\\\/barbaricia\\\/eventos-sobre-miniaturas-y-maniobras\\\/dia-fuerzas-armadas-huesca-2022\\\/\",\"name\":\"D\u00eda de las Fuerzas Armadas en Huesca - Barbaricia Maquetas\",\"isPartOf\":{\"@id\":\"https:\\\/\\\/www.elrincondelosfamosos.com\\\/barbaricia\\\/#website\"},\"primaryImageOfPage\":{\"@id\":\"https:\\\/\\\/www.elrincondelosfamosos.com\\\/barbaricia\\\/eventos-sobre-miniaturas-y-maniobras\\\/dia-fuerzas-armadas-huesca-2022\\\/#primaryimage\"},\"image\":{\"@id\":\"https:\\\/\\\/www.elrincondelosfamosos.com\\\/barbaricia\\\/eventos-sobre-miniaturas-y-maniobras\\\/dia-fuerzas-armadas-huesca-2022\\\/#primaryimage\"},\"thumbnailUrl\":\"https:\\\/\\\/www.elrincondelosfamosos.com\\\/barbaricia\\\/wp-content\\\/uploads\\\/2022\\\/08\\\/g23-fuerzasarmadas-hu16.jpg\",\"datePublished\":\"2022-05-28T21:17:31+00:00\",\"dateModified\":\"2022-08-18T10:40:28+00:00\",\"description\":\"Celebraci\u00f3n del D\u00eda de las Fuerzas Armadas en Huesca con presencia de Sus Majestades los Reyes y participaci\u00f3n de los 3 Ej\u00e9rcitos y la Guardia Civil.\",\"breadcrumb\":{\"@id\":\"https:\\\/\\\/www.elrincondelosfamosos.com\\\/barbaricia\\\/eventos-sobre-miniaturas-y-maniobras\\\/dia-fuerzas-armadas-huesca-2022\\\/#breadcrumb\"},\"inLanguage\":\"es\",\"potentialAction\":[{\"@type\":\"ReadAction\",\"target\":[\"https:\\\/\\\/www.elrincondelosfamosos.com\\\/barbaricia\\\/eventos-sobre-miniaturas-y-maniobras\\\/dia-fuerzas-armadas-huesca-2022\\\/\"]}]},{\"@type\":\"ImageObject\",\"inLanguage\":\"es\",\"@id\":\"https:\\\/\\\/www.elrincondelosfamosos.com\\\/barbaricia\\\/eventos-sobre-miniaturas-y-maniobras\\\/dia-fuerzas-armadas-huesca-2022\\\/#primaryimage\",\"url\":\"https:\\\/\\\/www.elrincondelosfamosos.com\\\/barbaricia\\\/wp-content\\\/uploads\\\/2022\\\/08\\\/g23-fuerzasarmadas-hu16.jpg\",\"contentUrl\":\"https:\\\/\\\/www.elrincondelosfamosos.com\\\/barbaricia\\\/wp-content\\\/uploads\\\/2022\\\/08\\\/g23-fuerzasarmadas-hu16.jpg\",\"width\":800,\"height\":533,\"caption\":\"Desfile de las Fuerzas Armadas en Huesca\"},{\"@type\":\"BreadcrumbList\",\"@id\":\"https:\\\/\\\/www.elrincondelosfamosos.com\\\/barbaricia\\\/eventos-sobre-miniaturas-y-maniobras\\\/dia-fuerzas-armadas-huesca-2022\\\/#breadcrumb\",\"itemListElement\":[{\"@type\":\"ListItem\",\"position\":1,\"name\":\"Inicio\",\"item\":\"https:\\\/\\\/www.elrincondelosfamosos.com\\\/barbaricia\\\/\"},{\"@type\":\"ListItem\",\"position\":2,\"name\":\"Eventos\",\"item\":\"https:\\\/\\\/www.elrincondelosfamosos.com\\\/barbaricia\\\/eventos-sobre-miniaturas-y-maniobras\\\/\"},{\"@type\":\"ListItem\",\"position\":3,\"name\":\"D\u00eda de las Fuerzas Armadas en Huesca\"}]},{\"@type\":\"WebSite\",\"@id\":\"https:\\\/\\\/www.elrincondelosfamosos.com\\\/barbaricia\\\/#website\",\"url\":\"https:\\\/\\\/www.elrincondelosfamosos.com\\\/barbaricia\\\/\",\"name\":\"Barbaricia Maquetas\",\"description\":\"Maquetas y miniaturas realizadas por Antonio Lasala Gracia\",\"potentialAction\":[{\"@type\":\"SearchAction\",\"target\":{\"@type\":\"EntryPoint\",\"urlTemplate\":\"https:\\\/\\\/www.elrincondelosfamosos.com\\\/barbaricia\\\/?s={search_term_string}\"},\"query-input\":{\"@type\":\"PropertyValueSpecification\",\"valueRequired\":true,\"valueName\":\"search_term_string\"}}],\"inLanguage\":\"es\"}]}<\/script>\n<!-- \/ Yoast SEO plugin. -->","yoast_head_json":{"title":"D\u00eda de las Fuerzas Armadas en Huesca - Barbaricia Maquetas","description":"Celebraci\u00f3n del D\u00eda de las Fuerzas Armadas en Huesca con presencia de Sus Majestades los Reyes y participaci\u00f3n de los 3 Ej\u00e9rcitos y la Guardia Civil.","robots":{"index":"index","follow":"follow","max-snippet":"max-snippet:-1","max-image-preview":"max-image-preview:large","max-video-preview":"max-video-preview:-1"},"canonical":"https:\/\/www.elrincondelosfamosos.com\/barbaricia\/eventos-sobre-miniaturas-y-maniobras\/dia-fuerzas-armadas-huesca-2022\/","og_locale":"es_ES","og_type":"article","og_title":"D\u00eda de las Fuerzas Armadas en Huesca","og_description":"28\/05\/2022 Desfile por Juan XXIII y Mart\u00ednez de Velasco","og_url":"https:\/\/www.elrincondelosfamosos.com\/barbaricia\/eventos-sobre-miniaturas-y-maniobras\/dia-fuerzas-armadas-huesca-2022\/","og_site_name":"Barbaricia Maquetas","article_modified_time":"2022-08-18T10:40:28+00:00","og_image":[{"width":800,"height":533,"url":"https:\/\/www.elrincondelosfamosos.com\/barbaricia\/wp-content\/uploads\/2022\/08\/g23-fuerzasarmadas-hu16.jpg","type":"image\/jpeg"}],"twitter_card":"summary_large_image","twitter_title":"D\u00eda de las Fuerzas Armadas en Huesca","twitter_description":"28\/05\/2022 Desfile por Juan XXIII y Mart\u00ednez de Velasco","twitter_image":"https:\/\/www.elrincondelosfamosos.com\/barbaricia\/wp-content\/uploads\/2022\/08\/g23-fuerzasarmadas-hu16.jpg","twitter_misc":{"Tiempo de lectura":"2 minutos"},"schema":{"@context":"https:\/\/schema.org","@graph":[{"@type":"WebPage","@id":"https:\/\/www.elrincondelosfamosos.com\/barbaricia\/eventos-sobre-miniaturas-y-maniobras\/dia-fuerzas-armadas-huesca-2022\/","url":"https:\/\/www.elrincondelosfamosos.com\/barbaricia\/eventos-sobre-miniaturas-y-maniobras\/dia-fuerzas-armadas-huesca-2022\/","name":"D\u00eda de las Fuerzas Armadas en Huesca - Barbaricia Maquetas","isPartOf":{"@id":"https:\/\/www.elrincondelosfamosos.com\/barbaricia\/#website"},"primaryImageOfPage":{"@id":"https:\/\/www.elrincondelosfamosos.com\/barbaricia\/eventos-sobre-miniaturas-y-maniobras\/dia-fuerzas-armadas-huesca-2022\/#primaryimage"},"image":{"@id":"https:\/\/www.elrincondelosfamosos.com\/barbaricia\/eventos-sobre-miniaturas-y-maniobras\/dia-fuerzas-armadas-huesca-2022\/#primaryimage"},"thumbnailUrl":"https:\/\/www.elrincondelosfamosos.com\/barbaricia\/wp-content\/uploads\/2022\/08\/g23-fuerzasarmadas-hu16.jpg","datePublished":"2022-05-28T21:17:31+00:00","dateModified":"2022-08-18T10:40:28+00:00","description":"Celebraci\u00f3n del D\u00eda de las Fuerzas Armadas en Huesca con presencia de Sus Majestades los Reyes y participaci\u00f3n de los 3 Ej\u00e9rcitos y la Guardia Civil.","breadcrumb":{"@id":"https:\/\/www.elrincondelosfamosos.com\/barbaricia\/eventos-sobre-miniaturas-y-maniobras\/dia-fuerzas-armadas-huesca-2022\/#breadcrumb"},"inLanguage":"es","potentialAction":[{"@type":"ReadAction","target":["https:\/\/www.elrincondelosfamosos.com\/barbaricia\/eventos-sobre-miniaturas-y-maniobras\/dia-fuerzas-armadas-huesca-2022\/"]}]},{"@type":"ImageObject","inLanguage":"es","@id":"https:\/\/www.elrincondelosfamosos.com\/barbaricia\/eventos-sobre-miniaturas-y-maniobras\/dia-fuerzas-armadas-huesca-2022\/#primaryimage","url":"https:\/\/www.elrincondelosfamosos.com\/barbaricia\/wp-content\/uploads\/2022\/08\/g23-fuerzasarmadas-hu16.jpg","contentUrl":"https:\/\/www.elrincondelosfamosos.com\/barbaricia\/wp-content\/uploads\/2022\/08\/g23-fuerzasarmadas-hu16.jpg","width":800,"height":533,"caption":"Desfile de las Fuerzas Armadas en Huesca"},{"@type":"BreadcrumbList","@id":"https:\/\/www.elrincondelosfamosos.com\/barbaricia\/eventos-sobre-miniaturas-y-maniobras\/dia-fuerzas-armadas-huesca-2022\/#breadcrumb","itemListElement":[{"@type":"ListItem","position":1,"name":"Inicio","item":"https:\/\/www.elrincondelosfamosos.com\/barbaricia\/"},{"@type":"ListItem","position":2,"name":"Eventos","item":"https:\/\/www.elrincondelosfamosos.com\/barbaricia\/eventos-sobre-miniaturas-y-maniobras\/"},{"@type":"ListItem","position":3,"name":"D\u00eda de las Fuerzas Armadas en Huesca"}]},{"@type":"WebSite","@id":"https:\/\/www.elrincondelosfamosos.com\/barbaricia\/#website","url":"https:\/\/www.elrincondelosfamosos.com\/barbaricia\/","name":"Barbaricia Maquetas","description":"Maquetas y miniaturas realizadas por Antonio Lasala Gracia","potentialAction":[{"@type":"SearchAction","target":{"@type":"EntryPoint","urlTemplate":"https:\/\/www.elrincondelosfamosos.com\/barbaricia\/?s={search_term_string}"},"query-input":{"@type":"PropertyValueSpecification","valueRequired":true,"valueName":"search_term_string"}}],"inLanguage":"es"}]}},"_links":{"self":[{"href":"https:\/\/www.elrincondelosfamosos.com\/barbaricia\/wp-json\/wp\/v2\/pages\/6446","targetHints":{"allow":["GET"]}}],"collection":[{"href":"https:\/\/www.elrincondelosfamosos.com\/barbaricia\/wp-json\/wp\/v2\/pages"}],"about":[{"href":"https:\/\/www.elrincondelosfamosos.com\/barbaricia\/wp-json\/wp\/v2\/types\/page"}],"author":[{"embeddable":true,"href":"https:\/\/www.elrincondelosfamosos.com\/barbaricia\/wp-json\/wp\/v2\/users\/2"}],"replies":[{"embeddable":true,"href":"https:\/\/www.elrincondelosfamosos.com\/barbaricia\/wp-json\/wp\/v2\/comments?post=6446"}],"version-history":[{"count":5,"href":"https:\/\/www.elrincondelosfamosos.com\/barbaricia\/wp-json\/wp\/v2\/pages\/6446\/revisions"}],"predecessor-version":[{"id":6512,"href":"https:\/\/www.elrincondelosfamosos.com\/barbaricia\/wp-json\/wp\/v2\/pages\/6446\/revisions\/6512"}],"up":[{"embeddable":true,"href":"https:\/\/www.elrincondelosfamosos.com\/barbaricia\/wp-json\/wp\/v2\/pages\/727"}],"wp:featuredmedia":[{"embeddable":true,"href":"https:\/\/www.elrincondelosfamosos.com\/barbaricia\/wp-json\/wp\/v2\/media\/6462"}],"wp:attachment":[{"href":"https:\/\/www.elrincondelosfamosos.com\/barbaricia\/wp-json\/wp\/v2\/media?parent=6446"}],"curies":[{"name":"wp","href":"https:\/\/api.w.org\/{rel}","templated":true}]}}