{"id":61,"date":"2015-04-29T10:31:53","date_gmt":"2015-04-29T10:31:53","guid":{"rendered":"http:\/\/localhost\/barbaricia\/?page_id=61"},"modified":"2023-03-15T22:53:08","modified_gmt":"2023-03-15T20:53:08","slug":"batalla-de-krasny-bor","status":"publish","type":"page","link":"https:\/\/www.elrincondelosfamosos.com\/barbaricia\/dioramas-y-maquetas\/batalla-de-krasny-bor\/","title":{"rendered":"Abnegados, generosos, valientes espa\u00f1oles"},"content":{"rendered":"<p><img loading=\"lazy\" decoding=\"async\" class=\"alignleft wp-image-131 size-medium\" title=\"Diorama de la batalla de Krasny Bor\" src=\"https:\/\/www.elrincondelosfamosos.com\/barbaricia\/wp-content\/uploads\/2015\/06\/krasny-0-225x300.gif\" alt=\"Diorama de la batalla de Krasny Bor\" width=\"225\" height=\"300\" \/>Con este diorama particip\u00e9 en la edici\u00f3n 2010 de los Premios\u00a0del ej\u00e9rcito y representa una estampa de la \u00ab<strong>Batalla de Krasny Bor<\/strong>\u00bb defendida por la <strong>Divisi\u00f3n Azul Espa\u00f1ola.<\/strong><\/p>\n<p>Esta divisi\u00f3n estuvo formada s\u00f3lo por soldados espa\u00f1oles e integrados en el ej\u00e9rcito alem\u00e1n. Los uniformes que vest\u00edan eran del ej\u00e9rcito alem\u00e1n, si bien, esta unidad parti\u00f3 de Espa\u00f1a con el uniforme del ej\u00e9rcito de tierra espa\u00f1ol, conservando sobre el alem\u00e1n la bandera espa\u00f1ola en el brazo derecho y en el casco, as\u00ed como otras insignias. \u00a0<strong>La Divisi\u00f3n Azul<\/strong> fue la \u00fanica divisi\u00f3n extranjera que lucho junto a los alemanes y en la que incluso los mandos eran de su propio pa\u00eds de origen. Gracias a estos voluntarios espa\u00f1oles nuestro pa\u00eds evit\u00f3 entrar en la II Guerra Mundial, algo que hubiese sumado desgracias a las ya existentes de la Guerra Civil.<\/p>\n<h2>Materiales utilizados:<\/h2>\n<p>La base del diorama est\u00e1 hecha con espuma de poliuretano y pasta de modelar \u201cDas\u201d, con la que se ha dado forma a la obra. Los obst\u00e1culos antitanque est\u00e1n montados con remaches. Las alambradas son de hilo de cobre. La trinchera est\u00e1 construida con ramas de olivo simulando rollizos de pino y abeto. Esta trinchera esta comunicada por un t\u00fanel que lleva al bunker (cortado en secci\u00f3n). Los sacos terreros est\u00e1n fabricados con pasta \u201cDas\u201d. Los \u00e1rboles son matorrales de monte a los que se ha aplicado tres capas de una mezcla a base de agua, pintura verde pino y cola, para que de este modo se conserven, luego cubiertos de nieve. La nieve se ha conseguido combinando cola blanca transparente y bicarbonato s\u00f3dico. La red de camuflaje est\u00e1 confeccionada con vendas.<\/p>\n<h2>Galer\u00eda de fotos del diorama de la Batalla de Krasny Bor<\/h2>\n<p style=\"text-align: justify;\"><style>\r\n\/*===== general options =========*\/\r\na {\r\n    box-shadow: none !important;\r\n}\r\n\r\n.view *:not(i), .album_categories *, .album_back_button *, #album_disabled_layer {\r\n    font-family: sans-serif, Arial, Verdana, Sylfaen !important;\r\n}\r\n\r\n#album_disabled_layer {\r\n    display: none;\r\n    position: absolute;\r\n    width: 100%;\r\n    height: 100%;\r\n    text-align: center;\r\n    background-color: transparent;\r\n    z-index: 10;\r\n    padding-top: 20px;\r\n    color: #fff;\r\n}\r\n\r\n#album_list_container {\r\n    position: relative;\r\n}\r\n\r\n\/* ====================== album onhover styles ==========================*\/\r\n\r\n#album_list .view {\r\n    -webkit-box-sizing: border-box;\r\n    -moz-box-sizing: border-box;\r\n    -o-box-sizing: border-box;\r\n    display: none;\r\n\r\n}\r\n\r\n.view .mask,\r\n.view .content {\r\n    width: 100%;\r\n    height: 100%;\r\n    position: absolute;\r\n    overflow: hidden;\r\n    top: 0;\r\n    left: 0;\r\n}\r\n\r\n.view h2 {\r\n    text-transform: uppercase;\r\n    color: #fff;\r\n    text-align: center;\r\n    position: relative;\r\n    font-size: 17px;\r\n    font-family: Raleway, serif;\r\n    padding: 10px;\r\n    \/*background: rgba(0, 0, 0, 0.8);*\/\r\n    margin: 20px 0 0 0;\r\n\r\n}\r\n\r\n.album_back_button a, .view a {\r\n    text-decoration: none !important;\r\n}\r\n\r\n.view p {\r\n    font-family: Merriweather, serif;\r\n    font-style: italic;\r\n    font-size: 14px;\r\n    position: relative;\r\n    color: #fff;\r\n    padding: 0px 20px 0px;\r\n    text-align: center;\r\n\r\n}\r\n\r\n.view a.info {\r\n    display: inline-block;\r\n    text-decoration: none;\r\n    font-size: 13px;\r\n    padding: 2px 14px;\r\n    margin-bottom: 3px;\r\n    background: #000;\r\n    color: #fff;\r\n    font-family: Raleway, serif;\r\n    text-transform: uppercase;\r\n    box-shadow: 0 0 1px #000\r\n}\r\n\r\n.mask-text h2 {\r\n    font-size: 20px !important;\r\n}\r\n\r\n.view a.info:hover {\r\n    box-shadow: 0 0 5px #000\r\n}\r\n\r\n.view .mask-bg {\r\n    height: 100%;\r\n}\r\n\r\n.view .album_social {\r\n    color: #fff;\r\n    position: absolute;\r\n    bottom: 3px;\r\n    left: 3px;\r\n    border: 1px solid #ffffff;\r\n    -webkit-border-radius: 3px;\r\n    -moz-border-radius: 3px;\r\n    border-radius: 3px;\r\n    padding: 3px 5px;\r\n\r\n}\r\n\r\n.view .album_social:active, .view .album_social:focus, .view .album_social:hover {\r\n    color: #ffffff;\r\n    outline: none;\r\n}\r\n\r\n\/*1*\/\r\n\r\n.view .info {\r\n    margin-top: 5px;\r\n}\r\n\r\n.view-first .mask {\r\n    opacity: 0;\r\n    background-color: rgba(0, 0, 0, 0.7);\r\n    transition: all 0.4s ease-in-out;\r\n\r\n}\r\n\r\n.view-first h2 {\r\n    transform: translateY(-100px);\r\n    opacity: 0;\r\n    font-family: Raleway, serif;\r\n    transition: all 0.2s ease-in-out;\r\n}\r\n\r\n.view-first p {\r\n    transform: translateY(100px);\r\n    opacity: 0;\r\n    transition: all 0.2s linear;\r\n}\r\n\r\n.view-first a.info {\r\n    opacity: 0;\r\n    transition: all 0.2s ease-in-out;\r\n}\r\n\r\n\/* *\/\r\n\r\n.view-first:hover img {\r\n    \/*transform: scale(1.1);*\/\r\n}\r\n\r\n.view-first:hover .mask {\r\n    opacity: 1;\r\n}\r\n\r\n.view-first:hover h2,\r\n.view-first:hover p,\r\n.view-first:hover a.info {\r\n    opacity: 1;\r\n    transform: translateY(0px);\r\n}\r\n\r\n.view-first:hover p {\r\n    transition-delay: 0.1s;\r\n}\r\n\r\n.view-first:hover a.info {\r\n    transition-delay: 0.2s;\r\n}\r\n\r\n\/*2*\/\r\n.view-second img {\r\n    -webkit-filter: grayscale(0) blur(0);\r\n    filter: grayscale(0) blur(0);\r\n    -webkit-transition: .3s ease-in-out;\r\n    transition: .3s ease-in-out;\r\n}\r\n\r\n.view-second .mask {\r\n    background-color: rgba(226, 200, 127, 0.2);\r\n    transition: all 0.5s linear;\r\n    opacity: 0;\r\n}\r\n\r\n.view-second h2 {\r\n    background: transparent;\r\n    margin: 20px 40px 0px 40px;\r\n    transform: scale(0);\r\n    color: #333;\r\n    transition: all 0.5s linear;\r\n    opacity: 0;\r\n}\r\n\r\n.view-second p {\r\n    opacity: 0;\r\n    transform: scale(0);\r\n    transition: all 0.5s linear;\r\n}\r\n\r\n.view-second a.info {\r\n    opacity: 0;\r\n    transform: scale(0);\r\n    transition: all 0.5s linear;\r\n}\r\n\r\n.view-second:hover img {\r\n    -webkit-filter: grayscale(100%) blur(3px);\r\n    filter: grayscale(100%) blur(3px);\r\n}\r\n\r\n.view-second:hover .mask {\r\n    opacity: 1;\r\n}\r\n\r\n.view-second:hover h2,\r\n.view-second:hover p,\r\n.view-second:hover a.info {\r\n    transform: scale(1);\r\n    opacity: 1;\r\n}\r\n\r\n.view-second img {\r\n    -webkit-filter: grayscale(0) blur(0);\r\n    filter: grayscale(0) blur(0);\r\n    -webkit-transition: .3s ease-in-out;\r\n    transition: .3s ease-in-out;\r\n}\r\n\r\n.view-second:hover img {\r\n    -webkit-filter: grayscale(100%) blur(3px);\r\n    filter: grayscale(100%) blur(3px);\r\n}\r\n\r\n\/*3*\/\r\n\r\n.view-third img {\r\n    transform: scaleY(1);\r\n    transition: all .7s ease-in-out;\r\n}\r\n\r\n.view-third a.info {\r\n    opacity: 0;\r\n    transform: scale(0);\r\n    transition: all 0.5s linear;\r\n}\r\n\r\n.view-third:hover img {\r\n    -webkit-transform: scale(10);\r\n    transform: scale(10);\r\n    opacity: 0;\r\n}\r\n\r\n.view-third:hover .mask {\r\n    opacity: 1;\r\n}\r\n\r\n.view-third:hover h2,\r\n.view-third:hover p,\r\n.view-third:hover a.info {\r\n    transform: scale(1);\r\n    opacity: 1;\r\n}\r\n\r\n\/* ==== view 4 ===*\/\r\n\r\n.view-forth-wrapper {\r\n    overflow: hidden;\r\n    position: relative !important;\r\n    height: 100%;\r\n    \/* cursor: pointer;*\/\r\n}\r\n\r\n.view-forth img {\r\n    max-width: 100%;\r\n    position: relative;\r\n    top: 0;\r\n    -webkit-transition: all 600ms cubic-bezier(0.645, 0.045, 0.355, 1);\r\n    transition: all 600ms cubic-bezier(0.645, 0.045, 0.355, 1);\r\n}\r\n\r\n.view-forth .mask {\r\n    position: absolute;\r\n    width: 100%;\r\n    \/*    height: 70px;*\/\r\n    \/*    bottom: -70px;*\/\r\n    height: 50%;\r\n    bottom: -50%;\r\n    -webkit-transition: all 300ms cubic-bezier(0.645, 0.045, 0.355, 1);\r\n    transition: all 300ms cubic-bezier(0.645, 0.045, 0.355, 1);\r\n    top: inherit;\r\n}\r\n\r\n.view-forth:hover .mask {\r\n    bottom: 0;\r\n}\r\n\r\n.view-forth:hover img {\r\n    top: -30px;\r\n}\r\n\r\n\/*==  view 5 ==*\/\r\n\r\n.view-fifth .view-fifth-wrapper,\r\n.view-fifth .view-fifth-wrapper img {\r\n    display: block;\r\n    position: relative;\r\n}\r\n\r\n.view-fifth .view-fifth-wrapper {\r\n    overflow: hidden;\r\n    height: 100%;\r\n}\r\n\r\n.view-fifth .view-fifth-wrapper .mask {\r\n    display: none;\r\n    position: absolute;\r\n    background: #333;\r\n    background: rgba(75, 75, 75, 0.7);\r\n    width: 100%;\r\n    height: 100%;\r\n}\r\n\r\n\/* ====================== album category styles ==========================*\/\r\n\r\n#filters {\r\n    margin: 1% 0;\r\n    padding: 0;\r\n    list-style: none;\r\n    list-style-type: none !important;\r\n\r\n}\r\n\r\n#filters li {\r\n    float: left;\r\n    list-style-type: none !important;\r\n}\r\n\r\n#filters li:first-child span {\r\n    margin-left: 0px;\r\n}\r\n\r\n#filters li span {\r\n    display: block;\r\n    text-decoration: none;\r\n    cursor: pointer;\r\n}\r\n\r\n.album_categories {\r\n    list-style-type: none;\r\n    margin: 0;\r\n    padding: 0;\r\n    overflow: hidden;\r\n    padding-top: 5px;\r\n}\r\n\r\n\/*=========  sharing buttons  ============*\/\r\n\r\n.album_socials {\r\n    position: relative;\r\n    top: 3px;\r\n    width: 100px;\r\n    height: 28px;\r\n    margin: 0 auto;\r\n}\r\n\r\n.album_socials .rwd-share-buttons {\r\n    top: 0px !important;\r\n    width: 100% !important;\r\n    margin: 0px !important;\r\n}\r\n\r\n.album_socials a {\r\n    text-decoration: underline !important;\r\n}\r\n\r\n.gallery_images, .album_image_place {\r\n    margin-top: 15px;\r\n    margin-top: 15px;\r\n}\r\n\r\n#rwd-share-facebook:hover {\r\n    background-position: 0 -31px !important;\r\n}\r\n\r\n#rwd-share-twitter:hover {\r\n    background-position: -31px 32px !important;\r\n}\r\n\r\n#rwd-share-googleplus:hover {\r\n    background-position: -66px -31px !important;\r\n}\r\n\r\n.rwd-share-buttons li, .rwd-share-buttons li a {\r\n    width: 26px !important;\r\n    border: 0px !important;\r\n}\r\n\r\n.rwd-share-buttons {\r\n    top: 0 !important;\r\n}\r\n\r\n.img_link_btn {\r\n    position: absolute;\r\n    z-index: 99999;\r\n    bottom: 0;\r\n    left: 0;\r\n    right: 0;\r\n    width: 100%;\r\n    padding: 8px;\r\n}\r\n\r\n.rwd-title {\r\n    padding: 10px 0px !important;\r\n}\r\n\r\n@media only screen and (max-width: 475px) {\r\n    .rwd-share-buttons {\r\n        top: -25px !important;\r\n    }\r\n\r\n    .rwd-title-text {\r\n        line-height: 15px;\r\n    }\r\n}\r\n\r\n\/*=========  hover style ===========*\/\r\n\r\n#hover {\r\n    color: rgba(188, 175, 204, 0.9);\r\n}\r\n\r\nh2#testimonials {\r\n    color: #fffae3;\r\n}\r\n\r\ndiv#all {\r\n    width: 100%;\r\n    height: 100%;\r\n}\r\n\r\n.view img {\r\n    height: auto;\r\n}\r\n\r\n.view {\r\n    color: #fff;\r\n    margin: 0 10px 10px 0;\r\n    overflow: hidden;\r\n    position: relative;\r\n    text-align: center;\r\n    float: left;\r\n    cursor: default;\r\n    border: 1px solid #ccc;\r\n}\r\n\r\n.view-wrapper {\r\n    height: 100%;\r\n}\r\n\r\n.view img {\r\n    display: block;\r\n    position: relative;\r\n    transition: all 0.2s linear;\r\n    height: 100%;\r\n    width: auto;\r\n    max-width: 100%;\r\n    margin: 0 auto;\r\n}\r\n\r\n.mask-text h2 {\r\n    font-size: 20px !important;\r\n    margin-top: 20px !important;\r\n}\r\n\r\n\/* view 1 *\/\r\n\r\n.view-first .text-category, .view-first .mask-text h2, .view-first .mask-text p {\r\n    color: #fff;\r\n}\r\n\r\n\/*  view 2 *\/\r\n.view-second .text-category, .view-second .mask-text h2, .view-second p {\r\n    color: #333;\r\n}\r\n\r\n.view-second .mask-text h2 {\r\n    border-bottom: 1px solid #333;\r\n}\r\n\r\n\/* view 3*\/\r\n.view-third .mask {\r\n    background-color: #ccc;\r\n    transition: all 0.5s linear;\r\n    opacity: 0;\r\n    color: #333;\r\n}\r\n\r\n.view-third h2 {\r\n    border-bottom: 1px solid #333;\r\n    background: transparent;\r\n    margin: 20px 40px 0px 40px;\r\n    transform: scale(0);\r\n    color: #333;\r\n    transition: all 0.5s linear;\r\n    opacity: 0;\r\n}\r\n\r\n.view-third p {\r\n    color: #333;\r\n    opacity: 0;\r\n    transform: scale(0);\r\n    transition: all 0.5s linear;\r\n}\r\n\r\n.view-third .text-category {\r\n    color: #333;\r\n}\r\n\r\n\/* view 4 *\/\r\n\r\n.view-forth .mask-bg {\r\n    background: #333;\r\n    width: 100%;\r\n    height: 100%;\r\n    position: absolute;\r\n    top: 0;\r\n    left: 0;\r\n}\r\n\r\n.view-forth .mask-text {\r\n    color: #fff;\r\n    position: relative;\r\n    z-index: 500;\r\n    padding: 5px 8px;\r\n}\r\n\r\n.view-forth .mask-text h2 {\r\n    margin: 0px;\r\n    font-size: 13px;\r\n    padding: 2px;\r\n    color: #fff;\r\n}\r\n\r\n.view-forth .mask-text h2:hover {\r\n    cursor: pointer;\r\n}\r\n\r\n.view-forth .text-category {\r\n    display: block;\r\n    font-size: 15px;\r\n    color: #fff;\r\n}\r\n\r\n.view-forth p {\r\n    color: #fff;\r\n}\r\n\r\n\/* view 5 *\/\r\n.view-fifth .text-category, .view-fifth .text-category *, .view-fifth .mask-text h2, .view-fifth .mask-text p {\r\n    color: #fff;\r\n}\r\n\r\n<\/style><div id=\"mygallery_wrapper_6\" class=\"gallery-img-content clear\"\r\n     data-gallery-id=\"6\" data-content-per-page=\"5\"\r\n     data-rating-type=\"off\">\r\n    <div id=\"mygallery_6\" class=\"mygallery view-justified clear\">\r\n                <input type=\"hidden\" id=\"total\" value=\"3\"\/>\r\n                                                <a class=\"gallery_group6\" href=\"http:\/\/barbaricia.elrincondelosfamosos.com\/wp-content\/uploads\/2015\/07\/g4_nieve01.jpg\"\r\n                       title=\"Diorama Abnegados, generosos, valientes espa\u00f1oles\">\r\n                        <img decoding=\"async\" id=\"wd-cl-img0\"\r\n                             alt=\"Diorama Abnegados, generosos, valientes espa\u00f1oles\"\r\n                             src=\"https:\/\/www.elrincondelosfamosos.com\/barbaricia\/wp-content\/uploads\/2015\/07\/g4_nieve01.jpg\"\/>\r\n                                            <\/a>\r\n                    <input type=\"hidden\" class=\"pagenum\" value=\"1\"\/>\r\n                                                                            <a class=\"gallery_group6\" href=\"http:\/\/barbaricia.elrincondelosfamosos.com\/wp-content\/uploads\/2015\/07\/g4_nieve02.jpg\"\r\n                       title=\"Recreaci\u00f3n de la batalla de Krasny Bor\">\r\n                        <img decoding=\"async\" id=\"wd-cl-img1\"\r\n                             alt=\"Recreaci\u00f3n de la batalla de Krasny Bor\"\r\n                             src=\"https:\/\/www.elrincondelosfamosos.com\/barbaricia\/wp-content\/uploads\/2015\/07\/g4_nieve02.jpg\"\/>\r\n                                            <\/a>\r\n                    <input type=\"hidden\" class=\"pagenum\" value=\"1\"\/>\r\n                                                                            <a class=\"gallery_group6\" href=\"http:\/\/barbaricia.elrincondelosfamosos.com\/wp-content\/uploads\/2015\/07\/g4_nieve03.jpg\"\r\n                       title=\"Alambradas en el campo de batalla\">\r\n                        <img decoding=\"async\" id=\"wd-cl-img2\"\r\n                             alt=\"Alambradas en el campo de batalla\"\r\n                             src=\"https:\/\/www.elrincondelosfamosos.com\/barbaricia\/wp-content\/uploads\/2015\/07\/g4_nieve03.jpg\"\/>\r\n                                            <\/a>\r\n                    <input type=\"hidden\" class=\"pagenum\" value=\"1\"\/>\r\n                                                                            <a class=\"gallery_group6\" href=\"http:\/\/barbaricia.elrincondelosfamosos.com\/wp-content\/uploads\/2015\/07\/g4_nieve04.jpg\"\r\n                       title=\"Puesto de ametralladora\">\r\n                        <img decoding=\"async\" id=\"wd-cl-img3\"\r\n                             alt=\"Puesto de ametralladora\"\r\n                             src=\"https:\/\/www.elrincondelosfamosos.com\/barbaricia\/wp-content\/uploads\/2015\/07\/g4_nieve04.jpg\"\/>\r\n                                            <\/a>\r\n                    <input type=\"hidden\" class=\"pagenum\" value=\"1\"\/>\r\n                                                                            <a class=\"gallery_group6\" href=\"http:\/\/barbaricia.elrincondelosfamosos.com\/wp-content\/uploads\/2015\/07\/g4_nieve05.jpg\"\r\n                       title=\"Vista a\u00e9rea de la trinchera\">\r\n                        <img decoding=\"async\" id=\"wd-cl-img4\"\r\n                             alt=\"Vista a\u00e9rea de la trinchera\"\r\n                             src=\"https:\/\/www.elrincondelosfamosos.com\/barbaricia\/wp-content\/uploads\/2015\/07\/g4_nieve05.jpg\"\/>\r\n                                            <\/a>\r\n                    <input type=\"hidden\" class=\"pagenum\" value=\"1\"\/>\r\n                                                                            <a class=\"gallery_group6\" href=\"http:\/\/barbaricia.elrincondelosfamosos.com\/wp-content\/uploads\/2015\/07\/g4_nieve06.jpg\"\r\n                       title=\"Trinchera en zig-zag\">\r\n                        <img decoding=\"async\" id=\"wd-cl-img5\"\r\n                             alt=\"Trinchera en zig-zag\"\r\n                             src=\"https:\/\/www.elrincondelosfamosos.com\/barbaricia\/wp-content\/uploads\/2015\/07\/g4_nieve06.jpg\"\/>\r\n                                            <\/a>\r\n                    <input type=\"hidden\" class=\"pagenum\" value=\"1\"\/>\r\n                                                                            <a class=\"gallery_group6\" href=\"http:\/\/barbaricia.elrincondelosfamosos.com\/wp-content\/uploads\/2015\/07\/g4_nieve07.jpg\"\r\n                       title=\"Soldados en la trinchera y entrada al b\u00fanker\">\r\n                        <img decoding=\"async\" id=\"wd-cl-img6\"\r\n                             alt=\"Soldados en la trinchera y entrada al b\u00fanker\"\r\n                             src=\"https:\/\/www.elrincondelosfamosos.com\/barbaricia\/wp-content\/uploads\/2015\/07\/g4_nieve07.jpg\"\/>\r\n                                            <\/a>\r\n                    <input type=\"hidden\" class=\"pagenum\" value=\"1\"\/>\r\n                                                                            <a class=\"gallery_group6\" href=\"http:\/\/barbaricia.elrincondelosfamosos.com\/wp-content\/uploads\/2015\/07\/g4_nieve08.jpg\"\r\n                       title=\"Soldado con una MG2\">\r\n                        <img decoding=\"async\" id=\"wd-cl-img7\"\r\n                             alt=\"Soldado con una MG2\"\r\n                             src=\"https:\/\/www.elrincondelosfamosos.com\/barbaricia\/wp-content\/uploads\/2015\/07\/g4_nieve08.jpg\"\/>\r\n                                            <\/a>\r\n                    <input type=\"hidden\" class=\"pagenum\" value=\"1\"\/>\r\n                                                                            <a class=\"gallery_group6\" href=\"http:\/\/barbaricia.elrincondelosfamosos.com\/wp-content\/uploads\/2015\/07\/g4_nieve09.jpg\"\r\n                       title=\"Soldado saliendo del b\u00fanker\">\r\n                        <img decoding=\"async\" id=\"wd-cl-img8\"\r\n                             alt=\"Soldado saliendo del b\u00fanker\"\r\n                             src=\"https:\/\/www.elrincondelosfamosos.com\/barbaricia\/wp-content\/uploads\/2015\/07\/g4_nieve09.jpg\"\/>\r\n                                            <\/a>\r\n                    <input type=\"hidden\" class=\"pagenum\" value=\"1\"\/>\r\n                                                                            <a class=\"gallery_group6\" href=\"http:\/\/barbaricia.elrincondelosfamosos.com\/wp-content\/uploads\/2015\/07\/g4_nieve10.jpg\"\r\n                       title=\"Mandos en el B\u00fanker\">\r\n                        <img decoding=\"async\" id=\"wd-cl-img9\"\r\n                             alt=\"Mandos en el B\u00fanker\"\r\n                             src=\"https:\/\/www.elrincondelosfamosos.com\/barbaricia\/wp-content\/uploads\/2015\/07\/g4_nieve10.jpg\"\/>\r\n                                            <\/a>\r\n                    <input type=\"hidden\" class=\"pagenum\" value=\"1\"\/>\r\n                                                                            <a class=\"gallery_group6\" href=\"http:\/\/barbaricia.elrincondelosfamosos.com\/wp-content\/uploads\/2015\/07\/g4_nieve11.jpg\"\r\n                       title=\"Puesto de observaci\u00f3n\">\r\n                        <img decoding=\"async\" id=\"wd-cl-img10\"\r\n                             alt=\"Puesto de observaci\u00f3n\"\r\n                             src=\"https:\/\/www.elrincondelosfamosos.com\/barbaricia\/wp-content\/uploads\/2015\/07\/g4_nieve11.jpg\"\/>\r\n                                            <\/a>\r\n                    <input type=\"hidden\" class=\"pagenum\" value=\"1\"\/>\r\n                                                                            <a class=\"gallery_group6\" href=\"http:\/\/barbaricia.elrincondelosfamosos.com\/wp-content\/uploads\/2015\/07\/g4_nieve12.jpg\"\r\n                       title=\"Panor\u00e1mica a pie del valle\">\r\n                        <img decoding=\"async\" id=\"wd-cl-img11\"\r\n                             alt=\"Panor\u00e1mica a pie del valle\"\r\n                             src=\"https:\/\/www.elrincondelosfamosos.com\/barbaricia\/wp-content\/uploads\/2015\/07\/g4_nieve12.jpg\"\/>\r\n                                            <\/a>\r\n                    <input type=\"hidden\" class=\"pagenum\" value=\"1\"\/>\r\n                                                                            <a class=\"gallery_group6\" href=\"http:\/\/barbaricia.elrincondelosfamosos.com\/wp-content\/uploads\/2015\/07\/g4_nieve13.jpg\"\r\n                       title=\"Panor\u00e1mica del bosque\">\r\n                        <img decoding=\"async\" id=\"wd-cl-img12\"\r\n                             alt=\"Panor\u00e1mica del bosque\"\r\n                             src=\"https:\/\/www.elrincondelosfamosos.com\/barbaricia\/wp-content\/uploads\/2015\/07\/g4_nieve13.jpg\"\/>\r\n                                            <\/a>\r\n                    <input type=\"hidden\" class=\"pagenum\" value=\"1\"\/>\r\n                                                                            <a class=\"gallery_group6\" href=\"http:\/\/barbaricia.elrincondelosfamosos.com\/wp-content\/uploads\/2015\/07\/g4_nieve14.jpg\"\r\n                       title=\"Puesto de mortero\">\r\n                        <img decoding=\"async\" id=\"wd-cl-img13\"\r\n                             alt=\"Puesto de mortero\"\r\n                             src=\"https:\/\/www.elrincondelosfamosos.com\/barbaricia\/wp-content\/uploads\/2015\/07\/g4_nieve14-1024x768.jpg\"\/>\r\n                                            <\/a>\r\n                    <input type=\"hidden\" class=\"pagenum\" value=\"1\"\/>\r\n                                                                            <a class=\"gallery_group6\" href=\"http:\/\/barbaricia.elrincondelosfamosos.com\/wp-content\/uploads\/2015\/07\/g4_nieve15.jpg\"\r\n                       title=\"Soldados cargando el mortero\">\r\n                        <img decoding=\"async\" id=\"wd-cl-img14\"\r\n                             alt=\"Soldados cargando el mortero\"\r\n                             src=\"https:\/\/www.elrincondelosfamosos.com\/barbaricia\/wp-content\/uploads\/2015\/07\/g4_nieve15.jpg\"\/>\r\n                                            <\/a>\r\n                    <input type=\"hidden\" class=\"pagenum\" value=\"1\"\/>\r\n                                        <\/div>\r\n    <\/div>\r\n<style>\r\n.justified-gallery {\r\n    width: 100%;\r\n    position: relative;\r\n}\r\n.justified-gallery a{\r\n    border:none;\r\n}\r\n.justified-gallery > a,\r\n.justified-gallery > div {\r\n    position: absolute;\r\n    display: inline-block;\r\n    opacity: 0;\r\n    overflow:hidden;\r\n    filter: alpha(opacity=0);\r\n    \/* IE8 or Earlier *\/\r\n}\r\n.justified-gallery > a > img,\r\n.justified-gallery > div > img {\r\n    position: absolute;\r\n    top: 50%;\r\n    left: 50%;\r\n    padding: 0;\r\n}\r\n.justified-gallery > a > .caption,\r\n.justified-gallery > div > .caption {\r\n    display: none;\r\n    position: absolute;\r\n    bottom: 0;\r\n    padding: 5px;\r\n    left: 0;\r\n    right: 0;\r\n    margin: 0;\r\n    color: #3AD6FC;\r\n    font-size: 13px;\r\n    font-weight: 300;\r\n    font-family: sans-serif;\r\n\/\/margin-left: px;\r\n    background:rgba(255,28,28,0.9)  !important;\r\n    overflow: hidden;\r\n    text-overflow: ellipsis;\r\n    white-space:nowrap;\r\n}\r\n.justified-gallery > a > .caption.caption-visible,\r\n.justified-gallery > div > .caption.caption-visible {\r\n    display: initial;\r\n    filter: \"alpha(opacity=70)\";\r\n    \/* IE8 or Earlier *\/\r\n    -webkit-animation: justified-gallery-show-caption-animation 500ms 0 ease;\r\n    -moz-animation: justified-gallery-show-caption-animation 500ms 0 ease;\r\n    -ms-animation: justified-gallery-show-caption-animation 500ms 0 ease;\r\n}\r\n.justified-gallery > .entry-visible {\r\n    opacity: 1.0;\r\n    filter: alpha(opacity=100);\r\n    \/* IE8 or Earlier *\/\r\n    -webkit-animation: justified-gallery-show-entry-animation 300ms 0 ease;\r\n    -moz-animation: justified-gallery-show-entry-animation 300ms 0 ease;\r\n    -ms-animation: justified-gallery-show-entry-animation 300ms 0 ease;\r\n}\r\n.justified-gallery > .spinner {\r\n    position: absolute;\r\n    bottom: 0;\r\n    margin-left: -24px;\r\n    padding: 10px 0 10px 0;\r\n    left: 50%;\r\n    opacity: initial;\r\n    filter: initial;\r\n    overflow: initial;\r\n}\r\n.justified-gallery > .spinner > span {\r\n    display: inline-block;\r\n    opacity: 0;\r\n    filter: alpha(opacity=0);\r\n    \/* IE8 or Earlier *\/\r\n    width: 8px;\r\n    height: 8px;\r\n    margin: 0 4px 0 4px;\r\n    background-color: #000;\r\n    border-top-left-radius: 6px;\r\n    border-top-right-radius: 6px;\r\n    border-bottom-right-radius: 6px;\r\n    border-bottom-left-radius: 6px;\r\n}\r\n.play-icon {\r\n    position:absolute;\r\n    top:0;\r\n    left:0;\r\n    width:100%;\r\n    height:100%;\r\n}\r\n.load_more2 {\r\n    margin: 10px 0;\r\n    position:relative;\r\n    text-align:center;\r\n    width:100%;\r\n}\r\n.load_more_button2 {\r\n    border-radius: 10px;\r\n    display:inline-block;\r\n    padding:5px 15px;\r\n    font-size:14px !important;;\r\n    color:#FF1C1C !important;;\r\n    background:#26A6FC !important;\r\n    cursor:pointer;\r\n}\r\n.load_more_button2:hover{\r\n    color:#FF4242 !important;\r\n    background:#0FEFFF !important;\r\n}\r\n.loading2 {\r\n    display:none;\r\n}\r\n.paginate2{\r\n    font-size:18px !important;\r\n    color:#26A6FC !important;\r\n    text-align: center;\r\n    margin-top: 25px;\r\n}\r\n.paginate2 a{\r\n    border-bottom: none !important;\r\n}\r\n.icon-style2{\r\n    font-size: 18px !important;\r\n    color:#26A6FC !important;\r\n}\r\n.clear{\r\n    clear:both;\r\n}\r\n.play-icon.youtube-icon {background:url(https:\/\/www.elrincondelosfamosos.com\/barbaricia\/wp-content\/plugins\/gallery-images\/assets\/images\/admin_images\/play.youtube.png) center center no-repeat;}\r\n.play-icon.vimeo-icon {background:url(https:\/\/www.elrincondelosfamosos.com\/barbaricia\/wp-content\/plugins\/gallery-images\/assets\/images\/admin_images\/play.vimeo.png) center center no-repeat;}\r\n<\/style><\/p>\n<p style=\"text-align: justify;\"><a href=\"https:\/\/www.elrincondelosfamosos.com\/barbaricia\/dioramas-y-maquetas\/\">+ dioramas<\/a><\/p>\n<h3>Bibliograf\u00eda:<\/h3>\n<p>El diorama est\u00e1 ambientado en la obra de <strong>Fernando Vadillo<\/strong> <a href=\"https:\/\/librohispania.com\/pages\/libdeta.php?Id=730\" target=\"_blank\" rel=\"noopener noreferrer\">\u00a0\u00abLa gran cr\u00f3nica de la Divisi\u00f3n Azul\u00bb<\/a>, en concreto en los dos libros \u00abLucharon en Krasny Bor\u00bb. El t\u00edtulo del diorama est\u00e1 basado en un comentario de <strong>Ram\u00f3n Serrano Su\u00f1er<\/strong> y que tomo como homenaje y recuerdo por los que han dado su vida por Espa\u00f1a.<\/p>\n","protected":false},"excerpt":{"rendered":"<p>Con este diorama particip\u00e9 en la edici\u00f3n 2010 de los Premios\u00a0del ej\u00e9rcito y representa una estampa de la \u00abBatalla de Krasny Bor\u00bb defendida por la Divisi\u00f3n Azul Espa\u00f1ola. Esta divisi\u00f3n estuvo formada s\u00f3lo por soldados espa\u00f1oles e integrados en el ej\u00e9rcito alem\u00e1n. Los uniformes que vest\u00edan eran del ej\u00e9rcito alem\u00e1n, si bien, esta unidad parti\u00f3 de Espa\u00f1a con el uniforme del ej\u00e9rcito de tierra espa\u00f1ol, conservando sobre el alem\u00e1n la bandera espa\u00f1ola en el brazo derecho y en el casco, as\u00ed como otras insignias. \u00a0La Divisi\u00f3n Azul fue la \u00fanica divisi\u00f3n extranjera que lucho junto a los alemanes y en la que incluso los mandos eran de su propio pa\u00eds de origen. Gracias a estos voluntarios espa\u00f1oles nuestro pa\u00eds evit\u00f3 entrar en la II Guerra Mundial, algo que hubiese sumado desgracias a las ya existentes de la Guerra Civil. Materiales utilizados: La base del diorama est\u00e1 hecha con espuma de poliuretano y pasta de modelar \u201cDas\u201d, con la que se ha dado forma a la obra. Los obst\u00e1culos antitanque est\u00e1n montados con remaches. Las alambradas son de hilo de cobre. La trinchera est\u00e1 construida con ramas de olivo simulando rollizos de pino y abeto. Esta trinchera esta comunicada por un t\u00fanel que lleva al bunker (cortado en secci\u00f3n). Los sacos terreros est\u00e1n fabricados con pasta \u201cDas\u201d. Los \u00e1rboles son matorrales de monte a los que se ha aplicado tres capas de una mezcla a base de agua, pintura verde pino y cola, para que de este modo se conserven, luego cubiertos de nieve. La nieve se ha conseguido combinando cola blanca transparente y bicarbonato s\u00f3dico. La red de camuflaje est\u00e1 confeccionada con vendas. Galer\u00eda de fotos del diorama de la Batalla de Krasny Bor + dioramas Bibliograf\u00eda: El diorama est\u00e1 ambientado en la obra de Fernando Vadillo \u00a0\u00abLa gran cr\u00f3nica de la Divisi\u00f3n Azul\u00bb, en concreto en los dos libros \u00abLucharon en Krasny Bor\u00bb. El t\u00edtulo del diorama est\u00e1 basado en un comentario de Ram\u00f3n Serrano Su\u00f1er y que tomo como homenaje y recuerdo por los que han dado su vida por Espa\u00f1a.<\/p>\n","protected":false},"author":2,"featured_media":370,"parent":725,"menu_order":3,"comment_status":"closed","ping_status":"closed","template":"","meta":{"_exactmetrics_skip_tracking":false,"_exactmetrics_sitenote_active":false,"_exactmetrics_sitenote_note":"","_exactmetrics_sitenote_category":0,"footnotes":""},"class_list":["post-61","page","type-page","status-publish","has-post-thumbnail","hentry"],"yoast_head":"<!-- This site is optimized with the Yoast SEO plugin v27.5 - https:\/\/yoast.com\/product\/yoast-seo-wordpress\/ -->\n<title>Abnegados, generosos, valientes espa\u00f1oles - Barbaricia Maquetas<\/title>\n<meta name=\"description\" content=\"Diorama de la Batalla de Krasny Bor defendida por la Divisi\u00f3n Azul destacando a nuestros soldados abnegados, generosos, valientes y espa\u00f1oles.\" \/>\n<meta name=\"robots\" content=\"index, follow, max-snippet:-1, max-image-preview:large, max-video-preview:-1\" \/>\n<link rel=\"canonical\" href=\"https:\/\/www.elrincondelosfamosos.com\/barbaricia\/dioramas-y-maquetas\/batalla-de-krasny-bor\/\" \/>\n<meta property=\"og:locale\" content=\"es_ES\" \/>\n<meta property=\"og:type\" content=\"article\" \/>\n<meta property=\"og:title\" content=\"Batalla de Krasny Bor\" \/>\n<meta property=\"og:description\" content=\"Diorama de la Batalla de Krasny Bor defendida por la Divisi\u00f3n Azul\" \/>\n<meta property=\"og:url\" content=\"https:\/\/www.elrincondelosfamosos.com\/barbaricia\/dioramas-y-maquetas\/batalla-de-krasny-bor\/\" \/>\n<meta property=\"og:site_name\" content=\"Barbaricia Maquetas\" \/>\n<meta property=\"article:modified_time\" content=\"2023-03-15T20:53:08+00:00\" \/>\n<meta property=\"og:image\" content=\"https:\/\/www.elrincondelosfamosos.com\/barbaricia\/wp-content\/uploads\/2015\/07\/g4_nieve07.jpg\" \/>\n\t<meta property=\"og:image:width\" content=\"600\" \/>\n\t<meta property=\"og:image:height\" content=\"800\" \/>\n\t<meta property=\"og:image:type\" content=\"image\/jpeg\" \/>\n<meta name=\"twitter:card\" content=\"summary_large_image\" \/>\n<meta name=\"twitter:title\" content=\"Batalla de Krasny Bor\" \/>\n<meta name=\"twitter:description\" content=\"Diorama de la Batalla de Krasny Bor defendida por la Divisi\u00f3n Azul\" \/>\n<meta name=\"twitter:image\" content=\"https:\/\/www.elrincondelosfamosos.com\/barbaricia\/wp-content\/uploads\/2015\/07\/g4_nieve07.jpg\" \/>\n<meta name=\"twitter:label1\" content=\"Tiempo de lectura\" \/>\n\t<meta name=\"twitter:data1\" content=\"2 minutos\" \/>\n<script type=\"application\/ld+json\" class=\"yoast-schema-graph\">{\"@context\":\"https:\\\/\\\/schema.org\",\"@graph\":[{\"@type\":\"WebPage\",\"@id\":\"https:\\\/\\\/www.elrincondelosfamosos.com\\\/barbaricia\\\/dioramas-y-maquetas\\\/batalla-de-krasny-bor\\\/\",\"url\":\"https:\\\/\\\/www.elrincondelosfamosos.com\\\/barbaricia\\\/dioramas-y-maquetas\\\/batalla-de-krasny-bor\\\/\",\"name\":\"Abnegados, generosos, valientes espa\u00f1oles - Barbaricia Maquetas\",\"isPartOf\":{\"@id\":\"https:\\\/\\\/www.elrincondelosfamosos.com\\\/barbaricia\\\/#website\"},\"primaryImageOfPage\":{\"@id\":\"https:\\\/\\\/www.elrincondelosfamosos.com\\\/barbaricia\\\/dioramas-y-maquetas\\\/batalla-de-krasny-bor\\\/#primaryimage\"},\"image\":{\"@id\":\"https:\\\/\\\/www.elrincondelosfamosos.com\\\/barbaricia\\\/dioramas-y-maquetas\\\/batalla-de-krasny-bor\\\/#primaryimage\"},\"thumbnailUrl\":\"https:\\\/\\\/www.elrincondelosfamosos.com\\\/barbaricia\\\/wp-content\\\/uploads\\\/2015\\\/07\\\/g4_nieve07.jpg\",\"datePublished\":\"2015-04-29T10:31:53+00:00\",\"dateModified\":\"2023-03-15T20:53:08+00:00\",\"description\":\"Diorama de la Batalla de Krasny Bor defendida por la Divisi\u00f3n Azul destacando a nuestros soldados abnegados, generosos, valientes y espa\u00f1oles.\",\"breadcrumb\":{\"@id\":\"https:\\\/\\\/www.elrincondelosfamosos.com\\\/barbaricia\\\/dioramas-y-maquetas\\\/batalla-de-krasny-bor\\\/#breadcrumb\"},\"inLanguage\":\"es\",\"potentialAction\":[{\"@type\":\"ReadAction\",\"target\":[\"https:\\\/\\\/www.elrincondelosfamosos.com\\\/barbaricia\\\/dioramas-y-maquetas\\\/batalla-de-krasny-bor\\\/\"]}]},{\"@type\":\"ImageObject\",\"inLanguage\":\"es\",\"@id\":\"https:\\\/\\\/www.elrincondelosfamosos.com\\\/barbaricia\\\/dioramas-y-maquetas\\\/batalla-de-krasny-bor\\\/#primaryimage\",\"url\":\"https:\\\/\\\/www.elrincondelosfamosos.com\\\/barbaricia\\\/wp-content\\\/uploads\\\/2015\\\/07\\\/g4_nieve07.jpg\",\"contentUrl\":\"https:\\\/\\\/www.elrincondelosfamosos.com\\\/barbaricia\\\/wp-content\\\/uploads\\\/2015\\\/07\\\/g4_nieve07.jpg\",\"width\":600,\"height\":800,\"caption\":\"Soldados en la trinchera y entrada al b\u00fanker\"},{\"@type\":\"BreadcrumbList\",\"@id\":\"https:\\\/\\\/www.elrincondelosfamosos.com\\\/barbaricia\\\/dioramas-y-maquetas\\\/batalla-de-krasny-bor\\\/#breadcrumb\",\"itemListElement\":[{\"@type\":\"ListItem\",\"position\":1,\"name\":\"Inicio\",\"item\":\"https:\\\/\\\/www.elrincondelosfamosos.com\\\/barbaricia\\\/\"},{\"@type\":\"ListItem\",\"position\":2,\"name\":\"Dioramas\",\"item\":\"https:\\\/\\\/www.elrincondelosfamosos.com\\\/barbaricia\\\/dioramas-y-maquetas\\\/\"},{\"@type\":\"ListItem\",\"position\":3,\"name\":\"Abnegados, generosos, valientes espa\u00f1oles\"}]},{\"@type\":\"WebSite\",\"@id\":\"https:\\\/\\\/www.elrincondelosfamosos.com\\\/barbaricia\\\/#website\",\"url\":\"https:\\\/\\\/www.elrincondelosfamosos.com\\\/barbaricia\\\/\",\"name\":\"Barbaricia Maquetas\",\"description\":\"Maquetas y miniaturas realizadas por Antonio Lasala Gracia\",\"potentialAction\":[{\"@type\":\"SearchAction\",\"target\":{\"@type\":\"EntryPoint\",\"urlTemplate\":\"https:\\\/\\\/www.elrincondelosfamosos.com\\\/barbaricia\\\/?s={search_term_string}\"},\"query-input\":{\"@type\":\"PropertyValueSpecification\",\"valueRequired\":true,\"valueName\":\"search_term_string\"}}],\"inLanguage\":\"es\"}]}<\/script>\n<!-- \/ Yoast SEO plugin. -->","yoast_head_json":{"title":"Abnegados, generosos, valientes espa\u00f1oles - Barbaricia Maquetas","description":"Diorama de la Batalla de Krasny Bor defendida por la Divisi\u00f3n Azul destacando a nuestros soldados abnegados, generosos, valientes y espa\u00f1oles.","robots":{"index":"index","follow":"follow","max-snippet":"max-snippet:-1","max-image-preview":"max-image-preview:large","max-video-preview":"max-video-preview:-1"},"canonical":"https:\/\/www.elrincondelosfamosos.com\/barbaricia\/dioramas-y-maquetas\/batalla-de-krasny-bor\/","og_locale":"es_ES","og_type":"article","og_title":"Batalla de Krasny Bor","og_description":"Diorama de la Batalla de Krasny Bor defendida por la Divisi\u00f3n Azul","og_url":"https:\/\/www.elrincondelosfamosos.com\/barbaricia\/dioramas-y-maquetas\/batalla-de-krasny-bor\/","og_site_name":"Barbaricia Maquetas","article_modified_time":"2023-03-15T20:53:08+00:00","og_image":[{"width":600,"height":800,"url":"https:\/\/www.elrincondelosfamosos.com\/barbaricia\/wp-content\/uploads\/2015\/07\/g4_nieve07.jpg","type":"image\/jpeg"}],"twitter_card":"summary_large_image","twitter_title":"Batalla de Krasny Bor","twitter_description":"Diorama de la Batalla de Krasny Bor defendida por la Divisi\u00f3n Azul","twitter_image":"https:\/\/www.elrincondelosfamosos.com\/barbaricia\/wp-content\/uploads\/2015\/07\/g4_nieve07.jpg","twitter_misc":{"Tiempo de lectura":"2 minutos"},"schema":{"@context":"https:\/\/schema.org","@graph":[{"@type":"WebPage","@id":"https:\/\/www.elrincondelosfamosos.com\/barbaricia\/dioramas-y-maquetas\/batalla-de-krasny-bor\/","url":"https:\/\/www.elrincondelosfamosos.com\/barbaricia\/dioramas-y-maquetas\/batalla-de-krasny-bor\/","name":"Abnegados, generosos, valientes espa\u00f1oles - Barbaricia Maquetas","isPartOf":{"@id":"https:\/\/www.elrincondelosfamosos.com\/barbaricia\/#website"},"primaryImageOfPage":{"@id":"https:\/\/www.elrincondelosfamosos.com\/barbaricia\/dioramas-y-maquetas\/batalla-de-krasny-bor\/#primaryimage"},"image":{"@id":"https:\/\/www.elrincondelosfamosos.com\/barbaricia\/dioramas-y-maquetas\/batalla-de-krasny-bor\/#primaryimage"},"thumbnailUrl":"https:\/\/www.elrincondelosfamosos.com\/barbaricia\/wp-content\/uploads\/2015\/07\/g4_nieve07.jpg","datePublished":"2015-04-29T10:31:53+00:00","dateModified":"2023-03-15T20:53:08+00:00","description":"Diorama de la Batalla de Krasny Bor defendida por la Divisi\u00f3n Azul destacando a nuestros soldados abnegados, generosos, valientes y espa\u00f1oles.","breadcrumb":{"@id":"https:\/\/www.elrincondelosfamosos.com\/barbaricia\/dioramas-y-maquetas\/batalla-de-krasny-bor\/#breadcrumb"},"inLanguage":"es","potentialAction":[{"@type":"ReadAction","target":["https:\/\/www.elrincondelosfamosos.com\/barbaricia\/dioramas-y-maquetas\/batalla-de-krasny-bor\/"]}]},{"@type":"ImageObject","inLanguage":"es","@id":"https:\/\/www.elrincondelosfamosos.com\/barbaricia\/dioramas-y-maquetas\/batalla-de-krasny-bor\/#primaryimage","url":"https:\/\/www.elrincondelosfamosos.com\/barbaricia\/wp-content\/uploads\/2015\/07\/g4_nieve07.jpg","contentUrl":"https:\/\/www.elrincondelosfamosos.com\/barbaricia\/wp-content\/uploads\/2015\/07\/g4_nieve07.jpg","width":600,"height":800,"caption":"Soldados en la trinchera y entrada al b\u00fanker"},{"@type":"BreadcrumbList","@id":"https:\/\/www.elrincondelosfamosos.com\/barbaricia\/dioramas-y-maquetas\/batalla-de-krasny-bor\/#breadcrumb","itemListElement":[{"@type":"ListItem","position":1,"name":"Inicio","item":"https:\/\/www.elrincondelosfamosos.com\/barbaricia\/"},{"@type":"ListItem","position":2,"name":"Dioramas","item":"https:\/\/www.elrincondelosfamosos.com\/barbaricia\/dioramas-y-maquetas\/"},{"@type":"ListItem","position":3,"name":"Abnegados, generosos, valientes espa\u00f1oles"}]},{"@type":"WebSite","@id":"https:\/\/www.elrincondelosfamosos.com\/barbaricia\/#website","url":"https:\/\/www.elrincondelosfamosos.com\/barbaricia\/","name":"Barbaricia Maquetas","description":"Maquetas y miniaturas realizadas por Antonio Lasala Gracia","potentialAction":[{"@type":"SearchAction","target":{"@type":"EntryPoint","urlTemplate":"https:\/\/www.elrincondelosfamosos.com\/barbaricia\/?s={search_term_string}"},"query-input":{"@type":"PropertyValueSpecification","valueRequired":true,"valueName":"search_term_string"}}],"inLanguage":"es"}]}},"_links":{"self":[{"href":"https:\/\/www.elrincondelosfamosos.com\/barbaricia\/wp-json\/wp\/v2\/pages\/61","targetHints":{"allow":["GET"]}}],"collection":[{"href":"https:\/\/www.elrincondelosfamosos.com\/barbaricia\/wp-json\/wp\/v2\/pages"}],"about":[{"href":"https:\/\/www.elrincondelosfamosos.com\/barbaricia\/wp-json\/wp\/v2\/types\/page"}],"author":[{"embeddable":true,"href":"https:\/\/www.elrincondelosfamosos.com\/barbaricia\/wp-json\/wp\/v2\/users\/2"}],"replies":[{"embeddable":true,"href":"https:\/\/www.elrincondelosfamosos.com\/barbaricia\/wp-json\/wp\/v2\/comments?post=61"}],"version-history":[{"count":16,"href":"https:\/\/www.elrincondelosfamosos.com\/barbaricia\/wp-json\/wp\/v2\/pages\/61\/revisions"}],"predecessor-version":[{"id":7423,"href":"https:\/\/www.elrincondelosfamosos.com\/barbaricia\/wp-json\/wp\/v2\/pages\/61\/revisions\/7423"}],"up":[{"embeddable":true,"href":"https:\/\/www.elrincondelosfamosos.com\/barbaricia\/wp-json\/wp\/v2\/pages\/725"}],"wp:featuredmedia":[{"embeddable":true,"href":"https:\/\/www.elrincondelosfamosos.com\/barbaricia\/wp-json\/wp\/v2\/media\/370"}],"wp:attachment":[{"href":"https:\/\/www.elrincondelosfamosos.com\/barbaricia\/wp-json\/wp\/v2\/media?parent=61"}],"curies":[{"name":"wp","href":"https:\/\/api.w.org\/{rel}","templated":true}]}}