{"id":4052,"date":"2021-04-06T15:32:45","date_gmt":"2021-04-06T13:32:45","guid":{"rendered":"https:\/\/www.elrincondelosfamosos.com\/barbaricia\/?page_id=4052"},"modified":"2023-09-11T10:25:25","modified_gmt":"2023-09-11T08:25:25","slug":"canon-german-pak-40-anti-tank-gun","status":"publish","type":"page","link":"https:\/\/www.elrincondelosfamosos.com\/barbaricia\/vehiculos\/canon-german-pak-40-anti-tank-gun\/","title":{"rendered":"Ca\u00f1\u00f3n German PaK 40 Anti-tank gun"},"content":{"rendered":"<p><img loading=\"lazy\" decoding=\"async\" class=\"alignleft wp-image-4047 size-medium\" title=\"Ca\u00f1\u00f3n Pak 40 anti-tank\" src=\"https:\/\/www.elrincondelosfamosos.com\/barbaricia\/wp-content\/uploads\/2021\/04\/g21-soldados-germanpak02-300x225.jpg\" alt=\"Ca\u00f1\u00f3n Pak 40 anti-tank\" width=\"300\" height=\"225\" srcset=\"https:\/\/www.elrincondelosfamosos.com\/barbaricia\/wp-content\/uploads\/2021\/04\/g21-soldados-germanpak02-300x225.jpg 300w, https:\/\/www.elrincondelosfamosos.com\/barbaricia\/wp-content\/uploads\/2021\/04\/g21-soldados-germanpak02-768x576.jpg 768w, https:\/\/www.elrincondelosfamosos.com\/barbaricia\/wp-content\/uploads\/2021\/04\/g21-soldados-germanpak02.jpg 800w\" sizes=\"auto, (max-width: 300px) 100vw, 300px\" \/>Lote Hat 8150 <strong>German PaK 40 Anti-tank gun<\/strong> 1:72 compuesto por 4 ca\u00f1ones y 16 soldados en 4 posiciones diferentes.<\/p>\n<p>El ca\u00f1\u00f3n contra carro de esta maqueta es el del calibre 75 mm fabricado por Rheinmetall-Borsig a partir de otros desarrollos de menor calibre entre 1933 y 1944. Pesaba casi 1500 Kg y su cadencia de tiro era de 12 a 15 disparos por minuto y su alcance efectivo era de 1000 a 2000 m seg\u00fan el tipo de munici\u00f3n. Se llegaron a fabricar unos 23.500 ca\u00f1ones.<\/p>\n<p>Para mover los ca\u00f1ones se usaban tractores de artiller\u00eda tipo semioruga Sdkfz, camiones como el Opel Blitz, o incluso cuando el terreno lo permit\u00eda usando fuerza bruta con los propios soldados debido a la escasez de medios mecanizados en muchas de las divisiones alemanas.<\/p>\n<p>Estos ca\u00f1ones fueron utilizados por la Legi\u00f3n C\u00f3ndor en la Guerra Civil Espa\u00f1ola (modelos de anteriores desarrollos de menor calibre). Espa\u00f1a adquiri\u00f3 unas 150 unidades con el Programa B\u00e4r.\u00a0 y para su remolque us\u00f3 camiones Chevrolet, Ford k y Dodge M-37.<\/p>\n<p><iframe loading=\"lazy\" title=\"YouTube video player\" src=\"https:\/\/www.youtube.com\/embed\/PR9vqJZkmJY\" width=\"1080\" height=\"607\" frameborder=\"0\" allowfullscreen=\"allowfullscreen\"><\/iframe><\/p>\n<h2>Galer\u00eda de fotos del Ca\u00f1\u00f3n German PaK 40 Anti-tank gun<\/h2>\n<p style=\"text-align: justify;\"><style>\r\n\/*===== general options =========*\/\r\na {\r\n    box-shadow: none !important;\r\n}\r\n\r\n.view *:not(i), .album_categories *, .album_back_button *, #album_disabled_layer {\r\n    font-family: sans-serif, Arial, Verdana, Sylfaen !important;\r\n}\r\n\r\n#album_disabled_layer {\r\n    display: none;\r\n    position: absolute;\r\n    width: 100%;\r\n    height: 100%;\r\n    text-align: center;\r\n    background-color: transparent;\r\n    z-index: 10;\r\n    padding-top: 20px;\r\n    color: #fff;\r\n}\r\n\r\n#album_list_container {\r\n    position: relative;\r\n}\r\n\r\n\/* ====================== album onhover styles ==========================*\/\r\n\r\n#album_list .view {\r\n    -webkit-box-sizing: border-box;\r\n    -moz-box-sizing: border-box;\r\n    -o-box-sizing: border-box;\r\n    display: none;\r\n\r\n}\r\n\r\n.view .mask,\r\n.view .content {\r\n    width: 100%;\r\n    height: 100%;\r\n    position: absolute;\r\n    overflow: hidden;\r\n    top: 0;\r\n    left: 0;\r\n}\r\n\r\n.view h2 {\r\n    text-transform: uppercase;\r\n    color: #fff;\r\n    text-align: center;\r\n    position: relative;\r\n    font-size: 17px;\r\n    font-family: Raleway, serif;\r\n    padding: 10px;\r\n    \/*background: rgba(0, 0, 0, 0.8);*\/\r\n    margin: 20px 0 0 0;\r\n\r\n}\r\n\r\n.album_back_button a, .view a {\r\n    text-decoration: none !important;\r\n}\r\n\r\n.view p {\r\n    font-family: Merriweather, serif;\r\n    font-style: italic;\r\n    font-size: 14px;\r\n    position: relative;\r\n    color: #fff;\r\n    padding: 0px 20px 0px;\r\n    text-align: center;\r\n\r\n}\r\n\r\n.view a.info {\r\n    display: inline-block;\r\n    text-decoration: none;\r\n    font-size: 13px;\r\n    padding: 2px 14px;\r\n    margin-bottom: 3px;\r\n    background: #000;\r\n    color: #fff;\r\n    font-family: Raleway, serif;\r\n    text-transform: uppercase;\r\n    box-shadow: 0 0 1px #000\r\n}\r\n\r\n.mask-text h2 {\r\n    font-size: 20px !important;\r\n}\r\n\r\n.view a.info:hover {\r\n    box-shadow: 0 0 5px #000\r\n}\r\n\r\n.view .mask-bg {\r\n    height: 100%;\r\n}\r\n\r\n.view .album_social {\r\n    color: #fff;\r\n    position: absolute;\r\n    bottom: 3px;\r\n    left: 3px;\r\n    border: 1px solid #ffffff;\r\n    -webkit-border-radius: 3px;\r\n    -moz-border-radius: 3px;\r\n    border-radius: 3px;\r\n    padding: 3px 5px;\r\n\r\n}\r\n\r\n.view .album_social:active, .view .album_social:focus, .view .album_social:hover {\r\n    color: #ffffff;\r\n    outline: none;\r\n}\r\n\r\n\/*1*\/\r\n\r\n.view .info {\r\n    margin-top: 5px;\r\n}\r\n\r\n.view-first .mask {\r\n    opacity: 0;\r\n    background-color: rgba(0, 0, 0, 0.7);\r\n    transition: all 0.4s ease-in-out;\r\n\r\n}\r\n\r\n.view-first h2 {\r\n    transform: translateY(-100px);\r\n    opacity: 0;\r\n    font-family: Raleway, serif;\r\n    transition: all 0.2s ease-in-out;\r\n}\r\n\r\n.view-first p {\r\n    transform: translateY(100px);\r\n    opacity: 0;\r\n    transition: all 0.2s linear;\r\n}\r\n\r\n.view-first a.info {\r\n    opacity: 0;\r\n    transition: all 0.2s ease-in-out;\r\n}\r\n\r\n\/* *\/\r\n\r\n.view-first:hover img {\r\n    \/*transform: scale(1.1);*\/\r\n}\r\n\r\n.view-first:hover .mask {\r\n    opacity: 1;\r\n}\r\n\r\n.view-first:hover h2,\r\n.view-first:hover p,\r\n.view-first:hover a.info {\r\n    opacity: 1;\r\n    transform: translateY(0px);\r\n}\r\n\r\n.view-first:hover p {\r\n    transition-delay: 0.1s;\r\n}\r\n\r\n.view-first:hover a.info {\r\n    transition-delay: 0.2s;\r\n}\r\n\r\n\/*2*\/\r\n.view-second img {\r\n    -webkit-filter: grayscale(0) blur(0);\r\n    filter: grayscale(0) blur(0);\r\n    -webkit-transition: .3s ease-in-out;\r\n    transition: .3s ease-in-out;\r\n}\r\n\r\n.view-second .mask {\r\n    background-color: rgba(226, 200, 127, 0.2);\r\n    transition: all 0.5s linear;\r\n    opacity: 0;\r\n}\r\n\r\n.view-second h2 {\r\n    background: transparent;\r\n    margin: 20px 40px 0px 40px;\r\n    transform: scale(0);\r\n    color: #333;\r\n    transition: all 0.5s linear;\r\n    opacity: 0;\r\n}\r\n\r\n.view-second p {\r\n    opacity: 0;\r\n    transform: scale(0);\r\n    transition: all 0.5s linear;\r\n}\r\n\r\n.view-second a.info {\r\n    opacity: 0;\r\n    transform: scale(0);\r\n    transition: all 0.5s linear;\r\n}\r\n\r\n.view-second:hover img {\r\n    -webkit-filter: grayscale(100%) blur(3px);\r\n    filter: grayscale(100%) blur(3px);\r\n}\r\n\r\n.view-second:hover .mask {\r\n    opacity: 1;\r\n}\r\n\r\n.view-second:hover h2,\r\n.view-second:hover p,\r\n.view-second:hover a.info {\r\n    transform: scale(1);\r\n    opacity: 1;\r\n}\r\n\r\n.view-second img {\r\n    -webkit-filter: grayscale(0) blur(0);\r\n    filter: grayscale(0) blur(0);\r\n    -webkit-transition: .3s ease-in-out;\r\n    transition: .3s ease-in-out;\r\n}\r\n\r\n.view-second:hover img {\r\n    -webkit-filter: grayscale(100%) blur(3px);\r\n    filter: grayscale(100%) blur(3px);\r\n}\r\n\r\n\/*3*\/\r\n\r\n.view-third img {\r\n    transform: scaleY(1);\r\n    transition: all .7s ease-in-out;\r\n}\r\n\r\n.view-third a.info {\r\n    opacity: 0;\r\n    transform: scale(0);\r\n    transition: all 0.5s linear;\r\n}\r\n\r\n.view-third:hover img {\r\n    -webkit-transform: scale(10);\r\n    transform: scale(10);\r\n    opacity: 0;\r\n}\r\n\r\n.view-third:hover .mask {\r\n    opacity: 1;\r\n}\r\n\r\n.view-third:hover h2,\r\n.view-third:hover p,\r\n.view-third:hover a.info {\r\n    transform: scale(1);\r\n    opacity: 1;\r\n}\r\n\r\n\/* ==== view 4 ===*\/\r\n\r\n.view-forth-wrapper {\r\n    overflow: hidden;\r\n    position: relative !important;\r\n    height: 100%;\r\n    \/* cursor: pointer;*\/\r\n}\r\n\r\n.view-forth img {\r\n    max-width: 100%;\r\n    position: relative;\r\n    top: 0;\r\n    -webkit-transition: all 600ms cubic-bezier(0.645, 0.045, 0.355, 1);\r\n    transition: all 600ms cubic-bezier(0.645, 0.045, 0.355, 1);\r\n}\r\n\r\n.view-forth .mask {\r\n    position: absolute;\r\n    width: 100%;\r\n    \/*    height: 70px;*\/\r\n    \/*    bottom: -70px;*\/\r\n    height: 50%;\r\n    bottom: -50%;\r\n    -webkit-transition: all 300ms cubic-bezier(0.645, 0.045, 0.355, 1);\r\n    transition: all 300ms cubic-bezier(0.645, 0.045, 0.355, 1);\r\n    top: inherit;\r\n}\r\n\r\n.view-forth:hover .mask {\r\n    bottom: 0;\r\n}\r\n\r\n.view-forth:hover img {\r\n    top: -30px;\r\n}\r\n\r\n\/*==  view 5 ==*\/\r\n\r\n.view-fifth .view-fifth-wrapper,\r\n.view-fifth .view-fifth-wrapper img {\r\n    display: block;\r\n    position: relative;\r\n}\r\n\r\n.view-fifth .view-fifth-wrapper {\r\n    overflow: hidden;\r\n    height: 100%;\r\n}\r\n\r\n.view-fifth .view-fifth-wrapper .mask {\r\n    display: none;\r\n    position: absolute;\r\n    background: #333;\r\n    background: rgba(75, 75, 75, 0.7);\r\n    width: 100%;\r\n    height: 100%;\r\n}\r\n\r\n\/* ====================== album category styles ==========================*\/\r\n\r\n#filters {\r\n    margin: 1% 0;\r\n    padding: 0;\r\n    list-style: none;\r\n    list-style-type: none !important;\r\n\r\n}\r\n\r\n#filters li {\r\n    float: left;\r\n    list-style-type: none !important;\r\n}\r\n\r\n#filters li:first-child span {\r\n    margin-left: 0px;\r\n}\r\n\r\n#filters li span {\r\n    display: block;\r\n    text-decoration: none;\r\n    cursor: pointer;\r\n}\r\n\r\n.album_categories {\r\n    list-style-type: none;\r\n    margin: 0;\r\n    padding: 0;\r\n    overflow: hidden;\r\n    padding-top: 5px;\r\n}\r\n\r\n\/*=========  sharing buttons  ============*\/\r\n\r\n.album_socials {\r\n    position: relative;\r\n    top: 3px;\r\n    width: 100px;\r\n    height: 28px;\r\n    margin: 0 auto;\r\n}\r\n\r\n.album_socials .rwd-share-buttons {\r\n    top: 0px !important;\r\n    width: 100% !important;\r\n    margin: 0px !important;\r\n}\r\n\r\n.album_socials a {\r\n    text-decoration: underline !important;\r\n}\r\n\r\n.gallery_images, .album_image_place {\r\n    margin-top: 15px;\r\n    margin-top: 15px;\r\n}\r\n\r\n#rwd-share-facebook:hover {\r\n    background-position: 0 -31px !important;\r\n}\r\n\r\n#rwd-share-twitter:hover {\r\n    background-position: -31px 32px !important;\r\n}\r\n\r\n#rwd-share-googleplus:hover {\r\n    background-position: -66px -31px !important;\r\n}\r\n\r\n.rwd-share-buttons li, .rwd-share-buttons li a {\r\n    width: 26px !important;\r\n    border: 0px !important;\r\n}\r\n\r\n.rwd-share-buttons {\r\n    top: 0 !important;\r\n}\r\n\r\n.img_link_btn {\r\n    position: absolute;\r\n    z-index: 99999;\r\n    bottom: 0;\r\n    left: 0;\r\n    right: 0;\r\n    width: 100%;\r\n    padding: 8px;\r\n}\r\n\r\n.rwd-title {\r\n    padding: 10px 0px !important;\r\n}\r\n\r\n@media only screen and (max-width: 475px) {\r\n    .rwd-share-buttons {\r\n        top: -25px !important;\r\n    }\r\n\r\n    .rwd-title-text {\r\n        line-height: 15px;\r\n    }\r\n}\r\n\r\n\/*=========  hover style ===========*\/\r\n\r\n#hover {\r\n    color: rgba(188, 175, 204, 0.9);\r\n}\r\n\r\nh2#testimonials {\r\n    color: #fffae3;\r\n}\r\n\r\ndiv#all {\r\n    width: 100%;\r\n    height: 100%;\r\n}\r\n\r\n.view img {\r\n    height: auto;\r\n}\r\n\r\n.view {\r\n    color: #fff;\r\n    margin: 0 10px 10px 0;\r\n    overflow: hidden;\r\n    position: relative;\r\n    text-align: center;\r\n    float: left;\r\n    cursor: default;\r\n    border: 1px solid #ccc;\r\n}\r\n\r\n.view-wrapper {\r\n    height: 100%;\r\n}\r\n\r\n.view img {\r\n    display: block;\r\n    position: relative;\r\n    transition: all 0.2s linear;\r\n    height: 100%;\r\n    width: auto;\r\n    max-width: 100%;\r\n    margin: 0 auto;\r\n}\r\n\r\n.mask-text h2 {\r\n    font-size: 20px !important;\r\n    margin-top: 20px !important;\r\n}\r\n\r\n\/* view 1 *\/\r\n\r\n.view-first .text-category, .view-first .mask-text h2, .view-first .mask-text p {\r\n    color: #fff;\r\n}\r\n\r\n\/*  view 2 *\/\r\n.view-second .text-category, .view-second .mask-text h2, .view-second p {\r\n    color: #333;\r\n}\r\n\r\n.view-second .mask-text h2 {\r\n    border-bottom: 1px solid #333;\r\n}\r\n\r\n\/* view 3*\/\r\n.view-third .mask {\r\n    background-color: #ccc;\r\n    transition: all 0.5s linear;\r\n    opacity: 0;\r\n    color: #333;\r\n}\r\n\r\n.view-third h2 {\r\n    border-bottom: 1px solid #333;\r\n    background: transparent;\r\n    margin: 20px 40px 0px 40px;\r\n    transform: scale(0);\r\n    color: #333;\r\n    transition: all 0.5s linear;\r\n    opacity: 0;\r\n}\r\n\r\n.view-third p {\r\n    color: #333;\r\n    opacity: 0;\r\n    transform: scale(0);\r\n    transition: all 0.5s linear;\r\n}\r\n\r\n.view-third .text-category {\r\n    color: #333;\r\n}\r\n\r\n\/* view 4 *\/\r\n\r\n.view-forth .mask-bg {\r\n    background: #333;\r\n    width: 100%;\r\n    height: 100%;\r\n    position: absolute;\r\n    top: 0;\r\n    left: 0;\r\n}\r\n\r\n.view-forth .mask-text {\r\n    color: #fff;\r\n    position: relative;\r\n    z-index: 500;\r\n    padding: 5px 8px;\r\n}\r\n\r\n.view-forth .mask-text h2 {\r\n    margin: 0px;\r\n    font-size: 13px;\r\n    padding: 2px;\r\n    color: #fff;\r\n}\r\n\r\n.view-forth .mask-text h2:hover {\r\n    cursor: pointer;\r\n}\r\n\r\n.view-forth .text-category {\r\n    display: block;\r\n    font-size: 15px;\r\n    color: #fff;\r\n}\r\n\r\n.view-forth p {\r\n    color: #fff;\r\n}\r\n\r\n\/* view 5 *\/\r\n.view-fifth .text-category, .view-fifth .text-category *, .view-fifth .mask-text h2, .view-fifth .mask-text p {\r\n    color: #fff;\r\n}\r\n\r\n<\/style><div id=\"mygallery_wrapper_26\" class=\"gallery-img-content clear\"\r\n     data-gallery-id=\"26\" data-content-per-page=\"5\"\r\n     data-rating-type=\"off\">\r\n    <div id=\"mygallery_26\" class=\"mygallery view-justified clear\">\r\n                <input type=\"hidden\" id=\"total\" value=\"2\"\/>\r\n                                                <a class=\"gallery_group26\" href=\"https:\/\/www.elrincondelosfamosos.com\/barbaricia\/wp-content\/uploads\/2021\/04\/g21-soldados-germanpak01.jpg\"\r\n                       title=\"Soldado escala 1:72 escondido tras una roca\">\r\n                        <img decoding=\"async\" id=\"wd-cl-img0\"\r\n                             alt=\"Soldado escala 1:72 escondido tras una roca\"\r\n                             src=\"https:\/\/www.elrincondelosfamosos.com\/barbaricia\/wp-content\/uploads\/2021\/04\/g21-soldados-germanpak01.jpg\"\/>\r\n                                            <\/a>\r\n                    <input type=\"hidden\" class=\"pagenum\" value=\"1\"\/>\r\n                                                                            <a class=\"gallery_group26\" href=\"https:\/\/www.elrincondelosfamosos.com\/barbaricia\/wp-content\/uploads\/2021\/04\/g21-soldados-germanpak02.jpg\"\r\n                       title=\"Ca\u00f1\u00f3n German Pak 40 Anti-tank gun preparado para disparar\">\r\n                        <img decoding=\"async\" id=\"wd-cl-img1\"\r\n                             alt=\"Ca\u00f1\u00f3n German Pak 40 Anti-tank gun preparado para disparar\"\r\n                             src=\"https:\/\/www.elrincondelosfamosos.com\/barbaricia\/wp-content\/uploads\/2021\/04\/g21-soldados-germanpak02.jpg\"\/>\r\n                                            <\/a>\r\n                    <input type=\"hidden\" class=\"pagenum\" value=\"1\"\/>\r\n                                                                            <a class=\"gallery_group26\" href=\"https:\/\/www.elrincondelosfamosos.com\/barbaricia\/wp-content\/uploads\/2021\/04\/g21-soldados-germanpak03.jpg\"\r\n                       title=\"Figuras de artilleros del ca\u00f1\u00f3n Pak 40\">\r\n                        <img decoding=\"async\" id=\"wd-cl-img2\"\r\n                             alt=\"Figuras de artilleros del ca\u00f1\u00f3n Pak 40\"\r\n                             src=\"https:\/\/www.elrincondelosfamosos.com\/barbaricia\/wp-content\/uploads\/2021\/04\/g21-soldados-germanpak03.jpg\"\/>\r\n                                            <\/a>\r\n                    <input type=\"hidden\" class=\"pagenum\" value=\"1\"\/>\r\n                                                                            <a class=\"gallery_group26\" href=\"https:\/\/www.elrincondelosfamosos.com\/barbaricia\/wp-content\/uploads\/2021\/04\/g21-soldados-germanpak04.jpg\"\r\n                       title=\"Soldados escala 1\/72 para manejo del ca\u00f1\u00f3n\">\r\n                        <img decoding=\"async\" id=\"wd-cl-img3\"\r\n                             alt=\"Soldados escala 1\/72 para manejo del ca\u00f1\u00f3n\"\r\n                             src=\"https:\/\/www.elrincondelosfamosos.com\/barbaricia\/wp-content\/uploads\/2021\/04\/g21-soldados-germanpak04.jpg\"\/>\r\n                                            <\/a>\r\n                    <input type=\"hidden\" class=\"pagenum\" value=\"1\"\/>\r\n                                                                            <a class=\"gallery_group26\" href=\"https:\/\/www.elrincondelosfamosos.com\/barbaricia\/wp-content\/uploads\/2021\/04\/g21-soldados-germanpak05.jpg\"\r\n                       title=\"Figura 1:72 Jefe de artiller\u00eda\">\r\n                        <img decoding=\"async\" id=\"wd-cl-img4\"\r\n                             alt=\"Figura 1:72 Jefe de artiller\u00eda\"\r\n                             src=\"https:\/\/www.elrincondelosfamosos.com\/barbaricia\/wp-content\/uploads\/2021\/04\/g21-soldados-germanpak05.jpg\"\/>\r\n                                            <\/a>\r\n                    <input type=\"hidden\" class=\"pagenum\" value=\"1\"\/>\r\n                                                                            <a class=\"gallery_group26\" href=\"https:\/\/www.elrincondelosfamosos.com\/barbaricia\/wp-content\/uploads\/2021\/04\/g21-soldados-germanpak06.jpg\"\r\n                       title=\"Soldado del HaT 1\/72 Set 8150 con insignia en el casco que indica que pertenece a la Divisi\u00f3n Azul\">\r\n                        <img decoding=\"async\" id=\"wd-cl-img5\"\r\n                             alt=\"Soldado del HaT 1\/72 Set 8150 con insignia en el casco que indica que pertenece a la Divisi\u00f3n Azul\"\r\n                             src=\"https:\/\/www.elrincondelosfamosos.com\/barbaricia\/wp-content\/uploads\/2021\/04\/g21-soldados-germanpak06.jpg\"\/>\r\n                                            <\/a>\r\n                    <input type=\"hidden\" class=\"pagenum\" value=\"1\"\/>\r\n                                        <\/div>\r\n    <\/div>\r\n<style>\r\n.justified-gallery {\r\n    width: 100%;\r\n    position: relative;\r\n}\r\n.justified-gallery a{\r\n    border:none;\r\n}\r\n.justified-gallery > a,\r\n.justified-gallery > div {\r\n    position: absolute;\r\n    display: inline-block;\r\n    opacity: 0;\r\n    overflow:hidden;\r\n    filter: alpha(opacity=0);\r\n    \/* IE8 or Earlier *\/\r\n}\r\n.justified-gallery > a > img,\r\n.justified-gallery > div > img {\r\n    position: absolute;\r\n    top: 50%;\r\n    left: 50%;\r\n    padding: 0;\r\n}\r\n.justified-gallery > a > .caption,\r\n.justified-gallery > div > .caption {\r\n    display: none;\r\n    position: absolute;\r\n    bottom: 0;\r\n    padding: 5px;\r\n    left: 0;\r\n    right: 0;\r\n    margin: 0;\r\n    color: #3AD6FC;\r\n    font-size: 13px;\r\n    font-weight: 300;\r\n    font-family: sans-serif;\r\n\/\/margin-left: px;\r\n    background:rgba(255,28,28,0.9)  !important;\r\n    overflow: hidden;\r\n    text-overflow: ellipsis;\r\n    white-space:nowrap;\r\n}\r\n.justified-gallery > a > .caption.caption-visible,\r\n.justified-gallery > div > .caption.caption-visible {\r\n    display: initial;\r\n    filter: \"alpha(opacity=70)\";\r\n    \/* IE8 or Earlier *\/\r\n    -webkit-animation: justified-gallery-show-caption-animation 500ms 0 ease;\r\n    -moz-animation: justified-gallery-show-caption-animation 500ms 0 ease;\r\n    -ms-animation: justified-gallery-show-caption-animation 500ms 0 ease;\r\n}\r\n.justified-gallery > .entry-visible {\r\n    opacity: 1.0;\r\n    filter: alpha(opacity=100);\r\n    \/* IE8 or Earlier *\/\r\n    -webkit-animation: justified-gallery-show-entry-animation 300ms 0 ease;\r\n    -moz-animation: justified-gallery-show-entry-animation 300ms 0 ease;\r\n    -ms-animation: justified-gallery-show-entry-animation 300ms 0 ease;\r\n}\r\n.justified-gallery > .spinner {\r\n    position: absolute;\r\n    bottom: 0;\r\n    margin-left: -24px;\r\n    padding: 10px 0 10px 0;\r\n    left: 50%;\r\n    opacity: initial;\r\n    filter: initial;\r\n    overflow: initial;\r\n}\r\n.justified-gallery > .spinner > span {\r\n    display: inline-block;\r\n    opacity: 0;\r\n    filter: alpha(opacity=0);\r\n    \/* IE8 or Earlier *\/\r\n    width: 8px;\r\n    height: 8px;\r\n    margin: 0 4px 0 4px;\r\n    background-color: #000;\r\n    border-top-left-radius: 6px;\r\n    border-top-right-radius: 6px;\r\n    border-bottom-right-radius: 6px;\r\n    border-bottom-left-radius: 6px;\r\n}\r\n.play-icon {\r\n    position:absolute;\r\n    top:0;\r\n    left:0;\r\n    width:100%;\r\n    height:100%;\r\n}\r\n.load_more2 {\r\n    margin: 10px 0;\r\n    position:relative;\r\n    text-align:center;\r\n    width:100%;\r\n}\r\n.load_more_button2 {\r\n    border-radius: 10px;\r\n    display:inline-block;\r\n    padding:5px 15px;\r\n    font-size:14px !important;;\r\n    color:#FF1C1C !important;;\r\n    background:#26A6FC !important;\r\n    cursor:pointer;\r\n}\r\n.load_more_button2:hover{\r\n    color:#FF4242 !important;\r\n    background:#0FEFFF !important;\r\n}\r\n.loading2 {\r\n    display:none;\r\n}\r\n.paginate2{\r\n    font-size:18px !important;\r\n    color:#26A6FC !important;\r\n    text-align: center;\r\n    margin-top: 25px;\r\n}\r\n.paginate2 a{\r\n    border-bottom: none !important;\r\n}\r\n.icon-style2{\r\n    font-size: 18px !important;\r\n    color:#26A6FC !important;\r\n}\r\n.clear{\r\n    clear:both;\r\n}\r\n.play-icon.youtube-icon {background:url(https:\/\/www.elrincondelosfamosos.com\/barbaricia\/wp-content\/plugins\/gallery-images\/assets\/images\/admin_images\/play.youtube.png) center center no-repeat;}\r\n.play-icon.vimeo-icon {background:url(https:\/\/www.elrincondelosfamosos.com\/barbaricia\/wp-content\/plugins\/gallery-images\/assets\/images\/admin_images\/play.vimeo.png) center center no-repeat;}\r\n<\/style><\/p>\n<p style=\"text-align: justify;\"><a href=\"https:\/\/www.elrincondelosfamosos.com\/barbaricia\/vehiculos\/\" rel=\"noopener noreferrer\">+ maquetas de veh\u00edculos y artiller\u00eda<\/a><\/p>\n<h3>Bibliograf\u00eda:<\/h3>\n<p>\u2013\u00a0<strong>WIKIPEDIA. <\/strong>7&#8217;5 cm PaK 40. Consultado en abril de 2021. <a href=\"https:\/\/es.wikipedia.org\/wiki\/7,5_cm_PaK_40\" target=\"_blank\" rel=\"noopener\">https:\/\/es.wikipedia.org<\/a><br \/>\n&#8211; <strong>EJ\u00c9RCITO DE TIERRA<\/strong>. Consultado en abril de 2021. <a href=\"https:\/\/ejercito.defensa.gob.es\/\" target=\"_blank\" rel=\"noopener\">https:\/\/ejercito.defensa.gob.es\/<\/a><br \/>\n&#8211; <strong>ESPA\u00d1OLES EN LA 2\u00aa G.M.<\/strong> Plan B\u00e4r. Adquisici\u00f3n de material alem\u00e1n. Consultado en abril de 2021. https:\/\/www.mve2gm.es\/<\/p>\n","protected":false},"excerpt":{"rendered":"<p>Lote Hat 8150 German PaK 40 Anti-tank gun 1:72 compuesto por 4 ca\u00f1ones y 16 soldados en 4 posiciones diferentes. El ca\u00f1\u00f3n contra carro de esta maqueta es el del calibre 75 mm fabricado por Rheinmetall-Borsig a partir de otros desarrollos de menor calibre entre 1933 y 1944. Pesaba casi 1500 Kg y su cadencia de tiro era de 12 a 15 disparos por minuto y su alcance efectivo era de 1000 a 2000 m seg\u00fan el tipo de munici\u00f3n. Se llegaron a fabricar unos 23.500 ca\u00f1ones. Para mover los ca\u00f1ones se usaban tractores de artiller\u00eda tipo semioruga Sdkfz, camiones como el Opel Blitz, o incluso cuando el terreno lo permit\u00eda usando fuerza bruta con los propios soldados debido a la escasez de medios mecanizados en muchas de las divisiones alemanas. Estos ca\u00f1ones fueron utilizados por la Legi\u00f3n C\u00f3ndor en la Guerra Civil Espa\u00f1ola (modelos de anteriores desarrollos de menor calibre). Espa\u00f1a adquiri\u00f3 unas 150 unidades con el Programa B\u00e4r.\u00a0 y para su remolque us\u00f3 camiones Chevrolet, Ford k y Dodge M-37. Galer\u00eda de fotos del Ca\u00f1\u00f3n German PaK 40 Anti-tank gun + maquetas de veh\u00edculos y artiller\u00eda Bibliograf\u00eda: \u2013\u00a0WIKIPEDIA. 7&#8217;5 cm PaK 40. Consultado en abril de 2021. https:\/\/es.wikipedia.org &#8211; EJ\u00c9RCITO DE TIERRA. Consultado en abril de 2021. https:\/\/ejercito.defensa.gob.es\/ &#8211; ESPA\u00d1OLES EN LA 2\u00aa G.M. Plan B\u00e4r. Adquisici\u00f3n de material alem\u00e1n. Consultado en abril de 2021. https:\/\/www.mve2gm.es\/<\/p>\n","protected":false},"author":2,"featured_media":4047,"parent":740,"menu_order":4,"comment_status":"closed","ping_status":"closed","template":"","meta":{"_exactmetrics_skip_tracking":false,"_exactmetrics_sitenote_active":false,"_exactmetrics_sitenote_note":"","_exactmetrics_sitenote_category":0,"footnotes":""},"class_list":["post-4052","page","type-page","status-publish","has-post-thumbnail","hentry"],"yoast_head":"<!-- This site is optimized with the Yoast SEO plugin v27.5 - https:\/\/yoast.com\/product\/yoast-seo-wordpress\/ -->\n<title>Ca\u00f1\u00f3n German PaK 40 Anti-tank gun - Barbaricia Maquetas<\/title>\n<meta name=\"description\" content=\"Maqueta del ca\u00f1\u00f3n German PaK 40 Anti-tank gun de 75 mm y soldados. Estos ca\u00f1ones tambi\u00e9n fueron utilizados en la Guerra Civil Espa\u00f1ola.\" \/>\n<meta name=\"robots\" content=\"index, follow, max-snippet:-1, max-image-preview:large, max-video-preview:-1\" \/>\n<link rel=\"canonical\" href=\"https:\/\/www.elrincondelosfamosos.com\/barbaricia\/vehiculos\/canon-german-pak-40-anti-tank-gun\/\" \/>\n<meta property=\"og:locale\" content=\"es_ES\" \/>\n<meta property=\"og:type\" content=\"article\" \/>\n<meta property=\"og:title\" content=\"Ca\u00f1\u00f3n German PaK 40 Anti-tank gun\" \/>\n<meta property=\"og:description\" content=\"Ca\u00f1\u00f3n alem\u00e1n de 75 mm usado en la Guerra Civil Espa\u00f1ola\" \/>\n<meta property=\"og:url\" content=\"https:\/\/www.elrincondelosfamosos.com\/barbaricia\/vehiculos\/canon-german-pak-40-anti-tank-gun\/\" \/>\n<meta property=\"og:site_name\" content=\"Barbaricia Maquetas\" \/>\n<meta property=\"article:modified_time\" content=\"2023-09-11T08:25:25+00:00\" \/>\n<meta property=\"og:image\" content=\"https:\/\/www.elrincondelosfamosos.com\/barbaricia\/wp-content\/uploads\/2021\/04\/g21-soldados-germanpak02.jpg\" \/>\n\t<meta property=\"og:image:width\" content=\"800\" \/>\n\t<meta property=\"og:image:height\" content=\"600\" \/>\n\t<meta property=\"og:image:type\" content=\"image\/jpeg\" \/>\n<meta name=\"twitter:card\" content=\"summary_large_image\" \/>\n<meta name=\"twitter:title\" content=\"Ca\u00f1\u00f3n German PaK 40 Anti-tank gun\" \/>\n<meta name=\"twitter:description\" content=\"Ca\u00f1\u00f3n alem\u00e1n de 75 mm usado en la Guerra Civil Espa\u00f1ola\" \/>\n<meta name=\"twitter:image\" content=\"https:\/\/www.elrincondelosfamosos.com\/barbaricia\/wp-content\/uploads\/2021\/04\/g21-soldados-germanpak02.jpg\" \/>\n<meta name=\"twitter:label1\" content=\"Tiempo de lectura\" \/>\n\t<meta name=\"twitter:data1\" content=\"2 minutos\" \/>\n<script type=\"application\/ld+json\" class=\"yoast-schema-graph\">{\"@context\":\"https:\\\/\\\/schema.org\",\"@graph\":[{\"@type\":\"WebPage\",\"@id\":\"https:\\\/\\\/www.elrincondelosfamosos.com\\\/barbaricia\\\/vehiculos\\\/canon-german-pak-40-anti-tank-gun\\\/\",\"url\":\"https:\\\/\\\/www.elrincondelosfamosos.com\\\/barbaricia\\\/vehiculos\\\/canon-german-pak-40-anti-tank-gun\\\/\",\"name\":\"Ca\u00f1\u00f3n German PaK 40 Anti-tank gun - Barbaricia Maquetas\",\"isPartOf\":{\"@id\":\"https:\\\/\\\/www.elrincondelosfamosos.com\\\/barbaricia\\\/#website\"},\"primaryImageOfPage\":{\"@id\":\"https:\\\/\\\/www.elrincondelosfamosos.com\\\/barbaricia\\\/vehiculos\\\/canon-german-pak-40-anti-tank-gun\\\/#primaryimage\"},\"image\":{\"@id\":\"https:\\\/\\\/www.elrincondelosfamosos.com\\\/barbaricia\\\/vehiculos\\\/canon-german-pak-40-anti-tank-gun\\\/#primaryimage\"},\"thumbnailUrl\":\"https:\\\/\\\/www.elrincondelosfamosos.com\\\/barbaricia\\\/wp-content\\\/uploads\\\/2021\\\/04\\\/g21-soldados-germanpak02.jpg\",\"datePublished\":\"2021-04-06T13:32:45+00:00\",\"dateModified\":\"2023-09-11T08:25:25+00:00\",\"description\":\"Maqueta del ca\u00f1\u00f3n German PaK 40 Anti-tank gun de 75 mm y soldados. Estos ca\u00f1ones tambi\u00e9n fueron utilizados en la Guerra Civil Espa\u00f1ola.\",\"breadcrumb\":{\"@id\":\"https:\\\/\\\/www.elrincondelosfamosos.com\\\/barbaricia\\\/vehiculos\\\/canon-german-pak-40-anti-tank-gun\\\/#breadcrumb\"},\"inLanguage\":\"es\",\"potentialAction\":[{\"@type\":\"ReadAction\",\"target\":[\"https:\\\/\\\/www.elrincondelosfamosos.com\\\/barbaricia\\\/vehiculos\\\/canon-german-pak-40-anti-tank-gun\\\/\"]}]},{\"@type\":\"ImageObject\",\"inLanguage\":\"es\",\"@id\":\"https:\\\/\\\/www.elrincondelosfamosos.com\\\/barbaricia\\\/vehiculos\\\/canon-german-pak-40-anti-tank-gun\\\/#primaryimage\",\"url\":\"https:\\\/\\\/www.elrincondelosfamosos.com\\\/barbaricia\\\/wp-content\\\/uploads\\\/2021\\\/04\\\/g21-soldados-germanpak02.jpg\",\"contentUrl\":\"https:\\\/\\\/www.elrincondelosfamosos.com\\\/barbaricia\\\/wp-content\\\/uploads\\\/2021\\\/04\\\/g21-soldados-germanpak02.jpg\",\"width\":800,\"height\":600,\"caption\":\"Ca\u00f1\u00f3n German Pak 40 Anti-tank gun preparado para disparar\"},{\"@type\":\"BreadcrumbList\",\"@id\":\"https:\\\/\\\/www.elrincondelosfamosos.com\\\/barbaricia\\\/vehiculos\\\/canon-german-pak-40-anti-tank-gun\\\/#breadcrumb\",\"itemListElement\":[{\"@type\":\"ListItem\",\"position\":1,\"name\":\"Inicio\",\"item\":\"https:\\\/\\\/www.elrincondelosfamosos.com\\\/barbaricia\\\/\"},{\"@type\":\"ListItem\",\"position\":2,\"name\":\"Veh\u00edculos y artiller\u00eda\",\"item\":\"https:\\\/\\\/www.elrincondelosfamosos.com\\\/barbaricia\\\/vehiculos\\\/\"},{\"@type\":\"ListItem\",\"position\":3,\"name\":\"Ca\u00f1\u00f3n German PaK 40 Anti-tank gun\"}]},{\"@type\":\"WebSite\",\"@id\":\"https:\\\/\\\/www.elrincondelosfamosos.com\\\/barbaricia\\\/#website\",\"url\":\"https:\\\/\\\/www.elrincondelosfamosos.com\\\/barbaricia\\\/\",\"name\":\"Barbaricia Maquetas\",\"description\":\"Maquetas y miniaturas realizadas por Antonio Lasala Gracia\",\"potentialAction\":[{\"@type\":\"SearchAction\",\"target\":{\"@type\":\"EntryPoint\",\"urlTemplate\":\"https:\\\/\\\/www.elrincondelosfamosos.com\\\/barbaricia\\\/?s={search_term_string}\"},\"query-input\":{\"@type\":\"PropertyValueSpecification\",\"valueRequired\":true,\"valueName\":\"search_term_string\"}}],\"inLanguage\":\"es\"}]}<\/script>\n<!-- \/ Yoast SEO plugin. -->","yoast_head_json":{"title":"Ca\u00f1\u00f3n German PaK 40 Anti-tank gun - Barbaricia Maquetas","description":"Maqueta del ca\u00f1\u00f3n German PaK 40 Anti-tank gun de 75 mm y soldados. Estos ca\u00f1ones tambi\u00e9n fueron utilizados en la Guerra Civil Espa\u00f1ola.","robots":{"index":"index","follow":"follow","max-snippet":"max-snippet:-1","max-image-preview":"max-image-preview:large","max-video-preview":"max-video-preview:-1"},"canonical":"https:\/\/www.elrincondelosfamosos.com\/barbaricia\/vehiculos\/canon-german-pak-40-anti-tank-gun\/","og_locale":"es_ES","og_type":"article","og_title":"Ca\u00f1\u00f3n German PaK 40 Anti-tank gun","og_description":"Ca\u00f1\u00f3n alem\u00e1n de 75 mm usado en la Guerra Civil Espa\u00f1ola","og_url":"https:\/\/www.elrincondelosfamosos.com\/barbaricia\/vehiculos\/canon-german-pak-40-anti-tank-gun\/","og_site_name":"Barbaricia Maquetas","article_modified_time":"2023-09-11T08:25:25+00:00","og_image":[{"width":800,"height":600,"url":"https:\/\/www.elrincondelosfamosos.com\/barbaricia\/wp-content\/uploads\/2021\/04\/g21-soldados-germanpak02.jpg","type":"image\/jpeg"}],"twitter_card":"summary_large_image","twitter_title":"Ca\u00f1\u00f3n German PaK 40 Anti-tank gun","twitter_description":"Ca\u00f1\u00f3n alem\u00e1n de 75 mm usado en la Guerra Civil Espa\u00f1ola","twitter_image":"https:\/\/www.elrincondelosfamosos.com\/barbaricia\/wp-content\/uploads\/2021\/04\/g21-soldados-germanpak02.jpg","twitter_misc":{"Tiempo de lectura":"2 minutos"},"schema":{"@context":"https:\/\/schema.org","@graph":[{"@type":"WebPage","@id":"https:\/\/www.elrincondelosfamosos.com\/barbaricia\/vehiculos\/canon-german-pak-40-anti-tank-gun\/","url":"https:\/\/www.elrincondelosfamosos.com\/barbaricia\/vehiculos\/canon-german-pak-40-anti-tank-gun\/","name":"Ca\u00f1\u00f3n German PaK 40 Anti-tank gun - Barbaricia Maquetas","isPartOf":{"@id":"https:\/\/www.elrincondelosfamosos.com\/barbaricia\/#website"},"primaryImageOfPage":{"@id":"https:\/\/www.elrincondelosfamosos.com\/barbaricia\/vehiculos\/canon-german-pak-40-anti-tank-gun\/#primaryimage"},"image":{"@id":"https:\/\/www.elrincondelosfamosos.com\/barbaricia\/vehiculos\/canon-german-pak-40-anti-tank-gun\/#primaryimage"},"thumbnailUrl":"https:\/\/www.elrincondelosfamosos.com\/barbaricia\/wp-content\/uploads\/2021\/04\/g21-soldados-germanpak02.jpg","datePublished":"2021-04-06T13:32:45+00:00","dateModified":"2023-09-11T08:25:25+00:00","description":"Maqueta del ca\u00f1\u00f3n German PaK 40 Anti-tank gun de 75 mm y soldados. Estos ca\u00f1ones tambi\u00e9n fueron utilizados en la Guerra Civil Espa\u00f1ola.","breadcrumb":{"@id":"https:\/\/www.elrincondelosfamosos.com\/barbaricia\/vehiculos\/canon-german-pak-40-anti-tank-gun\/#breadcrumb"},"inLanguage":"es","potentialAction":[{"@type":"ReadAction","target":["https:\/\/www.elrincondelosfamosos.com\/barbaricia\/vehiculos\/canon-german-pak-40-anti-tank-gun\/"]}]},{"@type":"ImageObject","inLanguage":"es","@id":"https:\/\/www.elrincondelosfamosos.com\/barbaricia\/vehiculos\/canon-german-pak-40-anti-tank-gun\/#primaryimage","url":"https:\/\/www.elrincondelosfamosos.com\/barbaricia\/wp-content\/uploads\/2021\/04\/g21-soldados-germanpak02.jpg","contentUrl":"https:\/\/www.elrincondelosfamosos.com\/barbaricia\/wp-content\/uploads\/2021\/04\/g21-soldados-germanpak02.jpg","width":800,"height":600,"caption":"Ca\u00f1\u00f3n German Pak 40 Anti-tank gun preparado para disparar"},{"@type":"BreadcrumbList","@id":"https:\/\/www.elrincondelosfamosos.com\/barbaricia\/vehiculos\/canon-german-pak-40-anti-tank-gun\/#breadcrumb","itemListElement":[{"@type":"ListItem","position":1,"name":"Inicio","item":"https:\/\/www.elrincondelosfamosos.com\/barbaricia\/"},{"@type":"ListItem","position":2,"name":"Veh\u00edculos y artiller\u00eda","item":"https:\/\/www.elrincondelosfamosos.com\/barbaricia\/vehiculos\/"},{"@type":"ListItem","position":3,"name":"Ca\u00f1\u00f3n German PaK 40 Anti-tank gun"}]},{"@type":"WebSite","@id":"https:\/\/www.elrincondelosfamosos.com\/barbaricia\/#website","url":"https:\/\/www.elrincondelosfamosos.com\/barbaricia\/","name":"Barbaricia Maquetas","description":"Maquetas y miniaturas realizadas por Antonio Lasala Gracia","potentialAction":[{"@type":"SearchAction","target":{"@type":"EntryPoint","urlTemplate":"https:\/\/www.elrincondelosfamosos.com\/barbaricia\/?s={search_term_string}"},"query-input":{"@type":"PropertyValueSpecification","valueRequired":true,"valueName":"search_term_string"}}],"inLanguage":"es"}]}},"_links":{"self":[{"href":"https:\/\/www.elrincondelosfamosos.com\/barbaricia\/wp-json\/wp\/v2\/pages\/4052","targetHints":{"allow":["GET"]}}],"collection":[{"href":"https:\/\/www.elrincondelosfamosos.com\/barbaricia\/wp-json\/wp\/v2\/pages"}],"about":[{"href":"https:\/\/www.elrincondelosfamosos.com\/barbaricia\/wp-json\/wp\/v2\/types\/page"}],"author":[{"embeddable":true,"href":"https:\/\/www.elrincondelosfamosos.com\/barbaricia\/wp-json\/wp\/v2\/users\/2"}],"replies":[{"embeddable":true,"href":"https:\/\/www.elrincondelosfamosos.com\/barbaricia\/wp-json\/wp\/v2\/comments?post=4052"}],"version-history":[{"count":8,"href":"https:\/\/www.elrincondelosfamosos.com\/barbaricia\/wp-json\/wp\/v2\/pages\/4052\/revisions"}],"predecessor-version":[{"id":7436,"href":"https:\/\/www.elrincondelosfamosos.com\/barbaricia\/wp-json\/wp\/v2\/pages\/4052\/revisions\/7436"}],"up":[{"embeddable":true,"href":"https:\/\/www.elrincondelosfamosos.com\/barbaricia\/wp-json\/wp\/v2\/pages\/740"}],"wp:featuredmedia":[{"embeddable":true,"href":"https:\/\/www.elrincondelosfamosos.com\/barbaricia\/wp-json\/wp\/v2\/media\/4047"}],"wp:attachment":[{"href":"https:\/\/www.elrincondelosfamosos.com\/barbaricia\/wp-json\/wp\/v2\/media?parent=4052"}],"curies":[{"name":"wp","href":"https:\/\/api.w.org\/{rel}","templated":true}]}}