{"id":2841,"date":"2020-02-25T17:51:28","date_gmt":"2020-02-25T15:51:28","guid":{"rendered":"https:\/\/www.elrincondelosfamosos.com\/barbaricia\/?page_id=2841"},"modified":"2023-03-15T23:00:14","modified_gmt":"2023-03-15T21:00:14","slug":"junkers-ju-52","status":"publish","type":"page","link":"https:\/\/www.elrincondelosfamosos.com\/barbaricia\/fuerza-aerea\/junkers-ju-52\/","title":{"rendered":"Junkers Ju 52"},"content":{"rendered":"<p><img loading=\"lazy\" decoding=\"async\" class=\"alignleft wp-image-2840 size-medium\" title=\"Junkers Ju 52\" src=\"https:\/\/www.elrincondelosfamosos.com\/barbaricia\/wp-content\/uploads\/2020\/02\/junkers52_21-300x225.jpg\" alt=\"Junkers Ju 52\" width=\"300\" height=\"225\" srcset=\"https:\/\/www.elrincondelosfamosos.com\/barbaricia\/wp-content\/uploads\/2020\/02\/junkers52_21-300x225.jpg 300w, https:\/\/www.elrincondelosfamosos.com\/barbaricia\/wp-content\/uploads\/2020\/02\/junkers52_21-768x576.jpg 768w, https:\/\/www.elrincondelosfamosos.com\/barbaricia\/wp-content\/uploads\/2020\/02\/junkers52_21.jpg 800w\" sizes=\"auto, (max-width: 300px) 100vw, 300px\" \/> Apodado en Alemania Tante Ju (T\u00eda Ju) el <strong>Junkers Ju 52<\/strong> fue un avi\u00f3n de transporte alem\u00e1n que ocasionalmente se us\u00f3 como bombardero. El primer Ju-52\/1m vol\u00f3 en octubre de 1930 y el Ju-52\/3m trimotor lo hizo en abril de 1931.<\/p>\n<p>Pod\u00eda transportar de 15 a 17 personas, y retirando los asientos su capacidad de carga era de hasta 12 camillas. La versi\u00f3n trimotor (que fue la que se fabric\u00f3 en masa) pod\u00eda transportar 6 bombas de 100 kg y estaba defendida por 2 ametralladoras MG-15 de 7,92 mm. Durante la Segunda Guerra Mundial este avi\u00f3n fue la columna vertebral de la Luftwaffe, ya que era s\u00f3lido, robusto, de simple dise\u00f1o, y adem\u00e1s de noble, seguro, aunque con el handicap de la lentitud, por lo que dej\u00f3 de usarse como bombardero y se destin\u00f3 a avi\u00f3n de transporte.<\/p>\n<p>Justo detr\u00e1s de las alas, en el lado izquierdo, ten\u00eda una puerta por la que se acced\u00eda a la cabina y una vez en vuelo se pod\u00eda abrir y utilizarse tanto para el salto en paraca\u00eddas como para el lanzamiento de material.<\/p>\n<p>Este modelo adquiri\u00f3 protagonismo al estallar la Guerra Civil Espa\u00f1ola, ya que los nacionales requisaron un aparato de Lufthansa en Las Palmas de Gran Canaria que despu\u00e9s utilizaron para volar a Alemania en busca de ayuda militar para los nacionales.<\/p>\n<p>Se puede decir que el Junkers Ju 52 hizo el primer puente a\u00e9reo de la historia, transportando cerca de 14.000 hombres y 500 t de material desde el Protectorado Espa\u00f1ol en Marruecos a la pen\u00ednsula en una operaci\u00f3n que dur\u00f3 4 meses.<\/p>\n<h2>Decadencia del Junkers Ju 52<\/h2>\n<p>Al final de la Segunda Guerra Mundial, de los 4835 Junkers fabricados tan solo quedaron 50 aviones operativos. Ya en 1942, Espa\u00f1a adquiri\u00f3 la licencia de fabricaci\u00f3n y CASA construy\u00f3 170 aviones para el Ejercito del Aire que se llamaron <strong><a href=\"http:\/\/museodelaire.online\/ultimo-vuelo-de-un-casa-252-del-ejercito-del-aire\/\" target=\"_blank\" rel=\"noopener noreferrer\">CASA 352<\/a><\/strong>. Entre los a\u00f1os 1957 y 1958 Espa\u00f1a lo us\u00f3 en la Guerra del Ifni, siendo de gran valor para las Banderas Paracaidistas que pod\u00edan llegar a cualquier punto de la zona\u00a0 e incluso lanzar suministros en zonas sitiadas.<\/p>\n<p>En 1978 Espa\u00f1a los dio de baja definitivamente.<\/p>\n<p><iframe loading=\"lazy\" title=\"YouTube video player\" src=\"https:\/\/www.youtube.com\/embed\/tV41GmKwh8c\" width=\"1080\" height=\"607\" frameborder=\"0\" allowfullscreen=\"allowfullscreen\"><\/iframe><\/p>\n<h2>Galer\u00eda de fotos de la maqueta del avi\u00f3n Junkers Ju 52<\/h2>\n<p style=\"text-align: justify;\"><style>\r\n\/*===== general options =========*\/\r\na {\r\n    box-shadow: none !important;\r\n}\r\n\r\n.view *:not(i), .album_categories *, .album_back_button *, #album_disabled_layer {\r\n    font-family: sans-serif, Arial, Verdana, Sylfaen !important;\r\n}\r\n\r\n#album_disabled_layer {\r\n    display: none;\r\n    position: absolute;\r\n    width: 100%;\r\n    height: 100%;\r\n    text-align: center;\r\n    background-color: transparent;\r\n    z-index: 10;\r\n    padding-top: 20px;\r\n    color: #fff;\r\n}\r\n\r\n#album_list_container {\r\n    position: relative;\r\n}\r\n\r\n\/* ====================== album onhover styles ==========================*\/\r\n\r\n#album_list .view {\r\n    -webkit-box-sizing: border-box;\r\n    -moz-box-sizing: border-box;\r\n    -o-box-sizing: border-box;\r\n    display: none;\r\n\r\n}\r\n\r\n.view .mask,\r\n.view .content {\r\n    width: 100%;\r\n    height: 100%;\r\n    position: absolute;\r\n    overflow: hidden;\r\n    top: 0;\r\n    left: 0;\r\n}\r\n\r\n.view h2 {\r\n    text-transform: uppercase;\r\n    color: #fff;\r\n    text-align: center;\r\n    position: relative;\r\n    font-size: 17px;\r\n    font-family: Raleway, serif;\r\n    padding: 10px;\r\n    \/*background: rgba(0, 0, 0, 0.8);*\/\r\n    margin: 20px 0 0 0;\r\n\r\n}\r\n\r\n.album_back_button a, .view a {\r\n    text-decoration: none !important;\r\n}\r\n\r\n.view p {\r\n    font-family: Merriweather, serif;\r\n    font-style: italic;\r\n    font-size: 14px;\r\n    position: relative;\r\n    color: #fff;\r\n    padding: 0px 20px 0px;\r\n    text-align: center;\r\n\r\n}\r\n\r\n.view a.info {\r\n    display: inline-block;\r\n    text-decoration: none;\r\n    font-size: 13px;\r\n    padding: 2px 14px;\r\n    margin-bottom: 3px;\r\n    background: #000;\r\n    color: #fff;\r\n    font-family: Raleway, serif;\r\n    text-transform: uppercase;\r\n    box-shadow: 0 0 1px #000\r\n}\r\n\r\n.mask-text h2 {\r\n    font-size: 20px !important;\r\n}\r\n\r\n.view a.info:hover {\r\n    box-shadow: 0 0 5px #000\r\n}\r\n\r\n.view .mask-bg {\r\n    height: 100%;\r\n}\r\n\r\n.view .album_social {\r\n    color: #fff;\r\n    position: absolute;\r\n    bottom: 3px;\r\n    left: 3px;\r\n    border: 1px solid #ffffff;\r\n    -webkit-border-radius: 3px;\r\n    -moz-border-radius: 3px;\r\n    border-radius: 3px;\r\n    padding: 3px 5px;\r\n\r\n}\r\n\r\n.view .album_social:active, .view .album_social:focus, .view .album_social:hover {\r\n    color: #ffffff;\r\n    outline: none;\r\n}\r\n\r\n\/*1*\/\r\n\r\n.view .info {\r\n    margin-top: 5px;\r\n}\r\n\r\n.view-first .mask {\r\n    opacity: 0;\r\n    background-color: rgba(0, 0, 0, 0.7);\r\n    transition: all 0.4s ease-in-out;\r\n\r\n}\r\n\r\n.view-first h2 {\r\n    transform: translateY(-100px);\r\n    opacity: 0;\r\n    font-family: Raleway, serif;\r\n    transition: all 0.2s ease-in-out;\r\n}\r\n\r\n.view-first p {\r\n    transform: translateY(100px);\r\n    opacity: 0;\r\n    transition: all 0.2s linear;\r\n}\r\n\r\n.view-first a.info {\r\n    opacity: 0;\r\n    transition: all 0.2s ease-in-out;\r\n}\r\n\r\n\/* *\/\r\n\r\n.view-first:hover img {\r\n    \/*transform: scale(1.1);*\/\r\n}\r\n\r\n.view-first:hover .mask {\r\n    opacity: 1;\r\n}\r\n\r\n.view-first:hover h2,\r\n.view-first:hover p,\r\n.view-first:hover a.info {\r\n    opacity: 1;\r\n    transform: translateY(0px);\r\n}\r\n\r\n.view-first:hover p {\r\n    transition-delay: 0.1s;\r\n}\r\n\r\n.view-first:hover a.info {\r\n    transition-delay: 0.2s;\r\n}\r\n\r\n\/*2*\/\r\n.view-second img {\r\n    -webkit-filter: grayscale(0) blur(0);\r\n    filter: grayscale(0) blur(0);\r\n    -webkit-transition: .3s ease-in-out;\r\n    transition: .3s ease-in-out;\r\n}\r\n\r\n.view-second .mask {\r\n    background-color: rgba(226, 200, 127, 0.2);\r\n    transition: all 0.5s linear;\r\n    opacity: 0;\r\n}\r\n\r\n.view-second h2 {\r\n    background: transparent;\r\n    margin: 20px 40px 0px 40px;\r\n    transform: scale(0);\r\n    color: #333;\r\n    transition: all 0.5s linear;\r\n    opacity: 0;\r\n}\r\n\r\n.view-second p {\r\n    opacity: 0;\r\n    transform: scale(0);\r\n    transition: all 0.5s linear;\r\n}\r\n\r\n.view-second a.info {\r\n    opacity: 0;\r\n    transform: scale(0);\r\n    transition: all 0.5s linear;\r\n}\r\n\r\n.view-second:hover img {\r\n    -webkit-filter: grayscale(100%) blur(3px);\r\n    filter: grayscale(100%) blur(3px);\r\n}\r\n\r\n.view-second:hover .mask {\r\n    opacity: 1;\r\n}\r\n\r\n.view-second:hover h2,\r\n.view-second:hover p,\r\n.view-second:hover a.info {\r\n    transform: scale(1);\r\n    opacity: 1;\r\n}\r\n\r\n.view-second img {\r\n    -webkit-filter: grayscale(0) blur(0);\r\n    filter: grayscale(0) blur(0);\r\n    -webkit-transition: .3s ease-in-out;\r\n    transition: .3s ease-in-out;\r\n}\r\n\r\n.view-second:hover img {\r\n    -webkit-filter: grayscale(100%) blur(3px);\r\n    filter: grayscale(100%) blur(3px);\r\n}\r\n\r\n\/*3*\/\r\n\r\n.view-third img {\r\n    transform: scaleY(1);\r\n    transition: all .7s ease-in-out;\r\n}\r\n\r\n.view-third a.info {\r\n    opacity: 0;\r\n    transform: scale(0);\r\n    transition: all 0.5s linear;\r\n}\r\n\r\n.view-third:hover img {\r\n    -webkit-transform: scale(10);\r\n    transform: scale(10);\r\n    opacity: 0;\r\n}\r\n\r\n.view-third:hover .mask {\r\n    opacity: 1;\r\n}\r\n\r\n.view-third:hover h2,\r\n.view-third:hover p,\r\n.view-third:hover a.info {\r\n    transform: scale(1);\r\n    opacity: 1;\r\n}\r\n\r\n\/* ==== view 4 ===*\/\r\n\r\n.view-forth-wrapper {\r\n    overflow: hidden;\r\n    position: relative !important;\r\n    height: 100%;\r\n    \/* cursor: pointer;*\/\r\n}\r\n\r\n.view-forth img {\r\n    max-width: 100%;\r\n    position: relative;\r\n    top: 0;\r\n    -webkit-transition: all 600ms cubic-bezier(0.645, 0.045, 0.355, 1);\r\n    transition: all 600ms cubic-bezier(0.645, 0.045, 0.355, 1);\r\n}\r\n\r\n.view-forth .mask {\r\n    position: absolute;\r\n    width: 100%;\r\n    \/*    height: 70px;*\/\r\n    \/*    bottom: -70px;*\/\r\n    height: 50%;\r\n    bottom: -50%;\r\n    -webkit-transition: all 300ms cubic-bezier(0.645, 0.045, 0.355, 1);\r\n    transition: all 300ms cubic-bezier(0.645, 0.045, 0.355, 1);\r\n    top: inherit;\r\n}\r\n\r\n.view-forth:hover .mask {\r\n    bottom: 0;\r\n}\r\n\r\n.view-forth:hover img {\r\n    top: -30px;\r\n}\r\n\r\n\/*==  view 5 ==*\/\r\n\r\n.view-fifth .view-fifth-wrapper,\r\n.view-fifth .view-fifth-wrapper img {\r\n    display: block;\r\n    position: relative;\r\n}\r\n\r\n.view-fifth .view-fifth-wrapper {\r\n    overflow: hidden;\r\n    height: 100%;\r\n}\r\n\r\n.view-fifth .view-fifth-wrapper .mask {\r\n    display: none;\r\n    position: absolute;\r\n    background: #333;\r\n    background: rgba(75, 75, 75, 0.7);\r\n    width: 100%;\r\n    height: 100%;\r\n}\r\n\r\n\/* ====================== album category styles ==========================*\/\r\n\r\n#filters {\r\n    margin: 1% 0;\r\n    padding: 0;\r\n    list-style: none;\r\n    list-style-type: none !important;\r\n\r\n}\r\n\r\n#filters li {\r\n    float: left;\r\n    list-style-type: none !important;\r\n}\r\n\r\n#filters li:first-child span {\r\n    margin-left: 0px;\r\n}\r\n\r\n#filters li span {\r\n    display: block;\r\n    text-decoration: none;\r\n    cursor: pointer;\r\n}\r\n\r\n.album_categories {\r\n    list-style-type: none;\r\n    margin: 0;\r\n    padding: 0;\r\n    overflow: hidden;\r\n    padding-top: 5px;\r\n}\r\n\r\n\/*=========  sharing buttons  ============*\/\r\n\r\n.album_socials {\r\n    position: relative;\r\n    top: 3px;\r\n    width: 100px;\r\n    height: 28px;\r\n    margin: 0 auto;\r\n}\r\n\r\n.album_socials .rwd-share-buttons {\r\n    top: 0px !important;\r\n    width: 100% !important;\r\n    margin: 0px !important;\r\n}\r\n\r\n.album_socials a {\r\n    text-decoration: underline !important;\r\n}\r\n\r\n.gallery_images, .album_image_place {\r\n    margin-top: 15px;\r\n    margin-top: 15px;\r\n}\r\n\r\n#rwd-share-facebook:hover {\r\n    background-position: 0 -31px !important;\r\n}\r\n\r\n#rwd-share-twitter:hover {\r\n    background-position: -31px 32px !important;\r\n}\r\n\r\n#rwd-share-googleplus:hover {\r\n    background-position: -66px -31px !important;\r\n}\r\n\r\n.rwd-share-buttons li, .rwd-share-buttons li a {\r\n    width: 26px !important;\r\n    border: 0px !important;\r\n}\r\n\r\n.rwd-share-buttons {\r\n    top: 0 !important;\r\n}\r\n\r\n.img_link_btn {\r\n    position: absolute;\r\n    z-index: 99999;\r\n    bottom: 0;\r\n    left: 0;\r\n    right: 0;\r\n    width: 100%;\r\n    padding: 8px;\r\n}\r\n\r\n.rwd-title {\r\n    padding: 10px 0px !important;\r\n}\r\n\r\n@media only screen and (max-width: 475px) {\r\n    .rwd-share-buttons {\r\n        top: -25px !important;\r\n    }\r\n\r\n    .rwd-title-text {\r\n        line-height: 15px;\r\n    }\r\n}\r\n\r\n\/*=========  hover style ===========*\/\r\n\r\n#hover {\r\n    color: rgba(188, 175, 204, 0.9);\r\n}\r\n\r\nh2#testimonials {\r\n    color: #fffae3;\r\n}\r\n\r\ndiv#all {\r\n    width: 100%;\r\n    height: 100%;\r\n}\r\n\r\n.view img {\r\n    height: auto;\r\n}\r\n\r\n.view {\r\n    color: #fff;\r\n    margin: 0 10px 10px 0;\r\n    overflow: hidden;\r\n    position: relative;\r\n    text-align: center;\r\n    float: left;\r\n    cursor: default;\r\n    border: 1px solid #ccc;\r\n}\r\n\r\n.view-wrapper {\r\n    height: 100%;\r\n}\r\n\r\n.view img {\r\n    display: block;\r\n    position: relative;\r\n    transition: all 0.2s linear;\r\n    height: 100%;\r\n    width: auto;\r\n    max-width: 100%;\r\n    margin: 0 auto;\r\n}\r\n\r\n.mask-text h2 {\r\n    font-size: 20px !important;\r\n    margin-top: 20px !important;\r\n}\r\n\r\n\/* view 1 *\/\r\n\r\n.view-first .text-category, .view-first .mask-text h2, .view-first .mask-text p {\r\n    color: #fff;\r\n}\r\n\r\n\/*  view 2 *\/\r\n.view-second .text-category, .view-second .mask-text h2, .view-second p {\r\n    color: #333;\r\n}\r\n\r\n.view-second .mask-text h2 {\r\n    border-bottom: 1px solid #333;\r\n}\r\n\r\n\/* view 3*\/\r\n.view-third .mask {\r\n    background-color: #ccc;\r\n    transition: all 0.5s linear;\r\n    opacity: 0;\r\n    color: #333;\r\n}\r\n\r\n.view-third h2 {\r\n    border-bottom: 1px solid #333;\r\n    background: transparent;\r\n    margin: 20px 40px 0px 40px;\r\n    transform: scale(0);\r\n    color: #333;\r\n    transition: all 0.5s linear;\r\n    opacity: 0;\r\n}\r\n\r\n.view-third p {\r\n    color: #333;\r\n    opacity: 0;\r\n    transform: scale(0);\r\n    transition: all 0.5s linear;\r\n}\r\n\r\n.view-third .text-category {\r\n    color: #333;\r\n}\r\n\r\n\/* view 4 *\/\r\n\r\n.view-forth .mask-bg {\r\n    background: #333;\r\n    width: 100%;\r\n    height: 100%;\r\n    position: absolute;\r\n    top: 0;\r\n    left: 0;\r\n}\r\n\r\n.view-forth .mask-text {\r\n    color: #fff;\r\n    position: relative;\r\n    z-index: 500;\r\n    padding: 5px 8px;\r\n}\r\n\r\n.view-forth .mask-text h2 {\r\n    margin: 0px;\r\n    font-size: 13px;\r\n    padding: 2px;\r\n    color: #fff;\r\n}\r\n\r\n.view-forth .mask-text h2:hover {\r\n    cursor: pointer;\r\n}\r\n\r\n.view-forth .text-category {\r\n    display: block;\r\n    font-size: 15px;\r\n    color: #fff;\r\n}\r\n\r\n.view-forth p {\r\n    color: #fff;\r\n}\r\n\r\n\/* view 5 *\/\r\n.view-fifth .text-category, .view-fifth .text-category *, .view-fifth .mask-text h2, .view-fifth .mask-text p {\r\n    color: #fff;\r\n}\r\n\r\n<\/style><div id=\"mygallery_wrapper_20\" class=\"gallery-img-content clear\"\r\n     data-gallery-id=\"20\" data-content-per-page=\"5\"\r\n     data-rating-type=\"off\">\r\n    <div id=\"mygallery_20\" class=\"mygallery view-justified clear\">\r\n                <input type=\"hidden\" id=\"total\" value=\"4\"\/>\r\n                                                <a class=\"gallery_group20\" href=\"https:\/\/www.elrincondelosfamosos.com\/barbaricia\/wp-content\/uploads\/2020\/02\/junkers52_01.jpg\"\r\n                       title=\"Piloto y ayudante del Ju 52\">\r\n                        <img decoding=\"async\" id=\"wd-cl-img0\"\r\n                             alt=\"Piloto y ayudante del Ju 52\"\r\n                             src=\"https:\/\/www.elrincondelosfamosos.com\/barbaricia\/wp-content\/uploads\/2020\/02\/junkers52_01.jpg\"\/>\r\n                                            <\/a>\r\n                    <input type=\"hidden\" class=\"pagenum\" value=\"1\"\/>\r\n                                                                            <a class=\"gallery_group20\" href=\"https:\/\/www.elrincondelosfamosos.com\/barbaricia\/wp-content\/uploads\/2020\/02\/junkers52_02.jpg\"\r\n                       title=\"Detalle de los uniformes de las miniaturas\">\r\n                        <img decoding=\"async\" id=\"wd-cl-img1\"\r\n                             alt=\"Detalle de los uniformes de las miniaturas\"\r\n                             src=\"https:\/\/www.elrincondelosfamosos.com\/barbaricia\/wp-content\/uploads\/2020\/02\/junkers52_02.jpg\"\/>\r\n                                            <\/a>\r\n                    <input type=\"hidden\" class=\"pagenum\" value=\"1\"\/>\r\n                                                                            <a class=\"gallery_group20\" href=\"https:\/\/www.elrincondelosfamosos.com\/barbaricia\/wp-content\/uploads\/2020\/02\/junkers52_03.jpg\"\r\n                       title=\"Taller de construcci\u00f3n de maquetas\">\r\n                        <img decoding=\"async\" id=\"wd-cl-img2\"\r\n                             alt=\"Taller de construcci\u00f3n de maquetas\"\r\n                             src=\"https:\/\/www.elrincondelosfamosos.com\/barbaricia\/wp-content\/uploads\/2020\/02\/junkers52_03.jpg\"\/>\r\n                                            <\/a>\r\n                    <input type=\"hidden\" class=\"pagenum\" value=\"1\"\/>\r\n                                                                            <a class=\"gallery_group20\" href=\"https:\/\/www.elrincondelosfamosos.com\/barbaricia\/wp-content\/uploads\/2020\/02\/junkers52_04.jpg\"\r\n                       title=\"Montaje y pintado del Junkers Ju 52\">\r\n                        <img decoding=\"async\" id=\"wd-cl-img3\"\r\n                             alt=\"Montaje y pintado del Junkers Ju 52\"\r\n                             src=\"https:\/\/www.elrincondelosfamosos.com\/barbaricia\/wp-content\/uploads\/2020\/02\/junkers52_04.jpg\"\/>\r\n                                            <\/a>\r\n                    <input type=\"hidden\" class=\"pagenum\" value=\"1\"\/>\r\n                                                                            <a class=\"gallery_group20\" href=\"https:\/\/www.elrincondelosfamosos.com\/barbaricia\/wp-content\/uploads\/2020\/02\/junkers52_05.jpg\"\r\n                       title=\"Detalle del interior del avi\u00f3n Junkers\">\r\n                        <img decoding=\"async\" id=\"wd-cl-img4\"\r\n                             alt=\"Detalle del interior del avi\u00f3n Junkers\"\r\n                             src=\"https:\/\/www.elrincondelosfamosos.com\/barbaricia\/wp-content\/uploads\/2020\/02\/junkers52_05.jpg\"\/>\r\n                                            <\/a>\r\n                    <input type=\"hidden\" class=\"pagenum\" value=\"1\"\/>\r\n                                                                            <a class=\"gallery_group20\" href=\"https:\/\/www.elrincondelosfamosos.com\/barbaricia\/wp-content\/uploads\/2020\/02\/junkers52_06.jpg\"\r\n                       title=\"Los tres motores del Tante Ju\">\r\n                        <img decoding=\"async\" id=\"wd-cl-img5\"\r\n                             alt=\"Los tres motores del Tante Ju\"\r\n                             src=\"https:\/\/www.elrincondelosfamosos.com\/barbaricia\/wp-content\/uploads\/2020\/02\/junkers52_06.jpg\"\/>\r\n                                            <\/a>\r\n                    <input type=\"hidden\" class=\"pagenum\" value=\"1\"\/>\r\n                                                                            <a class=\"gallery_group20\" href=\"https:\/\/www.elrincondelosfamosos.com\/barbaricia\/wp-content\/uploads\/2020\/02\/junkers52_07.jpg\"\r\n                       title=\"Pilotos a los mandos del avi\u00f3n\">\r\n                        <img decoding=\"async\" id=\"wd-cl-img6\"\r\n                             alt=\"Pilotos a los mandos del avi\u00f3n\"\r\n                             src=\"https:\/\/www.elrincondelosfamosos.com\/barbaricia\/wp-content\/uploads\/2020\/02\/junkers52_07.jpg\"\/>\r\n                                            <\/a>\r\n                    <input type=\"hidden\" class=\"pagenum\" value=\"1\"\/>\r\n                                                                            <a class=\"gallery_group20\" href=\"https:\/\/www.elrincondelosfamosos.com\/barbaricia\/wp-content\/uploads\/2020\/02\/junkers52_08.jpg\"\r\n                       title=\"Ayudante de vuelo en la puerta que comunica la zona de pasajeros con la de carga\">\r\n                        <img decoding=\"async\" id=\"wd-cl-img7\"\r\n                             alt=\"Ayudante de vuelo en la puerta que comunica la zona de pasajeros con la de carga\"\r\n                             src=\"https:\/\/www.elrincondelosfamosos.com\/barbaricia\/wp-content\/uploads\/2020\/02\/junkers52_08.jpg\"\/>\r\n                                            <\/a>\r\n                    <input type=\"hidden\" class=\"pagenum\" value=\"1\"\/>\r\n                                                                            <a class=\"gallery_group20\" href=\"https:\/\/www.elrincondelosfamosos.com\/barbaricia\/wp-content\/uploads\/2020\/02\/junkers52_09.jpg\"\r\n                       title=\"JU 52 en la pista de la base\">\r\n                        <img decoding=\"async\" id=\"wd-cl-img8\"\r\n                             alt=\"JU 52 en la pista de la base\"\r\n                             src=\"https:\/\/www.elrincondelosfamosos.com\/barbaricia\/wp-content\/uploads\/2020\/02\/junkers52_09.jpg\"\/>\r\n                                            <\/a>\r\n                    <input type=\"hidden\" class=\"pagenum\" value=\"1\"\/>\r\n                                                                            <a class=\"gallery_group20\" href=\"https:\/\/www.elrincondelosfamosos.com\/barbaricia\/wp-content\/uploads\/2020\/02\/junkers52_10.jpg\"\r\n                       title=\"Lateral del Junker Ju 52 con la insignia del Ej\u00e9rcito del Aire Espa\u00f1ol\">\r\n                        <img decoding=\"async\" id=\"wd-cl-img9\"\r\n                             alt=\"Lateral del Junker Ju 52 con la insignia del Ej\u00e9rcito del Aire Espa\u00f1ol\"\r\n                             src=\"https:\/\/www.elrincondelosfamosos.com\/barbaricia\/wp-content\/uploads\/2020\/02\/junkers52_10.jpg\"\/>\r\n                                            <\/a>\r\n                    <input type=\"hidden\" class=\"pagenum\" value=\"1\"\/>\r\n                                                                            <a class=\"gallery_group20\" href=\"https:\/\/www.elrincondelosfamosos.com\/barbaricia\/wp-content\/uploads\/2020\/02\/junkers52_11.jpg\"\r\n                       title=\"Formaci\u00f3n de la Guardia Civil junto al avi\u00f3n\">\r\n                        <img decoding=\"async\" id=\"wd-cl-img10\"\r\n                             alt=\"Formaci\u00f3n de la Guardia Civil junto al avi\u00f3n\"\r\n                             src=\"https:\/\/www.elrincondelosfamosos.com\/barbaricia\/wp-content\/uploads\/2020\/02\/junkers52_11.jpg\"\/>\r\n                                            <\/a>\r\n                    <input type=\"hidden\" class=\"pagenum\" value=\"1\"\/>\r\n                                                                            <a class=\"gallery_group20\" href=\"https:\/\/www.elrincondelosfamosos.com\/barbaricia\/wp-content\/uploads\/2020\/02\/junkers52_12.jpg\"\r\n                       title=\"Miembros de la Guardia Civil esperando para el embarque en el Junkers\">\r\n                        <img decoding=\"async\" id=\"wd-cl-img11\"\r\n                             alt=\"Miembros de la Guardia Civil esperando para el embarque en el Junkers\"\r\n                             src=\"https:\/\/www.elrincondelosfamosos.com\/barbaricia\/wp-content\/uploads\/2020\/02\/junkers52_12.jpg\"\/>\r\n                                            <\/a>\r\n                    <input type=\"hidden\" class=\"pagenum\" value=\"1\"\/>\r\n                                                                            <a class=\"gallery_group20\" href=\"https:\/\/www.elrincondelosfamosos.com\/barbaricia\/wp-content\/uploads\/2020\/02\/junkers52_13.jpg\"\r\n                       title=\"Vista frontal del Ju 52 estacionado en la pista\">\r\n                        <img decoding=\"async\" id=\"wd-cl-img12\"\r\n                             alt=\"Vista frontal del Ju 52 estacionado en la pista\"\r\n                             src=\"https:\/\/www.elrincondelosfamosos.com\/barbaricia\/wp-content\/uploads\/2020\/02\/junkers52_13.jpg\"\/>\r\n                                            <\/a>\r\n                    <input type=\"hidden\" class=\"pagenum\" value=\"1\"\/>\r\n                                                                            <a class=\"gallery_group20\" href=\"https:\/\/www.elrincondelosfamosos.com\/barbaricia\/wp-content\/uploads\/2020\/02\/junkers52_14.jpg\"\r\n                       title=\"Motores y cabina de pilotos del Junkers\">\r\n                        <img decoding=\"async\" id=\"wd-cl-img13\"\r\n                             alt=\"Motores y cabina de pilotos del Junkers\"\r\n                             src=\"https:\/\/www.elrincondelosfamosos.com\/barbaricia\/wp-content\/uploads\/2020\/02\/junkers52_14.jpg\"\/>\r\n                                            <\/a>\r\n                    <input type=\"hidden\" class=\"pagenum\" value=\"1\"\/>\r\n                                                                            <a class=\"gallery_group20\" href=\"https:\/\/www.elrincondelosfamosos.com\/barbaricia\/wp-content\/uploads\/2020\/02\/junkers52_15.jpg\"\r\n                       title=\"Puerta lateral de embarque con insignia espa\u00f1ola y numeraci\u00f3n del avi\u00f3n\">\r\n                        <img decoding=\"async\" id=\"wd-cl-img14\"\r\n                             alt=\"Puerta lateral de embarque con insignia espa\u00f1ola y numeraci\u00f3n del avi\u00f3n\"\r\n                             src=\"https:\/\/www.elrincondelosfamosos.com\/barbaricia\/wp-content\/uploads\/2020\/02\/junkers52_15.jpg\"\/>\r\n                                            <\/a>\r\n                    <input type=\"hidden\" class=\"pagenum\" value=\"1\"\/>\r\n                                                                            <a class=\"gallery_group20\" href=\"https:\/\/www.elrincondelosfamosos.com\/barbaricia\/wp-content\/uploads\/2020\/02\/junkers52_16.jpg\"\r\n                       title=\"El Junkers est\u00e1 recubierto por una chapa ondulada\">\r\n                        <img decoding=\"async\" id=\"wd-cl-img15\"\r\n                             alt=\"El Junkers est\u00e1 recubierto por una chapa ondulada\"\r\n                             src=\"https:\/\/www.elrincondelosfamosos.com\/barbaricia\/wp-content\/uploads\/2020\/02\/junkers52_16.jpg\"\/>\r\n                                            <\/a>\r\n                    <input type=\"hidden\" class=\"pagenum\" value=\"1\"\/>\r\n                                                                            <a class=\"gallery_group20\" href=\"https:\/\/www.elrincondelosfamosos.com\/barbaricia\/wp-content\/uploads\/2020\/02\/junkers52_17.jpg\"\r\n                       title=\"Despegue del Junkers 52 Ju\">\r\n                        <img decoding=\"async\" id=\"wd-cl-img16\"\r\n                             alt=\"Despegue del Junkers 52 Ju\"\r\n                             src=\"https:\/\/www.elrincondelosfamosos.com\/barbaricia\/wp-content\/uploads\/2020\/02\/junkers52_17.jpg\"\/>\r\n                                            <\/a>\r\n                    <input type=\"hidden\" class=\"pagenum\" value=\"1\"\/>\r\n                                                                            <a class=\"gallery_group20\" href=\"https:\/\/www.elrincondelosfamosos.com\/barbaricia\/wp-content\/uploads\/2020\/02\/junkers52_18.jpg\"\r\n                       title=\"Aterrizaje en pista improvisada\">\r\n                        <img decoding=\"async\" id=\"wd-cl-img17\"\r\n                             alt=\"Aterrizaje en pista improvisada\"\r\n                             src=\"https:\/\/www.elrincondelosfamosos.com\/barbaricia\/wp-content\/uploads\/2020\/02\/junkers52_18.jpg\"\/>\r\n                                            <\/a>\r\n                    <input type=\"hidden\" class=\"pagenum\" value=\"1\"\/>\r\n                                                                            <a class=\"gallery_group20\" href=\"https:\/\/www.elrincondelosfamosos.com\/barbaricia\/wp-content\/uploads\/2020\/02\/junkers52_19.jpg\"\r\n                       title=\"Militares del Ej\u00e9rcito del Aire Espa\u00f1ol junto al JU 52\">\r\n                        <img decoding=\"async\" id=\"wd-cl-img18\"\r\n                             alt=\"Militares del Ej\u00e9rcito del Aire Espa\u00f1ol junto al JU 52\"\r\n                             src=\"https:\/\/www.elrincondelosfamosos.com\/barbaricia\/wp-content\/uploads\/2020\/02\/junkers52_19.jpg\"\/>\r\n                                            <\/a>\r\n                    <input type=\"hidden\" class=\"pagenum\" value=\"1\"\/>\r\n                                                                            <a class=\"gallery_group20\" href=\"https:\/\/www.elrincondelosfamosos.com\/barbaricia\/wp-content\/uploads\/2020\/02\/junkers52_20.jpg\"\r\n                       title=\"Maqueta del avi\u00f3n Junkers Ju 52\">\r\n                        <img decoding=\"async\" id=\"wd-cl-img19\"\r\n                             alt=\"Maqueta del avi\u00f3n Junkers Ju 52\"\r\n                             src=\"https:\/\/www.elrincondelosfamosos.com\/barbaricia\/wp-content\/uploads\/2020\/02\/junkers52_20.jpg\"\/>\r\n                                            <\/a>\r\n                    <input type=\"hidden\" class=\"pagenum\" value=\"1\"\/>\r\n                                        <\/div>\r\n    <\/div>\r\n<style>\r\n.justified-gallery {\r\n    width: 100%;\r\n    position: relative;\r\n}\r\n.justified-gallery a{\r\n    border:none;\r\n}\r\n.justified-gallery > a,\r\n.justified-gallery > div {\r\n    position: absolute;\r\n    display: inline-block;\r\n    opacity: 0;\r\n    overflow:hidden;\r\n    filter: alpha(opacity=0);\r\n    \/* IE8 or Earlier *\/\r\n}\r\n.justified-gallery > a > img,\r\n.justified-gallery > div > img {\r\n    position: absolute;\r\n    top: 50%;\r\n    left: 50%;\r\n    padding: 0;\r\n}\r\n.justified-gallery > a > .caption,\r\n.justified-gallery > div > .caption {\r\n    display: none;\r\n    position: absolute;\r\n    bottom: 0;\r\n    padding: 5px;\r\n    left: 0;\r\n    right: 0;\r\n    margin: 0;\r\n    color: #3AD6FC;\r\n    font-size: 13px;\r\n    font-weight: 300;\r\n    font-family: sans-serif;\r\n\/\/margin-left: px;\r\n    background:rgba(255,28,28,0.9)  !important;\r\n    overflow: hidden;\r\n    text-overflow: ellipsis;\r\n    white-space:nowrap;\r\n}\r\n.justified-gallery > a > .caption.caption-visible,\r\n.justified-gallery > div > .caption.caption-visible {\r\n    display: initial;\r\n    filter: \"alpha(opacity=70)\";\r\n    \/* IE8 or Earlier *\/\r\n    -webkit-animation: justified-gallery-show-caption-animation 500ms 0 ease;\r\n    -moz-animation: justified-gallery-show-caption-animation 500ms 0 ease;\r\n    -ms-animation: justified-gallery-show-caption-animation 500ms 0 ease;\r\n}\r\n.justified-gallery > .entry-visible {\r\n    opacity: 1.0;\r\n    filter: alpha(opacity=100);\r\n    \/* IE8 or Earlier *\/\r\n    -webkit-animation: justified-gallery-show-entry-animation 300ms 0 ease;\r\n    -moz-animation: justified-gallery-show-entry-animation 300ms 0 ease;\r\n    -ms-animation: justified-gallery-show-entry-animation 300ms 0 ease;\r\n}\r\n.justified-gallery > .spinner {\r\n    position: absolute;\r\n    bottom: 0;\r\n    margin-left: -24px;\r\n    padding: 10px 0 10px 0;\r\n    left: 50%;\r\n    opacity: initial;\r\n    filter: initial;\r\n    overflow: initial;\r\n}\r\n.justified-gallery > .spinner > span {\r\n    display: inline-block;\r\n    opacity: 0;\r\n    filter: alpha(opacity=0);\r\n    \/* IE8 or Earlier *\/\r\n    width: 8px;\r\n    height: 8px;\r\n    margin: 0 4px 0 4px;\r\n    background-color: #000;\r\n    border-top-left-radius: 6px;\r\n    border-top-right-radius: 6px;\r\n    border-bottom-right-radius: 6px;\r\n    border-bottom-left-radius: 6px;\r\n}\r\n.play-icon {\r\n    position:absolute;\r\n    top:0;\r\n    left:0;\r\n    width:100%;\r\n    height:100%;\r\n}\r\n.load_more2 {\r\n    margin: 10px 0;\r\n    position:relative;\r\n    text-align:center;\r\n    width:100%;\r\n}\r\n.load_more_button2 {\r\n    border-radius: 10px;\r\n    display:inline-block;\r\n    padding:5px 15px;\r\n    font-size:14px !important;;\r\n    color:#FF1C1C !important;;\r\n    background:#26A6FC !important;\r\n    cursor:pointer;\r\n}\r\n.load_more_button2:hover{\r\n    color:#FF4242 !important;\r\n    background:#0FEFFF !important;\r\n}\r\n.loading2 {\r\n    display:none;\r\n}\r\n.paginate2{\r\n    font-size:18px !important;\r\n    color:#26A6FC !important;\r\n    text-align: center;\r\n    margin-top: 25px;\r\n}\r\n.paginate2 a{\r\n    border-bottom: none !important;\r\n}\r\n.icon-style2{\r\n    font-size: 18px !important;\r\n    color:#26A6FC !important;\r\n}\r\n.clear{\r\n    clear:both;\r\n}\r\n.play-icon.youtube-icon {background:url(https:\/\/www.elrincondelosfamosos.com\/barbaricia\/wp-content\/plugins\/gallery-images\/assets\/images\/admin_images\/play.youtube.png) center center no-repeat;}\r\n.play-icon.vimeo-icon {background:url(https:\/\/www.elrincondelosfamosos.com\/barbaricia\/wp-content\/plugins\/gallery-images\/assets\/images\/admin_images\/play.vimeo.png) center center no-repeat;}\r\n<\/style><\/p>\n<p style=\"text-align: justify;\"><a href=\"https:\/\/www.elrincondelosfamosos.com\/barbaricia\/fuerza-aerea\/\" rel=\"noopener noreferrer\">+ maquetas de aviones<\/a><\/p>\n<h3 style=\"text-align: justify;\">Bibliograf\u00eda:<\/h3>\n<p>&#8211; <strong>WIKIPEDIA. <\/strong>Junkers Ju 52. Consultado en febrero de 2020. https:\/\/es.wikipedia.org\/<br \/>\n&#8211; <strong>GIL MART\u00cdNEZ, EDUARDO MANUEL. 2019.<\/strong> Fuerza a\u00e9rea espa\u00f1ola durante la 2\u00aa Guerra Mundial. Editorial Almena. Madrid. 191 pp.<\/p>\n","protected":false},"excerpt":{"rendered":"<p>Apodado en Alemania Tante Ju (T\u00eda Ju) el Junkers Ju 52 fue un avi\u00f3n de transporte alem\u00e1n que ocasionalmente se us\u00f3 como bombardero. El primer Ju-52\/1m vol\u00f3 en octubre de 1930 y el Ju-52\/3m trimotor lo hizo en abril de 1931. Pod\u00eda transportar de 15 a 17 personas, y retirando los asientos su capacidad de carga era de hasta 12 camillas. La versi\u00f3n trimotor (que fue la que se fabric\u00f3 en masa) pod\u00eda transportar 6 bombas de 100 kg y estaba defendida por 2 ametralladoras MG-15 de 7,92 mm. Durante la Segunda Guerra Mundial este avi\u00f3n fue la columna vertebral de la Luftwaffe, ya que era s\u00f3lido, robusto, de simple dise\u00f1o, y adem\u00e1s de noble, seguro, aunque con el handicap de la lentitud, por lo que dej\u00f3 de usarse como bombardero y se destin\u00f3 a avi\u00f3n de transporte. Justo detr\u00e1s de las alas, en el lado izquierdo, ten\u00eda una puerta por la que se acced\u00eda a la cabina y una vez en vuelo se pod\u00eda abrir y utilizarse tanto para el salto en paraca\u00eddas como para el lanzamiento de material. Este modelo adquiri\u00f3 protagonismo al estallar la Guerra Civil Espa\u00f1ola, ya que los nacionales requisaron un aparato de Lufthansa en Las Palmas de Gran Canaria que despu\u00e9s utilizaron para volar a Alemania en busca de ayuda militar para los nacionales. Se puede decir que el Junkers Ju 52 hizo el primer puente a\u00e9reo de la historia, transportando cerca de 14.000 hombres y 500 t de material desde el Protectorado Espa\u00f1ol en Marruecos a la pen\u00ednsula en una operaci\u00f3n que dur\u00f3 4 meses. Decadencia del Junkers Ju 52 Al final de la Segunda Guerra Mundial, de los 4835 Junkers fabricados tan solo quedaron 50 aviones operativos. Ya en 1942, Espa\u00f1a adquiri\u00f3 la licencia de fabricaci\u00f3n y CASA construy\u00f3 170 aviones para el Ejercito del Aire que se llamaron CASA 352. Entre los a\u00f1os 1957 y 1958 Espa\u00f1a lo us\u00f3 en la Guerra del Ifni, siendo de gran valor para las Banderas Paracaidistas que pod\u00edan llegar a cualquier punto de la zona\u00a0 e incluso lanzar suministros en zonas sitiadas. En 1978 Espa\u00f1a los dio de baja definitivamente. Galer\u00eda de fotos de la maqueta del avi\u00f3n Junkers Ju 52 + maquetas de aviones Bibliograf\u00eda: &#8211; WIKIPEDIA. Junkers Ju 52. Consultado en febrero de 2020. https:\/\/es.wikipedia.org\/ &#8211; GIL MART\u00cdNEZ, EDUARDO MANUEL. 2019. Fuerza a\u00e9rea espa\u00f1ola durante la 2\u00aa Guerra Mundial. Editorial Almena. Madrid. 191 pp.<\/p>\n","protected":false},"author":2,"featured_media":2840,"parent":2711,"menu_order":2,"comment_status":"closed","ping_status":"closed","template":"","meta":{"_exactmetrics_skip_tracking":false,"_exactmetrics_sitenote_active":false,"_exactmetrics_sitenote_note":"","_exactmetrics_sitenote_category":0,"footnotes":""},"class_list":["post-2841","page","type-page","status-publish","has-post-thumbnail","hentry"],"yoast_head":"<!-- This site is optimized with the Yoast SEO plugin v27.5 - https:\/\/yoast.com\/product\/yoast-seo-wordpress\/ -->\n<title>Avi\u00f3n Junkers Ju 52 - Maqueta - Barbaricia Maquetas<\/title>\n<meta name=\"description\" content=\"Maqueta del avi\u00f3n Junkers Ju 52. Este avi\u00f3n alem\u00e1n se us\u00f3 como bombardero y como avi\u00f3n de carga. En Espa\u00f1a se fabric\u00f3 desde 1942 y dej\u00f3 de volar en 1978.\" \/>\n<meta name=\"robots\" content=\"index, follow, max-snippet:-1, max-image-preview:large, max-video-preview:-1\" \/>\n<link rel=\"canonical\" href=\"https:\/\/www.elrincondelosfamosos.com\/barbaricia\/fuerza-aerea\/junkers-ju-52\/\" \/>\n<meta property=\"og:locale\" content=\"es_ES\" \/>\n<meta property=\"og:type\" content=\"article\" \/>\n<meta property=\"og:title\" content=\"Maqueta del avi\u00f3n Junkers Ju 52\" \/>\n<meta property=\"og:description\" content=\"Este avi\u00f3n alem\u00e1n se us\u00f3 como bombardero y como avi\u00f3n de carga.\" \/>\n<meta property=\"og:url\" content=\"https:\/\/www.elrincondelosfamosos.com\/barbaricia\/fuerza-aerea\/junkers-ju-52\/\" \/>\n<meta property=\"og:site_name\" content=\"Barbaricia Maquetas\" \/>\n<meta property=\"article:modified_time\" content=\"2023-03-15T21:00:14+00:00\" \/>\n<meta property=\"og:image\" content=\"https:\/\/www.elrincondelosfamosos.com\/barbaricia\/wp-content\/uploads\/2020\/02\/junkers52_21.jpg\" \/>\n\t<meta property=\"og:image:width\" content=\"800\" \/>\n\t<meta property=\"og:image:height\" content=\"600\" \/>\n\t<meta property=\"og:image:type\" content=\"image\/jpeg\" \/>\n<meta name=\"twitter:card\" content=\"summary_large_image\" \/>\n<meta name=\"twitter:title\" content=\"Maqueta del avi\u00f3n Junkers Ju 52\" \/>\n<meta name=\"twitter:description\" content=\"Este avi\u00f3n alem\u00e1n se us\u00f3 como bombardero y como avi\u00f3n de carga.\" \/>\n<meta name=\"twitter:image\" content=\"https:\/\/www.elrincondelosfamosos.com\/barbaricia\/wp-content\/uploads\/2020\/02\/junkers52_21.jpg\" \/>\n<meta name=\"twitter:label1\" content=\"Tiempo de lectura\" \/>\n\t<meta name=\"twitter:data1\" content=\"3 minutos\" \/>\n<script type=\"application\/ld+json\" class=\"yoast-schema-graph\">{\"@context\":\"https:\\\/\\\/schema.org\",\"@graph\":[{\"@type\":\"WebPage\",\"@id\":\"https:\\\/\\\/www.elrincondelosfamosos.com\\\/barbaricia\\\/fuerza-aerea\\\/junkers-ju-52\\\/\",\"url\":\"https:\\\/\\\/www.elrincondelosfamosos.com\\\/barbaricia\\\/fuerza-aerea\\\/junkers-ju-52\\\/\",\"name\":\"Avi\u00f3n Junkers Ju 52 - Maqueta - Barbaricia Maquetas\",\"isPartOf\":{\"@id\":\"https:\\\/\\\/www.elrincondelosfamosos.com\\\/barbaricia\\\/#website\"},\"primaryImageOfPage\":{\"@id\":\"https:\\\/\\\/www.elrincondelosfamosos.com\\\/barbaricia\\\/fuerza-aerea\\\/junkers-ju-52\\\/#primaryimage\"},\"image\":{\"@id\":\"https:\\\/\\\/www.elrincondelosfamosos.com\\\/barbaricia\\\/fuerza-aerea\\\/junkers-ju-52\\\/#primaryimage\"},\"thumbnailUrl\":\"https:\\\/\\\/www.elrincondelosfamosos.com\\\/barbaricia\\\/wp-content\\\/uploads\\\/2020\\\/02\\\/junkers52_21.jpg\",\"datePublished\":\"2020-02-25T15:51:28+00:00\",\"dateModified\":\"2023-03-15T21:00:14+00:00\",\"description\":\"Maqueta del avi\u00f3n Junkers Ju 52. Este avi\u00f3n alem\u00e1n se us\u00f3 como bombardero y como avi\u00f3n de carga. En Espa\u00f1a se fabric\u00f3 desde 1942 y dej\u00f3 de volar en 1978.\",\"breadcrumb\":{\"@id\":\"https:\\\/\\\/www.elrincondelosfamosos.com\\\/barbaricia\\\/fuerza-aerea\\\/junkers-ju-52\\\/#breadcrumb\"},\"inLanguage\":\"es\",\"potentialAction\":[{\"@type\":\"ReadAction\",\"target\":[\"https:\\\/\\\/www.elrincondelosfamosos.com\\\/barbaricia\\\/fuerza-aerea\\\/junkers-ju-52\\\/\"]}]},{\"@type\":\"ImageObject\",\"inLanguage\":\"es\",\"@id\":\"https:\\\/\\\/www.elrincondelosfamosos.com\\\/barbaricia\\\/fuerza-aerea\\\/junkers-ju-52\\\/#primaryimage\",\"url\":\"https:\\\/\\\/www.elrincondelosfamosos.com\\\/barbaricia\\\/wp-content\\\/uploads\\\/2020\\\/02\\\/junkers52_21.jpg\",\"contentUrl\":\"https:\\\/\\\/www.elrincondelosfamosos.com\\\/barbaricia\\\/wp-content\\\/uploads\\\/2020\\\/02\\\/junkers52_21.jpg\",\"width\":800,\"height\":600,\"caption\":\"Junkers Ju 52\"},{\"@type\":\"BreadcrumbList\",\"@id\":\"https:\\\/\\\/www.elrincondelosfamosos.com\\\/barbaricia\\\/fuerza-aerea\\\/junkers-ju-52\\\/#breadcrumb\",\"itemListElement\":[{\"@type\":\"ListItem\",\"position\":1,\"name\":\"Inicio\",\"item\":\"https:\\\/\\\/www.elrincondelosfamosos.com\\\/barbaricia\\\/\"},{\"@type\":\"ListItem\",\"position\":2,\"name\":\"Fuerza a\u00e9rea\",\"item\":\"https:\\\/\\\/www.elrincondelosfamosos.com\\\/barbaricia\\\/fuerza-aerea\\\/\"},{\"@type\":\"ListItem\",\"position\":3,\"name\":\"Junkers Ju 52\"}]},{\"@type\":\"WebSite\",\"@id\":\"https:\\\/\\\/www.elrincondelosfamosos.com\\\/barbaricia\\\/#website\",\"url\":\"https:\\\/\\\/www.elrincondelosfamosos.com\\\/barbaricia\\\/\",\"name\":\"Barbaricia Maquetas\",\"description\":\"Maquetas y miniaturas realizadas por Antonio Lasala Gracia\",\"potentialAction\":[{\"@type\":\"SearchAction\",\"target\":{\"@type\":\"EntryPoint\",\"urlTemplate\":\"https:\\\/\\\/www.elrincondelosfamosos.com\\\/barbaricia\\\/?s={search_term_string}\"},\"query-input\":{\"@type\":\"PropertyValueSpecification\",\"valueRequired\":true,\"valueName\":\"search_term_string\"}}],\"inLanguage\":\"es\"}]}<\/script>\n<!-- \/ Yoast SEO plugin. -->","yoast_head_json":{"title":"Avi\u00f3n Junkers Ju 52 - Maqueta - Barbaricia Maquetas","description":"Maqueta del avi\u00f3n Junkers Ju 52. Este avi\u00f3n alem\u00e1n se us\u00f3 como bombardero y como avi\u00f3n de carga. En Espa\u00f1a se fabric\u00f3 desde 1942 y dej\u00f3 de volar en 1978.","robots":{"index":"index","follow":"follow","max-snippet":"max-snippet:-1","max-image-preview":"max-image-preview:large","max-video-preview":"max-video-preview:-1"},"canonical":"https:\/\/www.elrincondelosfamosos.com\/barbaricia\/fuerza-aerea\/junkers-ju-52\/","og_locale":"es_ES","og_type":"article","og_title":"Maqueta del avi\u00f3n Junkers Ju 52","og_description":"Este avi\u00f3n alem\u00e1n se us\u00f3 como bombardero y como avi\u00f3n de carga.","og_url":"https:\/\/www.elrincondelosfamosos.com\/barbaricia\/fuerza-aerea\/junkers-ju-52\/","og_site_name":"Barbaricia Maquetas","article_modified_time":"2023-03-15T21:00:14+00:00","og_image":[{"width":800,"height":600,"url":"https:\/\/www.elrincondelosfamosos.com\/barbaricia\/wp-content\/uploads\/2020\/02\/junkers52_21.jpg","type":"image\/jpeg"}],"twitter_card":"summary_large_image","twitter_title":"Maqueta del avi\u00f3n Junkers Ju 52","twitter_description":"Este avi\u00f3n alem\u00e1n se us\u00f3 como bombardero y como avi\u00f3n de carga.","twitter_image":"https:\/\/www.elrincondelosfamosos.com\/barbaricia\/wp-content\/uploads\/2020\/02\/junkers52_21.jpg","twitter_misc":{"Tiempo de lectura":"3 minutos"},"schema":{"@context":"https:\/\/schema.org","@graph":[{"@type":"WebPage","@id":"https:\/\/www.elrincondelosfamosos.com\/barbaricia\/fuerza-aerea\/junkers-ju-52\/","url":"https:\/\/www.elrincondelosfamosos.com\/barbaricia\/fuerza-aerea\/junkers-ju-52\/","name":"Avi\u00f3n Junkers Ju 52 - Maqueta - Barbaricia Maquetas","isPartOf":{"@id":"https:\/\/www.elrincondelosfamosos.com\/barbaricia\/#website"},"primaryImageOfPage":{"@id":"https:\/\/www.elrincondelosfamosos.com\/barbaricia\/fuerza-aerea\/junkers-ju-52\/#primaryimage"},"image":{"@id":"https:\/\/www.elrincondelosfamosos.com\/barbaricia\/fuerza-aerea\/junkers-ju-52\/#primaryimage"},"thumbnailUrl":"https:\/\/www.elrincondelosfamosos.com\/barbaricia\/wp-content\/uploads\/2020\/02\/junkers52_21.jpg","datePublished":"2020-02-25T15:51:28+00:00","dateModified":"2023-03-15T21:00:14+00:00","description":"Maqueta del avi\u00f3n Junkers Ju 52. Este avi\u00f3n alem\u00e1n se us\u00f3 como bombardero y como avi\u00f3n de carga. En Espa\u00f1a se fabric\u00f3 desde 1942 y dej\u00f3 de volar en 1978.","breadcrumb":{"@id":"https:\/\/www.elrincondelosfamosos.com\/barbaricia\/fuerza-aerea\/junkers-ju-52\/#breadcrumb"},"inLanguage":"es","potentialAction":[{"@type":"ReadAction","target":["https:\/\/www.elrincondelosfamosos.com\/barbaricia\/fuerza-aerea\/junkers-ju-52\/"]}]},{"@type":"ImageObject","inLanguage":"es","@id":"https:\/\/www.elrincondelosfamosos.com\/barbaricia\/fuerza-aerea\/junkers-ju-52\/#primaryimage","url":"https:\/\/www.elrincondelosfamosos.com\/barbaricia\/wp-content\/uploads\/2020\/02\/junkers52_21.jpg","contentUrl":"https:\/\/www.elrincondelosfamosos.com\/barbaricia\/wp-content\/uploads\/2020\/02\/junkers52_21.jpg","width":800,"height":600,"caption":"Junkers Ju 52"},{"@type":"BreadcrumbList","@id":"https:\/\/www.elrincondelosfamosos.com\/barbaricia\/fuerza-aerea\/junkers-ju-52\/#breadcrumb","itemListElement":[{"@type":"ListItem","position":1,"name":"Inicio","item":"https:\/\/www.elrincondelosfamosos.com\/barbaricia\/"},{"@type":"ListItem","position":2,"name":"Fuerza a\u00e9rea","item":"https:\/\/www.elrincondelosfamosos.com\/barbaricia\/fuerza-aerea\/"},{"@type":"ListItem","position":3,"name":"Junkers Ju 52"}]},{"@type":"WebSite","@id":"https:\/\/www.elrincondelosfamosos.com\/barbaricia\/#website","url":"https:\/\/www.elrincondelosfamosos.com\/barbaricia\/","name":"Barbaricia Maquetas","description":"Maquetas y miniaturas realizadas por Antonio Lasala Gracia","potentialAction":[{"@type":"SearchAction","target":{"@type":"EntryPoint","urlTemplate":"https:\/\/www.elrincondelosfamosos.com\/barbaricia\/?s={search_term_string}"},"query-input":{"@type":"PropertyValueSpecification","valueRequired":true,"valueName":"search_term_string"}}],"inLanguage":"es"}]}},"_links":{"self":[{"href":"https:\/\/www.elrincondelosfamosos.com\/barbaricia\/wp-json\/wp\/v2\/pages\/2841","targetHints":{"allow":["GET"]}}],"collection":[{"href":"https:\/\/www.elrincondelosfamosos.com\/barbaricia\/wp-json\/wp\/v2\/pages"}],"about":[{"href":"https:\/\/www.elrincondelosfamosos.com\/barbaricia\/wp-json\/wp\/v2\/types\/page"}],"author":[{"embeddable":true,"href":"https:\/\/www.elrincondelosfamosos.com\/barbaricia\/wp-json\/wp\/v2\/users\/2"}],"replies":[{"embeddable":true,"href":"https:\/\/www.elrincondelosfamosos.com\/barbaricia\/wp-json\/wp\/v2\/comments?post=2841"}],"version-history":[{"count":27,"href":"https:\/\/www.elrincondelosfamosos.com\/barbaricia\/wp-json\/wp\/v2\/pages\/2841\/revisions"}],"predecessor-version":[{"id":7427,"href":"https:\/\/www.elrincondelosfamosos.com\/barbaricia\/wp-json\/wp\/v2\/pages\/2841\/revisions\/7427"}],"up":[{"embeddable":true,"href":"https:\/\/www.elrincondelosfamosos.com\/barbaricia\/wp-json\/wp\/v2\/pages\/2711"}],"wp:featuredmedia":[{"embeddable":true,"href":"https:\/\/www.elrincondelosfamosos.com\/barbaricia\/wp-json\/wp\/v2\/media\/2840"}],"wp:attachment":[{"href":"https:\/\/www.elrincondelosfamosos.com\/barbaricia\/wp-json\/wp\/v2\/media?parent=2841"}],"curies":[{"name":"wp","href":"https:\/\/api.w.org\/{rel}","templated":true}]}}