{"id":1041,"date":"2019-03-14T00:13:27","date_gmt":"2019-03-13T22:13:27","guid":{"rendered":"https:\/\/www.elrincondelosfamosos.com\/barbaricia\/?page_id=1041"},"modified":"2023-03-15T22:29:32","modified_gmt":"2023-03-15T20:29:32","slug":"miniaturas-tropas-alemanas-montana","status":"publish","type":"page","link":"https:\/\/www.elrincondelosfamosos.com\/barbaricia\/figuras-en-miniatura\/miniaturas-tropas-alemanas-montana\/","title":{"rendered":"Miniaturas de las Tropas de Monta\u00f1a Alemanas"},"content":{"rendered":"<p><img loading=\"lazy\" decoding=\"async\" class=\"wp-image-1070 size-medium alignleft\" title=\"Tropas alemanas de monta\u00f1a\" src=\"https:\/\/www.elrincondelosfamosos.com\/barbaricia\/wp-content\/uploads\/2019\/03\/tropas-alemanas-montana-0-300x225.jpg\" alt=\"Tropas alemanas de monta\u00f1a\" width=\"300\" height=\"225\" srcset=\"https:\/\/www.elrincondelosfamosos.com\/barbaricia\/wp-content\/uploads\/2019\/03\/tropas-alemanas-montana-0-300x225.jpg 300w, https:\/\/www.elrincondelosfamosos.com\/barbaricia\/wp-content\/uploads\/2019\/03\/tropas-alemanas-montana-0-768x576.jpg 768w, https:\/\/www.elrincondelosfamosos.com\/barbaricia\/wp-content\/uploads\/2019\/03\/tropas-alemanas-montana-0.jpg 800w\" sizes=\"auto, (max-width: 300px) 100vw, 300px\" \/>En esta ocasi\u00f3n he trabajado con soldados de escala 1\/72 de la marca Airfix. Creo que ya descatalogados y que los he conseguido en Ebay. Son una buena colecci\u00f3n porque los soldados presentan diferentes posiciones y equipos (caballos, esqu\u00eds, ametralladoras pesadas, cajas&#8230;)<\/p>\n<h2>GEBIRGSJ\u00c4GER (Cazador de monta\u00f1a)<\/h2>\n<p>No solo fueron especialistas perfectamente equipados para el combate de monta\u00f1a, sino tambi\u00e9n tropas vers\u00e1tiles dispuestas a ser empleadas en acciones variopintas. Su origen se remonta a 1915, en plena <strong>Primera Guerra Mundial<\/strong>, cuando sobresalieron por su operatividad y por la competencia de sus oficiales.<\/p>\n<p>Los aguerridos <strong>Gebirgsj\u00e4ger<\/strong>, concebidos como fuerza de combate ligera, lucharon principalmente como unidades de infanter\u00eda de asalto, labor en la que destacaron especialmente, debido en gran parte a su extraordinaria preparaci\u00f3n f\u00edsica (acostumbrados a escalar monta\u00f1as y cargando con una considerable cantidad de equipo personal).<\/p>\n<p>Ciertas prendas del uniforme, como el anorak reversible verde y blanco, el uso de botas de monta\u00f1a claveteadas, as\u00ed como el empleo de parches de tela representando la flor edelweiss (en la guerrera y en la gorra de monta\u00f1a de dos botones M43) fueron los signos que identificaron a las tropas de monta\u00f1a alemanas.<\/p>\n<h2>Fotos de figuras de la tropas de Monta\u00f1a Alemanas escala 1:72<\/h2>\n<p style=\"text-align: justify;\"><style>\r\n\/*===== general options =========*\/\r\na {\r\n    box-shadow: none !important;\r\n}\r\n\r\n.view *:not(i), .album_categories *, .album_back_button *, #album_disabled_layer {\r\n    font-family: sans-serif, Arial, Verdana, Sylfaen !important;\r\n}\r\n\r\n#album_disabled_layer {\r\n    display: none;\r\n    position: absolute;\r\n    width: 100%;\r\n    height: 100%;\r\n    text-align: center;\r\n    background-color: transparent;\r\n    z-index: 10;\r\n    padding-top: 20px;\r\n    color: #fff;\r\n}\r\n\r\n#album_list_container {\r\n    position: relative;\r\n}\r\n\r\n\/* ====================== album onhover styles ==========================*\/\r\n\r\n#album_list .view {\r\n    -webkit-box-sizing: border-box;\r\n    -moz-box-sizing: border-box;\r\n    -o-box-sizing: border-box;\r\n    display: none;\r\n\r\n}\r\n\r\n.view .mask,\r\n.view .content {\r\n    width: 100%;\r\n    height: 100%;\r\n    position: absolute;\r\n    overflow: hidden;\r\n    top: 0;\r\n    left: 0;\r\n}\r\n\r\n.view h2 {\r\n    text-transform: uppercase;\r\n    color: #fff;\r\n    text-align: center;\r\n    position: relative;\r\n    font-size: 17px;\r\n    font-family: Raleway, serif;\r\n    padding: 10px;\r\n    \/*background: rgba(0, 0, 0, 0.8);*\/\r\n    margin: 20px 0 0 0;\r\n\r\n}\r\n\r\n.album_back_button a, .view a {\r\n    text-decoration: none !important;\r\n}\r\n\r\n.view p {\r\n    font-family: Merriweather, serif;\r\n    font-style: italic;\r\n    font-size: 14px;\r\n    position: relative;\r\n    color: #fff;\r\n    padding: 0px 20px 0px;\r\n    text-align: center;\r\n\r\n}\r\n\r\n.view a.info {\r\n    display: inline-block;\r\n    text-decoration: none;\r\n    font-size: 13px;\r\n    padding: 2px 14px;\r\n    margin-bottom: 3px;\r\n    background: #000;\r\n    color: #fff;\r\n    font-family: Raleway, serif;\r\n    text-transform: uppercase;\r\n    box-shadow: 0 0 1px #000\r\n}\r\n\r\n.mask-text h2 {\r\n    font-size: 20px !important;\r\n}\r\n\r\n.view a.info:hover {\r\n    box-shadow: 0 0 5px #000\r\n}\r\n\r\n.view .mask-bg {\r\n    height: 100%;\r\n}\r\n\r\n.view .album_social {\r\n    color: #fff;\r\n    position: absolute;\r\n    bottom: 3px;\r\n    left: 3px;\r\n    border: 1px solid #ffffff;\r\n    -webkit-border-radius: 3px;\r\n    -moz-border-radius: 3px;\r\n    border-radius: 3px;\r\n    padding: 3px 5px;\r\n\r\n}\r\n\r\n.view .album_social:active, .view .album_social:focus, .view .album_social:hover {\r\n    color: #ffffff;\r\n    outline: none;\r\n}\r\n\r\n\/*1*\/\r\n\r\n.view .info {\r\n    margin-top: 5px;\r\n}\r\n\r\n.view-first .mask {\r\n    opacity: 0;\r\n    background-color: rgba(0, 0, 0, 0.7);\r\n    transition: all 0.4s ease-in-out;\r\n\r\n}\r\n\r\n.view-first h2 {\r\n    transform: translateY(-100px);\r\n    opacity: 0;\r\n    font-family: Raleway, serif;\r\n    transition: all 0.2s ease-in-out;\r\n}\r\n\r\n.view-first p {\r\n    transform: translateY(100px);\r\n    opacity: 0;\r\n    transition: all 0.2s linear;\r\n}\r\n\r\n.view-first a.info {\r\n    opacity: 0;\r\n    transition: all 0.2s ease-in-out;\r\n}\r\n\r\n\/* *\/\r\n\r\n.view-first:hover img {\r\n    \/*transform: scale(1.1);*\/\r\n}\r\n\r\n.view-first:hover .mask {\r\n    opacity: 1;\r\n}\r\n\r\n.view-first:hover h2,\r\n.view-first:hover p,\r\n.view-first:hover a.info {\r\n    opacity: 1;\r\n    transform: translateY(0px);\r\n}\r\n\r\n.view-first:hover p {\r\n    transition-delay: 0.1s;\r\n}\r\n\r\n.view-first:hover a.info {\r\n    transition-delay: 0.2s;\r\n}\r\n\r\n\/*2*\/\r\n.view-second img {\r\n    -webkit-filter: grayscale(0) blur(0);\r\n    filter: grayscale(0) blur(0);\r\n    -webkit-transition: .3s ease-in-out;\r\n    transition: .3s ease-in-out;\r\n}\r\n\r\n.view-second .mask {\r\n    background-color: rgba(226, 200, 127, 0.2);\r\n    transition: all 0.5s linear;\r\n    opacity: 0;\r\n}\r\n\r\n.view-second h2 {\r\n    background: transparent;\r\n    margin: 20px 40px 0px 40px;\r\n    transform: scale(0);\r\n    color: #333;\r\n    transition: all 0.5s linear;\r\n    opacity: 0;\r\n}\r\n\r\n.view-second p {\r\n    opacity: 0;\r\n    transform: scale(0);\r\n    transition: all 0.5s linear;\r\n}\r\n\r\n.view-second a.info {\r\n    opacity: 0;\r\n    transform: scale(0);\r\n    transition: all 0.5s linear;\r\n}\r\n\r\n.view-second:hover img {\r\n    -webkit-filter: grayscale(100%) blur(3px);\r\n    filter: grayscale(100%) blur(3px);\r\n}\r\n\r\n.view-second:hover .mask {\r\n    opacity: 1;\r\n}\r\n\r\n.view-second:hover h2,\r\n.view-second:hover p,\r\n.view-second:hover a.info {\r\n    transform: scale(1);\r\n    opacity: 1;\r\n}\r\n\r\n.view-second img {\r\n    -webkit-filter: grayscale(0) blur(0);\r\n    filter: grayscale(0) blur(0);\r\n    -webkit-transition: .3s ease-in-out;\r\n    transition: .3s ease-in-out;\r\n}\r\n\r\n.view-second:hover img {\r\n    -webkit-filter: grayscale(100%) blur(3px);\r\n    filter: grayscale(100%) blur(3px);\r\n}\r\n\r\n\/*3*\/\r\n\r\n.view-third img {\r\n    transform: scaleY(1);\r\n    transition: all .7s ease-in-out;\r\n}\r\n\r\n.view-third a.info {\r\n    opacity: 0;\r\n    transform: scale(0);\r\n    transition: all 0.5s linear;\r\n}\r\n\r\n.view-third:hover img {\r\n    -webkit-transform: scale(10);\r\n    transform: scale(10);\r\n    opacity: 0;\r\n}\r\n\r\n.view-third:hover .mask {\r\n    opacity: 1;\r\n}\r\n\r\n.view-third:hover h2,\r\n.view-third:hover p,\r\n.view-third:hover a.info {\r\n    transform: scale(1);\r\n    opacity: 1;\r\n}\r\n\r\n\/* ==== view 4 ===*\/\r\n\r\n.view-forth-wrapper {\r\n    overflow: hidden;\r\n    position: relative !important;\r\n    height: 100%;\r\n    \/* cursor: pointer;*\/\r\n}\r\n\r\n.view-forth img {\r\n    max-width: 100%;\r\n    position: relative;\r\n    top: 0;\r\n    -webkit-transition: all 600ms cubic-bezier(0.645, 0.045, 0.355, 1);\r\n    transition: all 600ms cubic-bezier(0.645, 0.045, 0.355, 1);\r\n}\r\n\r\n.view-forth .mask {\r\n    position: absolute;\r\n    width: 100%;\r\n    \/*    height: 70px;*\/\r\n    \/*    bottom: -70px;*\/\r\n    height: 50%;\r\n    bottom: -50%;\r\n    -webkit-transition: all 300ms cubic-bezier(0.645, 0.045, 0.355, 1);\r\n    transition: all 300ms cubic-bezier(0.645, 0.045, 0.355, 1);\r\n    top: inherit;\r\n}\r\n\r\n.view-forth:hover .mask {\r\n    bottom: 0;\r\n}\r\n\r\n.view-forth:hover img {\r\n    top: -30px;\r\n}\r\n\r\n\/*==  view 5 ==*\/\r\n\r\n.view-fifth .view-fifth-wrapper,\r\n.view-fifth .view-fifth-wrapper img {\r\n    display: block;\r\n    position: relative;\r\n}\r\n\r\n.view-fifth .view-fifth-wrapper {\r\n    overflow: hidden;\r\n    height: 100%;\r\n}\r\n\r\n.view-fifth .view-fifth-wrapper .mask {\r\n    display: none;\r\n    position: absolute;\r\n    background: #333;\r\n    background: rgba(75, 75, 75, 0.7);\r\n    width: 100%;\r\n    height: 100%;\r\n}\r\n\r\n\/* ====================== album category styles ==========================*\/\r\n\r\n#filters {\r\n    margin: 1% 0;\r\n    padding: 0;\r\n    list-style: none;\r\n    list-style-type: none !important;\r\n\r\n}\r\n\r\n#filters li {\r\n    float: left;\r\n    list-style-type: none !important;\r\n}\r\n\r\n#filters li:first-child span {\r\n    margin-left: 0px;\r\n}\r\n\r\n#filters li span {\r\n    display: block;\r\n    text-decoration: none;\r\n    cursor: pointer;\r\n}\r\n\r\n.album_categories {\r\n    list-style-type: none;\r\n    margin: 0;\r\n    padding: 0;\r\n    overflow: hidden;\r\n    padding-top: 5px;\r\n}\r\n\r\n\/*=========  sharing buttons  ============*\/\r\n\r\n.album_socials {\r\n    position: relative;\r\n    top: 3px;\r\n    width: 100px;\r\n    height: 28px;\r\n    margin: 0 auto;\r\n}\r\n\r\n.album_socials .rwd-share-buttons {\r\n    top: 0px !important;\r\n    width: 100% !important;\r\n    margin: 0px !important;\r\n}\r\n\r\n.album_socials a {\r\n    text-decoration: underline !important;\r\n}\r\n\r\n.gallery_images, .album_image_place {\r\n    margin-top: 15px;\r\n    margin-top: 15px;\r\n}\r\n\r\n#rwd-share-facebook:hover {\r\n    background-position: 0 -31px !important;\r\n}\r\n\r\n#rwd-share-twitter:hover {\r\n    background-position: -31px 32px !important;\r\n}\r\n\r\n#rwd-share-googleplus:hover {\r\n    background-position: -66px -31px !important;\r\n}\r\n\r\n.rwd-share-buttons li, .rwd-share-buttons li a {\r\n    width: 26px !important;\r\n    border: 0px !important;\r\n}\r\n\r\n.rwd-share-buttons {\r\n    top: 0 !important;\r\n}\r\n\r\n.img_link_btn {\r\n    position: absolute;\r\n    z-index: 99999;\r\n    bottom: 0;\r\n    left: 0;\r\n    right: 0;\r\n    width: 100%;\r\n    padding: 8px;\r\n}\r\n\r\n.rwd-title {\r\n    padding: 10px 0px !important;\r\n}\r\n\r\n@media only screen and (max-width: 475px) {\r\n    .rwd-share-buttons {\r\n        top: -25px !important;\r\n    }\r\n\r\n    .rwd-title-text {\r\n        line-height: 15px;\r\n    }\r\n}\r\n\r\n\/*=========  hover style ===========*\/\r\n\r\n#hover {\r\n    color: rgba(188, 175, 204, 0.9);\r\n}\r\n\r\nh2#testimonials {\r\n    color: #fffae3;\r\n}\r\n\r\ndiv#all {\r\n    width: 100%;\r\n    height: 100%;\r\n}\r\n\r\n.view img {\r\n    height: auto;\r\n}\r\n\r\n.view {\r\n    color: #fff;\r\n    margin: 0 10px 10px 0;\r\n    overflow: hidden;\r\n    position: relative;\r\n    text-align: center;\r\n    float: left;\r\n    cursor: default;\r\n    border: 1px solid #ccc;\r\n}\r\n\r\n.view-wrapper {\r\n    height: 100%;\r\n}\r\n\r\n.view img {\r\n    display: block;\r\n    position: relative;\r\n    transition: all 0.2s linear;\r\n    height: 100%;\r\n    width: auto;\r\n    max-width: 100%;\r\n    margin: 0 auto;\r\n}\r\n\r\n.mask-text h2 {\r\n    font-size: 20px !important;\r\n    margin-top: 20px !important;\r\n}\r\n\r\n\/* view 1 *\/\r\n\r\n.view-first .text-category, .view-first .mask-text h2, .view-first .mask-text p {\r\n    color: #fff;\r\n}\r\n\r\n\/*  view 2 *\/\r\n.view-second .text-category, .view-second .mask-text h2, .view-second p {\r\n    color: #333;\r\n}\r\n\r\n.view-second .mask-text h2 {\r\n    border-bottom: 1px solid #333;\r\n}\r\n\r\n\/* view 3*\/\r\n.view-third .mask {\r\n    background-color: #ccc;\r\n    transition: all 0.5s linear;\r\n    opacity: 0;\r\n    color: #333;\r\n}\r\n\r\n.view-third h2 {\r\n    border-bottom: 1px solid #333;\r\n    background: transparent;\r\n    margin: 20px 40px 0px 40px;\r\n    transform: scale(0);\r\n    color: #333;\r\n    transition: all 0.5s linear;\r\n    opacity: 0;\r\n}\r\n\r\n.view-third p {\r\n    color: #333;\r\n    opacity: 0;\r\n    transform: scale(0);\r\n    transition: all 0.5s linear;\r\n}\r\n\r\n.view-third .text-category {\r\n    color: #333;\r\n}\r\n\r\n\/* view 4 *\/\r\n\r\n.view-forth .mask-bg {\r\n    background: #333;\r\n    width: 100%;\r\n    height: 100%;\r\n    position: absolute;\r\n    top: 0;\r\n    left: 0;\r\n}\r\n\r\n.view-forth .mask-text {\r\n    color: #fff;\r\n    position: relative;\r\n    z-index: 500;\r\n    padding: 5px 8px;\r\n}\r\n\r\n.view-forth .mask-text h2 {\r\n    margin: 0px;\r\n    font-size: 13px;\r\n    padding: 2px;\r\n    color: #fff;\r\n}\r\n\r\n.view-forth .mask-text h2:hover {\r\n    cursor: pointer;\r\n}\r\n\r\n.view-forth .text-category {\r\n    display: block;\r\n    font-size: 15px;\r\n    color: #fff;\r\n}\r\n\r\n.view-forth p {\r\n    color: #fff;\r\n}\r\n\r\n\/* view 5 *\/\r\n.view-fifth .text-category, .view-fifth .text-category *, .view-fifth .mask-text h2, .view-fifth .mask-text p {\r\n    color: #fff;\r\n}\r\n\r\n<\/style><div id=\"mygallery_wrapper_17\" class=\"gallery-img-content clear\"\r\n     data-gallery-id=\"17\" data-content-per-page=\"5\"\r\n     data-rating-type=\"off\">\r\n    <div id=\"mygallery_17\" class=\"mygallery view-justified clear\">\r\n                <input type=\"hidden\" id=\"total\" value=\"8\"\/>\r\n                                                <a class=\"gallery_group17\" href=\"https:\/\/www.elrincondelosfamosos.com\/barbaricia\/wp-content\/uploads\/2019\/03\/g12_montanaleman01.jpg\"\r\n                       title=\"Figuras para pintar\">\r\n                        <img decoding=\"async\" id=\"wd-cl-img0\"\r\n                             alt=\"Figuras para pintar\"\r\n                             src=\"https:\/\/www.elrincondelosfamosos.com\/barbaricia\/wp-content\/uploads\/2019\/03\/g12_montanaleman01.jpg\"\/>\r\n                                            <\/a>\r\n                    <input type=\"hidden\" class=\"pagenum\" value=\"1\"\/>\r\n                                                                            <a class=\"gallery_group17\" href=\"https:\/\/www.elrincondelosfamosos.com\/barbaricia\/wp-content\/uploads\/2019\/03\/g12_montanaleman02.jpg\"\r\n                       title=\"Miniaturas de tropa alemana de monta\u00f1a\">\r\n                        <img decoding=\"async\" id=\"wd-cl-img1\"\r\n                             alt=\"Miniaturas de tropa alemana de monta\u00f1a\"\r\n                             src=\"https:\/\/www.elrincondelosfamosos.com\/barbaricia\/wp-content\/uploads\/2019\/03\/g12_montanaleman02.jpg\"\/>\r\n                                            <\/a>\r\n                    <input type=\"hidden\" class=\"pagenum\" value=\"1\"\/>\r\n                                                                            <a class=\"gallery_group17\" href=\"https:\/\/www.elrincondelosfamosos.com\/barbaricia\/wp-content\/uploads\/2019\/03\/g12_montanaleman03.jpg\"\r\n                       title=\"Miniaturas 1\/72 de soldados en diversas posiciones\">\r\n                        <img decoding=\"async\" id=\"wd-cl-img2\"\r\n                             alt=\"Miniaturas 1\/72 de soldados en diversas posiciones\"\r\n                             src=\"https:\/\/www.elrincondelosfamosos.com\/barbaricia\/wp-content\/uploads\/2019\/03\/g12_montanaleman03.jpg\"\/>\r\n                                            <\/a>\r\n                    <input type=\"hidden\" class=\"pagenum\" value=\"1\"\/>\r\n                                                                            <a class=\"gallery_group17\" href=\"https:\/\/www.elrincondelosfamosos.com\/barbaricia\/wp-content\/uploads\/2019\/03\/g12_montanaleman04.jpg\"\r\n                       title=\"Soldados escalando la monta\u00f1a\">\r\n                        <img decoding=\"async\" id=\"wd-cl-img3\"\r\n                             alt=\"Soldados escalando la monta\u00f1a\"\r\n                             src=\"https:\/\/www.elrincondelosfamosos.com\/barbaricia\/wp-content\/uploads\/2019\/03\/g12_montanaleman04.jpg\"\/>\r\n                                            <\/a>\r\n                    <input type=\"hidden\" class=\"pagenum\" value=\"1\"\/>\r\n                                                                            <a class=\"gallery_group17\" href=\"https:\/\/www.elrincondelosfamosos.com\/barbaricia\/wp-content\/uploads\/2019\/03\/g12_montanaleman05.jpg\"\r\n                       title=\"Soldado picando en la roca\">\r\n                        <img decoding=\"async\" id=\"wd-cl-img4\"\r\n                             alt=\"Soldado picando en la roca\"\r\n                             src=\"https:\/\/www.elrincondelosfamosos.com\/barbaricia\/wp-content\/uploads\/2019\/03\/g12_montanaleman05.jpg\"\/>\r\n                                            <\/a>\r\n                    <input type=\"hidden\" class=\"pagenum\" value=\"1\"\/>\r\n                                                                            <a class=\"gallery_group17\" href=\"https:\/\/www.elrincondelosfamosos.com\/barbaricia\/wp-content\/uploads\/2019\/03\/g12_montanaleman06.jpg\"\r\n                       title=\"Soldado escala 1\/72 haciendo se\u00f1ales\">\r\n                        <img decoding=\"async\" id=\"wd-cl-img5\"\r\n                             alt=\"Soldado escala 1\/72 haciendo se\u00f1ales\"\r\n                             src=\"https:\/\/www.elrincondelosfamosos.com\/barbaricia\/wp-content\/uploads\/2019\/03\/g12_montanaleman06.jpg\"\/>\r\n                                            <\/a>\r\n                    <input type=\"hidden\" class=\"pagenum\" value=\"1\"\/>\r\n                                                                            <a class=\"gallery_group17\" href=\"https:\/\/www.elrincondelosfamosos.com\/barbaricia\/wp-content\/uploads\/2019\/03\/g12_montanaleman07.jpg\"\r\n                       title=\"Disparo cuerpo a tierra\">\r\n                        <img decoding=\"async\" id=\"wd-cl-img6\"\r\n                             alt=\"Disparo cuerpo a tierra\"\r\n                             src=\"https:\/\/www.elrincondelosfamosos.com\/barbaricia\/wp-content\/uploads\/2019\/03\/g12_montanaleman07.jpg\"\/>\r\n                                            <\/a>\r\n                    <input type=\"hidden\" class=\"pagenum\" value=\"1\"\/>\r\n                                                                            <a class=\"gallery_group17\" href=\"https:\/\/www.elrincondelosfamosos.com\/barbaricia\/wp-content\/uploads\/2019\/03\/g12_montanaleman34.jpg\"\r\n                       title=\"Soldado disparando desde una colina\">\r\n                        <img decoding=\"async\" id=\"wd-cl-img7\"\r\n                             alt=\"Soldado disparando desde una colina\"\r\n                             src=\"https:\/\/www.elrincondelosfamosos.com\/barbaricia\/wp-content\/uploads\/2019\/03\/g12_montanaleman34.jpg\"\/>\r\n                                            <\/a>\r\n                    <input type=\"hidden\" class=\"pagenum\" value=\"1\"\/>\r\n                                                                            <a class=\"gallery_group17\" href=\"https:\/\/www.elrincondelosfamosos.com\/barbaricia\/wp-content\/uploads\/2019\/03\/g12_montanaleman08.jpg\"\r\n                       title=\"Miniatura de caballo transportando material\">\r\n                        <img decoding=\"async\" id=\"wd-cl-img8\"\r\n                             alt=\"Miniatura de caballo transportando material\"\r\n                             src=\"https:\/\/www.elrincondelosfamosos.com\/barbaricia\/wp-content\/uploads\/2019\/03\/g12_montanaleman08.jpg\"\/>\r\n                                            <\/a>\r\n                    <input type=\"hidden\" class=\"pagenum\" value=\"1\"\/>\r\n                                                                            <a class=\"gallery_group17\" href=\"https:\/\/www.elrincondelosfamosos.com\/barbaricia\/wp-content\/uploads\/2019\/03\/g12_montanaleman09.jpg\"\r\n                       title=\"Mensajero en bici\">\r\n                        <img decoding=\"async\" id=\"wd-cl-img9\"\r\n                             alt=\"Mensajero en bici\"\r\n                             src=\"https:\/\/www.elrincondelosfamosos.com\/barbaricia\/wp-content\/uploads\/2019\/03\/g12_montanaleman09.jpg\"\/>\r\n                                            <\/a>\r\n                    <input type=\"hidden\" class=\"pagenum\" value=\"1\"\/>\r\n                                                                            <a class=\"gallery_group17\" href=\"https:\/\/www.elrincondelosfamosos.com\/barbaricia\/wp-content\/uploads\/2019\/03\/g12_montanaleman10.jpg\"\r\n                       title=\"Escalador de monta\u00f1a\">\r\n                        <img decoding=\"async\" id=\"wd-cl-img10\"\r\n                             alt=\"Escalador de monta\u00f1a\"\r\n                             src=\"https:\/\/www.elrincondelosfamosos.com\/barbaricia\/wp-content\/uploads\/2019\/03\/g12_montanaleman10.jpg\"\/>\r\n                                            <\/a>\r\n                    <input type=\"hidden\" class=\"pagenum\" value=\"1\"\/>\r\n                                                                            <a class=\"gallery_group17\" href=\"https:\/\/www.elrincondelosfamosos.com\/barbaricia\/wp-content\/uploads\/2019\/03\/g12_montanaleman35.jpg\"\r\n                       title=\"Miniaturas de soldados en misi\u00f3n de reconocimiento\">\r\n                        <img decoding=\"async\" id=\"wd-cl-img11\"\r\n                             alt=\"Miniaturas de soldados en misi\u00f3n de reconocimiento\"\r\n                             src=\"https:\/\/www.elrincondelosfamosos.com\/barbaricia\/wp-content\/uploads\/2019\/03\/g12_montanaleman35.jpg\"\/>\r\n                                            <\/a>\r\n                    <input type=\"hidden\" class=\"pagenum\" value=\"1\"\/>\r\n                                                                            <a class=\"gallery_group17\" href=\"https:\/\/www.elrincondelosfamosos.com\/barbaricia\/wp-content\/uploads\/2019\/03\/g12_montanaleman11.jpg\"\r\n                       title=\"Soldados observando el terreno\">\r\n                        <img decoding=\"async\" id=\"wd-cl-img12\"\r\n                             alt=\"Soldados observando el terreno\"\r\n                             src=\"https:\/\/www.elrincondelosfamosos.com\/barbaricia\/wp-content\/uploads\/2019\/03\/g12_montanaleman11.jpg\"\/>\r\n                                            <\/a>\r\n                    <input type=\"hidden\" class=\"pagenum\" value=\"1\"\/>\r\n                                                                            <a class=\"gallery_group17\" href=\"https:\/\/www.elrincondelosfamosos.com\/barbaricia\/wp-content\/uploads\/2019\/03\/g12_montanaleman12.jpg\"\r\n                       title=\"Unidad de tropa de monta\u00f1a alemana\">\r\n                        <img decoding=\"async\" id=\"wd-cl-img13\"\r\n                             alt=\"Unidad de tropa de monta\u00f1a alemana\"\r\n                             src=\"https:\/\/www.elrincondelosfamosos.com\/barbaricia\/wp-content\/uploads\/2019\/03\/g12_montanaleman12.jpg\"\/>\r\n                                            <\/a>\r\n                    <input type=\"hidden\" class=\"pagenum\" value=\"1\"\/>\r\n                                                                            <a class=\"gallery_group17\" href=\"https:\/\/www.elrincondelosfamosos.com\/barbaricia\/wp-content\/uploads\/2019\/03\/g12_montanaleman13.jpg\"\r\n                       title=\"Tiradores con la chaqueta de camuflaje de nieve\">\r\n                        <img decoding=\"async\" id=\"wd-cl-img14\"\r\n                             alt=\"Tiradores con la chaqueta de camuflaje de nieve\"\r\n                             src=\"https:\/\/www.elrincondelosfamosos.com\/barbaricia\/wp-content\/uploads\/2019\/03\/g12_montanaleman13.jpg\"\/>\r\n                                            <\/a>\r\n                    <input type=\"hidden\" class=\"pagenum\" value=\"1\"\/>\r\n                                                                            <a class=\"gallery_group17\" href=\"https:\/\/www.elrincondelosfamosos.com\/barbaricia\/wp-content\/uploads\/2019\/03\/g12_montanaleman14.jpg\"\r\n                       title=\"Esquiadores con chaqueta reversible\">\r\n                        <img decoding=\"async\" id=\"wd-cl-img15\"\r\n                             alt=\"Esquiadores con chaqueta reversible\"\r\n                             src=\"https:\/\/www.elrincondelosfamosos.com\/barbaricia\/wp-content\/uploads\/2019\/03\/g12_montanaleman14.jpg\"\/>\r\n                                            <\/a>\r\n                    <input type=\"hidden\" class=\"pagenum\" value=\"1\"\/>\r\n                                                                            <a class=\"gallery_group17\" href=\"https:\/\/www.elrincondelosfamosos.com\/barbaricia\/wp-content\/uploads\/2019\/03\/g12_montanaleman15.jpg\"\r\n                       title=\"Miniaturas de soldados del equipo de combate\">\r\n                        <img decoding=\"async\" id=\"wd-cl-img16\"\r\n                             alt=\"Miniaturas de soldados del equipo de combate\"\r\n                             src=\"https:\/\/www.elrincondelosfamosos.com\/barbaricia\/wp-content\/uploads\/2019\/03\/g12_montanaleman15.jpg\"\/>\r\n                                            <\/a>\r\n                    <input type=\"hidden\" class=\"pagenum\" value=\"1\"\/>\r\n                                                                            <a class=\"gallery_group17\" href=\"https:\/\/www.elrincondelosfamosos.com\/barbaricia\/wp-content\/uploads\/2019\/03\/g12_montanaleman16.jpg\"\r\n                       title=\"Esquiadores alemanes escala 1\/72\">\r\n                        <img decoding=\"async\" id=\"wd-cl-img17\"\r\n                             alt=\"Esquiadores alemanes escala 1\/72\"\r\n                             src=\"https:\/\/www.elrincondelosfamosos.com\/barbaricia\/wp-content\/uploads\/2019\/03\/g12_montanaleman16.jpg\"\/>\r\n                                            <\/a>\r\n                    <input type=\"hidden\" class=\"pagenum\" value=\"1\"\/>\r\n                                                                            <a class=\"gallery_group17\" href=\"https:\/\/www.elrincondelosfamosos.com\/barbaricia\/wp-content\/uploads\/2019\/03\/g12_montanaleman17.jpg\"\r\n                       title=\"Miniaturas en diferentes acciones\">\r\n                        <img decoding=\"async\" id=\"wd-cl-img18\"\r\n                             alt=\"Miniaturas en diferentes acciones\"\r\n                             src=\"https:\/\/www.elrincondelosfamosos.com\/barbaricia\/wp-content\/uploads\/2019\/03\/g12_montanaleman17.jpg\"\/>\r\n                                            <\/a>\r\n                    <input type=\"hidden\" class=\"pagenum\" value=\"1\"\/>\r\n                                                                            <a class=\"gallery_group17\" href=\"https:\/\/www.elrincondelosfamosos.com\/barbaricia\/wp-content\/uploads\/2019\/03\/g12_montanaleman18.jpg\"\r\n                       title=\"Vista general de la colecci\u00f3n\">\r\n                        <img decoding=\"async\" id=\"wd-cl-img19\"\r\n                             alt=\"Vista general de la colecci\u00f3n\"\r\n                             src=\"https:\/\/www.elrincondelosfamosos.com\/barbaricia\/wp-content\/uploads\/2019\/03\/g12_montanaleman18.jpg\"\/>\r\n                                            <\/a>\r\n                    <input type=\"hidden\" class=\"pagenum\" value=\"1\"\/>\r\n                                                                            <a class=\"gallery_group17\" href=\"https:\/\/www.elrincondelosfamosos.com\/barbaricia\/wp-content\/uploads\/2019\/03\/g12_montanaleman19.jpg\"\r\n                       title=\"Detalle de la equipaci\u00f3n personal\">\r\n                        <img decoding=\"async\" id=\"wd-cl-img20\"\r\n                             alt=\"Detalle de la equipaci\u00f3n personal\"\r\n                             src=\"https:\/\/www.elrincondelosfamosos.com\/barbaricia\/wp-content\/uploads\/2019\/03\/g12_montanaleman19.jpg\"\/>\r\n                                            <\/a>\r\n                    <input type=\"hidden\" class=\"pagenum\" value=\"1\"\/>\r\n                                                                            <a class=\"gallery_group17\" href=\"https:\/\/www.elrincondelosfamosos.com\/barbaricia\/wp-content\/uploads\/2019\/03\/g12_montanaleman20.jpg\"\r\n                       title=\"Vista frontal y trasera de las figuras\">\r\n                        <img decoding=\"async\" id=\"wd-cl-img21\"\r\n                             alt=\"Vista frontal y trasera de las figuras\"\r\n                             src=\"https:\/\/www.elrincondelosfamosos.com\/barbaricia\/wp-content\/uploads\/2019\/03\/g12_montanaleman20.jpg\"\/>\r\n                                            <\/a>\r\n                    <input type=\"hidden\" class=\"pagenum\" value=\"1\"\/>\r\n                                                                            <a class=\"gallery_group17\" href=\"https:\/\/www.elrincondelosfamosos.com\/barbaricia\/wp-content\/uploads\/2019\/03\/g12_montanaleman21.jpg\"\r\n                       title=\"Soldados con arma de fuego, pala, bayoneta y cantimplora\">\r\n                        <img decoding=\"async\" id=\"wd-cl-img22\"\r\n                             alt=\"Soldados con arma de fuego, pala, bayoneta y cantimplora\"\r\n                             src=\"https:\/\/www.elrincondelosfamosos.com\/barbaricia\/wp-content\/uploads\/2019\/03\/g12_montanaleman21.jpg\"\/>\r\n                                            <\/a>\r\n                    <input type=\"hidden\" class=\"pagenum\" value=\"1\"\/>\r\n                                                                            <a class=\"gallery_group17\" href=\"https:\/\/www.elrincondelosfamosos.com\/barbaricia\/wp-content\/uploads\/2019\/03\/g12_montanaleman22.jpg\"\r\n                       title=\"Miniaturas de caballo de transporte en monta\u00f1a\">\r\n                        <img decoding=\"async\" id=\"wd-cl-img23\"\r\n                             alt=\"Miniaturas de caballo de transporte en monta\u00f1a\"\r\n                             src=\"https:\/\/www.elrincondelosfamosos.com\/barbaricia\/wp-content\/uploads\/2019\/03\/g12_montanaleman22.jpg\"\/>\r\n                                            <\/a>\r\n                    <input type=\"hidden\" class=\"pagenum\" value=\"1\"\/>\r\n                                                                            <a class=\"gallery_group17\" href=\"https:\/\/www.elrincondelosfamosos.com\/barbaricia\/wp-content\/uploads\/2019\/03\/g12_montanaleman23.jpg\"\r\n                       title=\"Soldado cargando con los esqu\u00edes\">\r\n                        <img decoding=\"async\" id=\"wd-cl-img24\"\r\n                             alt=\"Soldado cargando con los esqu\u00edes\"\r\n                             src=\"https:\/\/www.elrincondelosfamosos.com\/barbaricia\/wp-content\/uploads\/2019\/03\/g12_montanaleman23.jpg\"\/>\r\n                                            <\/a>\r\n                    <input type=\"hidden\" class=\"pagenum\" value=\"1\"\/>\r\n                                                                            <a class=\"gallery_group17\" href=\"https:\/\/www.elrincondelosfamosos.com\/barbaricia\/wp-content\/uploads\/2019\/03\/g12_montanaleman24.jpg\"\r\n                       title=\"Soldados de camuflaje en nieve\">\r\n                        <img decoding=\"async\" id=\"wd-cl-img25\"\r\n                             alt=\"Soldados de camuflaje en nieve\"\r\n                             src=\"https:\/\/www.elrincondelosfamosos.com\/barbaricia\/wp-content\/uploads\/2019\/03\/g12_montanaleman24.jpg\"\/>\r\n                                            <\/a>\r\n                    <input type=\"hidden\" class=\"pagenum\" value=\"1\"\/>\r\n                                                                            <a class=\"gallery_group17\" href=\"https:\/\/www.elrincondelosfamosos.com\/barbaricia\/wp-content\/uploads\/2019\/03\/g12_montanaleman25.jpg\"\r\n                       title=\"Miniatura de soldado esquiador\">\r\n                        <img decoding=\"async\" id=\"wd-cl-img26\"\r\n                             alt=\"Miniatura de soldado esquiador\"\r\n                             src=\"https:\/\/www.elrincondelosfamosos.com\/barbaricia\/wp-content\/uploads\/2019\/03\/g12_montanaleman25.jpg\"\/>\r\n                                            <\/a>\r\n                    <input type=\"hidden\" class=\"pagenum\" value=\"1\"\/>\r\n                                                                            <a class=\"gallery_group17\" href=\"https:\/\/www.elrincondelosfamosos.com\/barbaricia\/wp-content\/uploads\/2019\/03\/g12_montanaleman26.jpg\"\r\n                       title=\"Esquiador con mochila\">\r\n                        <img decoding=\"async\" id=\"wd-cl-img27\"\r\n                             alt=\"Esquiador con mochila\"\r\n                             src=\"https:\/\/www.elrincondelosfamosos.com\/barbaricia\/wp-content\/uploads\/2019\/03\/g12_montanaleman26.jpg\"\/>\r\n                                            <\/a>\r\n                    <input type=\"hidden\" class=\"pagenum\" value=\"1\"\/>\r\n                                                                            <a class=\"gallery_group17\" href=\"https:\/\/www.elrincondelosfamosos.com\/barbaricia\/wp-content\/uploads\/2019\/03\/g12_montanaleman27.jpg\"\r\n                       title=\"Soldado regresando de la misi\u00f3n\">\r\n                        <img decoding=\"async\" id=\"wd-cl-img28\"\r\n                             alt=\"Soldado regresando de la misi\u00f3n\"\r\n                             src=\"https:\/\/www.elrincondelosfamosos.com\/barbaricia\/wp-content\/uploads\/2019\/03\/g12_montanaleman27.jpg\"\/>\r\n                                            <\/a>\r\n                    <input type=\"hidden\" class=\"pagenum\" value=\"1\"\/>\r\n                                                                            <a class=\"gallery_group17\" href=\"https:\/\/www.elrincondelosfamosos.com\/barbaricia\/wp-content\/uploads\/2019\/03\/g12_montanaleman36.jpg\"\r\n                       title=\"Esquiador en la zona de trincheras\">\r\n                        <img decoding=\"async\" id=\"wd-cl-img29\"\r\n                             alt=\"Esquiador en la zona de trincheras\"\r\n                             src=\"https:\/\/www.elrincondelosfamosos.com\/barbaricia\/wp-content\/uploads\/2019\/03\/g12_montanaleman36.jpg\"\/>\r\n                                            <\/a>\r\n                    <input type=\"hidden\" class=\"pagenum\" value=\"1\"\/>\r\n                                                                            <a class=\"gallery_group17\" href=\"https:\/\/www.elrincondelosfamosos.com\/barbaricia\/wp-content\/uploads\/2019\/03\/g12_montanaleman33.jpg\"\r\n                       title=\"Soldados avanzando por la nieve\">\r\n                        <img decoding=\"async\" id=\"wd-cl-img30\"\r\n                             alt=\"Soldados avanzando por la nieve\"\r\n                             src=\"https:\/\/www.elrincondelosfamosos.com\/barbaricia\/wp-content\/uploads\/2019\/03\/g12_montanaleman33.jpg\"\/>\r\n                                            <\/a>\r\n                    <input type=\"hidden\" class=\"pagenum\" value=\"1\"\/>\r\n                                                                            <a class=\"gallery_group17\" href=\"https:\/\/www.elrincondelosfamosos.com\/barbaricia\/wp-content\/uploads\/2019\/03\/g12_montanaleman28.jpg\"\r\n                       title=\"MG42 en posici\u00f3n de disparo\">\r\n                        <img decoding=\"async\" id=\"wd-cl-img31\"\r\n                             alt=\"MG42 en posici\u00f3n de disparo\"\r\n                             src=\"https:\/\/www.elrincondelosfamosos.com\/barbaricia\/wp-content\/uploads\/2019\/03\/g12_montanaleman28.jpg\"\/>\r\n                                            <\/a>\r\n                    <input type=\"hidden\" class=\"pagenum\" value=\"1\"\/>\r\n                                                                            <a class=\"gallery_group17\" href=\"https:\/\/www.elrincondelosfamosos.com\/barbaricia\/wp-content\/uploads\/2019\/03\/g12_montanaleman37.jpg\"\r\n                       title=\"Descenso de esquiadores\">\r\n                        <img decoding=\"async\" id=\"wd-cl-img32\"\r\n                             alt=\"Descenso de esquiadores\"\r\n                             src=\"https:\/\/www.elrincondelosfamosos.com\/barbaricia\/wp-content\/uploads\/2019\/03\/g12_montanaleman37.jpg\"\/>\r\n                                            <\/a>\r\n                    <input type=\"hidden\" class=\"pagenum\" value=\"1\"\/>\r\n                                                                            <a class=\"gallery_group17\" href=\"https:\/\/www.elrincondelosfamosos.com\/barbaricia\/wp-content\/uploads\/2019\/03\/g12_montanaleman30.jpg\"\r\n                       title=\"Soldados esquiando al descubierto\">\r\n                        <img decoding=\"async\" id=\"wd-cl-img33\"\r\n                             alt=\"Soldados esquiando al descubierto\"\r\n                             src=\"https:\/\/www.elrincondelosfamosos.com\/barbaricia\/wp-content\/uploads\/2019\/03\/g12_montanaleman30.jpg\"\/>\r\n                                            <\/a>\r\n                    <input type=\"hidden\" class=\"pagenum\" value=\"1\"\/>\r\n                                                                            <a class=\"gallery_group17\" href=\"https:\/\/www.elrincondelosfamosos.com\/barbaricia\/wp-content\/uploads\/2019\/03\/g12_montanaleman29.jpg\"\r\n                       title=\"Miniaturas de soldados esquiadores en nieve\">\r\n                        <img decoding=\"async\" id=\"wd-cl-img34\"\r\n                             alt=\"Miniaturas de soldados esquiadores en nieve\"\r\n                             src=\"https:\/\/www.elrincondelosfamosos.com\/barbaricia\/wp-content\/uploads\/2019\/03\/g12_montanaleman29.jpg\"\/>\r\n                                            <\/a>\r\n                    <input type=\"hidden\" class=\"pagenum\" value=\"1\"\/>\r\n                                                                            <a class=\"gallery_group17\" href=\"https:\/\/www.elrincondelosfamosos.com\/barbaricia\/wp-content\/uploads\/2019\/03\/g12_montanaleman31.jpg\"\r\n                       title=\"Miniaturas de soldados esquiadores regresando al atardecer\">\r\n                        <img decoding=\"async\" id=\"wd-cl-img35\"\r\n                             alt=\"Miniaturas de soldados esquiadores regresando al atardecer\"\r\n                             src=\"https:\/\/www.elrincondelosfamosos.com\/barbaricia\/wp-content\/uploads\/2019\/03\/g12_montanaleman31.jpg\"\/>\r\n                                            <\/a>\r\n                    <input type=\"hidden\" class=\"pagenum\" value=\"1\"\/>\r\n                                                                            <a class=\"gallery_group17\" href=\"https:\/\/www.elrincondelosfamosos.com\/barbaricia\/wp-content\/uploads\/2019\/03\/g12_montanaleman32.jpg\"\r\n                       title=\"Esquiadores en medio de un alud\">\r\n                        <img decoding=\"async\" id=\"wd-cl-img36\"\r\n                             alt=\"Esquiadores en medio de un alud\"\r\n                             src=\"https:\/\/www.elrincondelosfamosos.com\/barbaricia\/wp-content\/uploads\/2019\/03\/g12_montanaleman32.jpg\"\/>\r\n                                            <\/a>\r\n                    <input type=\"hidden\" class=\"pagenum\" value=\"1\"\/>\r\n                                                                            <a class=\"gallery_group17\" href=\"https:\/\/www.elrincondelosfamosos.com\/barbaricia\/wp-content\/uploads\/2019\/03\/g12_montanaleman38.jpg\"\r\n                       title=\"Miniaturas 1\/72 de esquiadores alemanes\">\r\n                        <img decoding=\"async\" id=\"wd-cl-img37\"\r\n                             alt=\"Miniaturas 1\/72 de esquiadores alemanes\"\r\n                             src=\"https:\/\/www.elrincondelosfamosos.com\/barbaricia\/wp-content\/uploads\/2019\/03\/g12_montanaleman38.jpg\"\/>\r\n                                            <\/a>\r\n                    <input type=\"hidden\" class=\"pagenum\" value=\"1\"\/>\r\n                                        <\/div>\r\n    <\/div>\r\n<style>\r\n.justified-gallery {\r\n    width: 100%;\r\n    position: relative;\r\n}\r\n.justified-gallery a{\r\n    border:none;\r\n}\r\n.justified-gallery > a,\r\n.justified-gallery > div {\r\n    position: absolute;\r\n    display: inline-block;\r\n    opacity: 0;\r\n    overflow:hidden;\r\n    filter: alpha(opacity=0);\r\n    \/* IE8 or Earlier *\/\r\n}\r\n.justified-gallery > a > img,\r\n.justified-gallery > div > img {\r\n    position: absolute;\r\n    top: 50%;\r\n    left: 50%;\r\n    padding: 0;\r\n}\r\n.justified-gallery > a > .caption,\r\n.justified-gallery > div > .caption {\r\n    display: none;\r\n    position: absolute;\r\n    bottom: 0;\r\n    padding: 5px;\r\n    left: 0;\r\n    right: 0;\r\n    margin: 0;\r\n    color: #3AD6FC;\r\n    font-size: 13px;\r\n    font-weight: 300;\r\n    font-family: sans-serif;\r\n\/\/margin-left: px;\r\n    background:rgba(255,28,28,0.9)  !important;\r\n    overflow: hidden;\r\n    text-overflow: ellipsis;\r\n    white-space:nowrap;\r\n}\r\n.justified-gallery > a > .caption.caption-visible,\r\n.justified-gallery > div > .caption.caption-visible {\r\n    display: initial;\r\n    filter: \"alpha(opacity=70)\";\r\n    \/* IE8 or Earlier *\/\r\n    -webkit-animation: justified-gallery-show-caption-animation 500ms 0 ease;\r\n    -moz-animation: justified-gallery-show-caption-animation 500ms 0 ease;\r\n    -ms-animation: justified-gallery-show-caption-animation 500ms 0 ease;\r\n}\r\n.justified-gallery > .entry-visible {\r\n    opacity: 1.0;\r\n    filter: alpha(opacity=100);\r\n    \/* IE8 or Earlier *\/\r\n    -webkit-animation: justified-gallery-show-entry-animation 300ms 0 ease;\r\n    -moz-animation: justified-gallery-show-entry-animation 300ms 0 ease;\r\n    -ms-animation: justified-gallery-show-entry-animation 300ms 0 ease;\r\n}\r\n.justified-gallery > .spinner {\r\n    position: absolute;\r\n    bottom: 0;\r\n    margin-left: -24px;\r\n    padding: 10px 0 10px 0;\r\n    left: 50%;\r\n    opacity: initial;\r\n    filter: initial;\r\n    overflow: initial;\r\n}\r\n.justified-gallery > .spinner > span {\r\n    display: inline-block;\r\n    opacity: 0;\r\n    filter: alpha(opacity=0);\r\n    \/* IE8 or Earlier *\/\r\n    width: 8px;\r\n    height: 8px;\r\n    margin: 0 4px 0 4px;\r\n    background-color: #000;\r\n    border-top-left-radius: 6px;\r\n    border-top-right-radius: 6px;\r\n    border-bottom-right-radius: 6px;\r\n    border-bottom-left-radius: 6px;\r\n}\r\n.play-icon {\r\n    position:absolute;\r\n    top:0;\r\n    left:0;\r\n    width:100%;\r\n    height:100%;\r\n}\r\n.load_more2 {\r\n    margin: 10px 0;\r\n    position:relative;\r\n    text-align:center;\r\n    width:100%;\r\n}\r\n.load_more_button2 {\r\n    border-radius: 10px;\r\n    display:inline-block;\r\n    padding:5px 15px;\r\n    font-size:14px !important;;\r\n    color:#FF1C1C !important;;\r\n    background:#26A6FC !important;\r\n    cursor:pointer;\r\n}\r\n.load_more_button2:hover{\r\n    color:#FF4242 !important;\r\n    background:#0FEFFF !important;\r\n}\r\n.loading2 {\r\n    display:none;\r\n}\r\n.paginate2{\r\n    font-size:18px !important;\r\n    color:#26A6FC !important;\r\n    text-align: center;\r\n    margin-top: 25px;\r\n}\r\n.paginate2 a{\r\n    border-bottom: none !important;\r\n}\r\n.icon-style2{\r\n    font-size: 18px !important;\r\n    color:#26A6FC !important;\r\n}\r\n.clear{\r\n    clear:both;\r\n}\r\n.play-icon.youtube-icon {background:url(https:\/\/www.elrincondelosfamosos.com\/barbaricia\/wp-content\/plugins\/gallery-images\/assets\/images\/admin_images\/play.youtube.png) center center no-repeat;}\r\n.play-icon.vimeo-icon {background:url(https:\/\/www.elrincondelosfamosos.com\/barbaricia\/wp-content\/plugins\/gallery-images\/assets\/images\/admin_images\/play.vimeo.png) center center no-repeat;}\r\n<\/style><\/p>\n<p style=\"text-align: justify;\"><a href=\"https:\/\/www.elrincondelosfamosos.com\/barbaricia\/figuras-en-miniatura\/\">+ figuras<\/a><\/p>\n<h3>Bibliograf\u00eda:<\/h3>\n<p>&#8211; <strong>GONZ\u00c1LEZ, \u00d3SCAR. SAGARRA, PABLO. GIL, ANTONIO. 2017.<\/strong> <a href=\"https:\/\/www.esferalibros.com\/libro\/el-libro-del-soldado-de-la-wehrmacht\/\" target=\"_blank\" rel=\"noopener noreferrer\">El soldado de la Wehrmacht<\/a>: La historia, armas y uniformes de los ej\u00e9rcitos de Hitler. La Esfera de los libros. 226 pp.<\/p>\n","protected":false},"excerpt":{"rendered":"<p>En esta ocasi\u00f3n he trabajado con soldados de escala 1\/72 de la marca Airfix. Creo que ya descatalogados y que los he conseguido en Ebay. Son una buena colecci\u00f3n porque los soldados presentan diferentes posiciones y equipos (caballos, esqu\u00eds, ametralladoras pesadas, cajas&#8230;) GEBIRGSJ\u00c4GER (Cazador de monta\u00f1a) No solo fueron especialistas perfectamente equipados para el combate de monta\u00f1a, sino tambi\u00e9n tropas vers\u00e1tiles dispuestas a ser empleadas en acciones variopintas. Su origen se remonta a 1915, en plena Primera Guerra Mundial, cuando sobresalieron por su operatividad y por la competencia de sus oficiales. Los aguerridos Gebirgsj\u00e4ger, concebidos como fuerza de combate ligera, lucharon principalmente como unidades de infanter\u00eda de asalto, labor en la que destacaron especialmente, debido en gran parte a su extraordinaria preparaci\u00f3n f\u00edsica (acostumbrados a escalar monta\u00f1as y cargando con una considerable cantidad de equipo personal). Ciertas prendas del uniforme, como el anorak reversible verde y blanco, el uso de botas de monta\u00f1a claveteadas, as\u00ed como el empleo de parches de tela representando la flor edelweiss (en la guerrera y en la gorra de monta\u00f1a de dos botones M43) fueron los signos que identificaron a las tropas de monta\u00f1a alemanas. Fotos de figuras de la tropas de Monta\u00f1a Alemanas escala 1:72 + figuras Bibliograf\u00eda: &#8211; GONZ\u00c1LEZ, \u00d3SCAR. SAGARRA, PABLO. GIL, ANTONIO. 2017. El soldado de la Wehrmacht: La historia, armas y uniformes de los ej\u00e9rcitos de Hitler. La Esfera de los libros. 226 pp.<\/p>\n","protected":false},"author":2,"featured_media":1070,"parent":729,"menu_order":2,"comment_status":"closed","ping_status":"closed","template":"","meta":{"_exactmetrics_skip_tracking":false,"_exactmetrics_sitenote_active":false,"_exactmetrics_sitenote_note":"","_exactmetrics_sitenote_category":0,"footnotes":""},"class_list":["post-1041","page","type-page","status-publish","has-post-thumbnail","hentry"],"yoast_head":"<!-- This site is optimized with the Yoast SEO plugin v27.5 - https:\/\/yoast.com\/product\/yoast-seo-wordpress\/ -->\n<title>Miniaturas de las Tropas de Monta\u00f1a Alemanas - Barbaricia Maquetas<\/title>\n<meta name=\"description\" content=\"Mi colecci\u00f3n de Gebirgsj\u00e4ger (cazadores de monta\u00f1a) son miniaturas 1:72 de las tropas de monta\u00f1a alemana de la I Guerra Mundial.\" \/>\n<meta name=\"robots\" content=\"index, follow, max-snippet:-1, max-image-preview:large, max-video-preview:-1\" \/>\n<link rel=\"canonical\" href=\"https:\/\/www.elrincondelosfamosos.com\/barbaricia\/figuras-en-miniatura\/miniaturas-tropas-alemanas-montana\/\" \/>\n<meta property=\"og:locale\" content=\"es_ES\" \/>\n<meta property=\"og:type\" content=\"article\" \/>\n<meta property=\"og:title\" content=\"Miniaturas de las Tropas de Monta\u00f1a Alemanas\" \/>\n<meta property=\"og:description\" content=\"Gebirgsj\u00e4ger (cazadores de monta\u00f1a). Miniaturas 1:72 de las tropas de monta\u00f1a alemana de la I Guerra Mundial.\" \/>\n<meta property=\"og:url\" content=\"https:\/\/www.elrincondelosfamosos.com\/barbaricia\/figuras-en-miniatura\/miniaturas-tropas-alemanas-montana\/\" \/>\n<meta property=\"og:site_name\" content=\"Barbaricia Maquetas\" \/>\n<meta property=\"article:modified_time\" content=\"2023-03-15T20:29:32+00:00\" \/>\n<meta property=\"og:image\" content=\"https:\/\/www.elrincondelosfamosos.com\/barbaricia\/wp-content\/uploads\/2019\/03\/g12_montanaleman18.jpg\" \/>\n\t<meta property=\"og:image:width\" content=\"800\" \/>\n\t<meta property=\"og:image:height\" content=\"600\" \/>\n\t<meta property=\"og:image:type\" content=\"image\/jpeg\" \/>\n<meta name=\"twitter:card\" content=\"summary_large_image\" \/>\n<meta name=\"twitter:title\" content=\"Miniaturas de las Tropas de Monta\u00f1a Alemanas\" \/>\n<meta name=\"twitter:description\" content=\"Gebirgsj\u00e4ger (cazadores de monta\u00f1a). Miniaturas 1:72 de las tropas de monta\u00f1a alemana de la I Guerra Mundial.\" \/>\n<meta name=\"twitter:image\" content=\"https:\/\/www.elrincondelosfamosos.com\/barbaricia\/wp-content\/uploads\/2019\/03\/g12_montanaleman18.jpg\" \/>\n<meta name=\"twitter:label1\" content=\"Tiempo de lectura\" \/>\n\t<meta name=\"twitter:data1\" content=\"2 minutos\" \/>\n<script type=\"application\/ld+json\" class=\"yoast-schema-graph\">{\"@context\":\"https:\\\/\\\/schema.org\",\"@graph\":[{\"@type\":\"WebPage\",\"@id\":\"https:\\\/\\\/www.elrincondelosfamosos.com\\\/barbaricia\\\/figuras-en-miniatura\\\/miniaturas-tropas-alemanas-montana\\\/\",\"url\":\"https:\\\/\\\/www.elrincondelosfamosos.com\\\/barbaricia\\\/figuras-en-miniatura\\\/miniaturas-tropas-alemanas-montana\\\/\",\"name\":\"Miniaturas de las Tropas de Monta\u00f1a Alemanas - Barbaricia Maquetas\",\"isPartOf\":{\"@id\":\"https:\\\/\\\/www.elrincondelosfamosos.com\\\/barbaricia\\\/#website\"},\"primaryImageOfPage\":{\"@id\":\"https:\\\/\\\/www.elrincondelosfamosos.com\\\/barbaricia\\\/figuras-en-miniatura\\\/miniaturas-tropas-alemanas-montana\\\/#primaryimage\"},\"image\":{\"@id\":\"https:\\\/\\\/www.elrincondelosfamosos.com\\\/barbaricia\\\/figuras-en-miniatura\\\/miniaturas-tropas-alemanas-montana\\\/#primaryimage\"},\"thumbnailUrl\":\"https:\\\/\\\/www.elrincondelosfamosos.com\\\/barbaricia\\\/wp-content\\\/uploads\\\/2019\\\/03\\\/tropas-alemanas-montana-0.jpg\",\"datePublished\":\"2019-03-13T22:13:27+00:00\",\"dateModified\":\"2023-03-15T20:29:32+00:00\",\"description\":\"Mi colecci\u00f3n de Gebirgsj\u00e4ger (cazadores de monta\u00f1a) son miniaturas 1:72 de las tropas de monta\u00f1a alemana de la I Guerra Mundial.\",\"breadcrumb\":{\"@id\":\"https:\\\/\\\/www.elrincondelosfamosos.com\\\/barbaricia\\\/figuras-en-miniatura\\\/miniaturas-tropas-alemanas-montana\\\/#breadcrumb\"},\"inLanguage\":\"es\",\"potentialAction\":[{\"@type\":\"ReadAction\",\"target\":[\"https:\\\/\\\/www.elrincondelosfamosos.com\\\/barbaricia\\\/figuras-en-miniatura\\\/miniaturas-tropas-alemanas-montana\\\/\"]}]},{\"@type\":\"ImageObject\",\"inLanguage\":\"es\",\"@id\":\"https:\\\/\\\/www.elrincondelosfamosos.com\\\/barbaricia\\\/figuras-en-miniatura\\\/miniaturas-tropas-alemanas-montana\\\/#primaryimage\",\"url\":\"https:\\\/\\\/www.elrincondelosfamosos.com\\\/barbaricia\\\/wp-content\\\/uploads\\\/2019\\\/03\\\/tropas-alemanas-montana-0.jpg\",\"contentUrl\":\"https:\\\/\\\/www.elrincondelosfamosos.com\\\/barbaricia\\\/wp-content\\\/uploads\\\/2019\\\/03\\\/tropas-alemanas-montana-0.jpg\",\"width\":800,\"height\":600,\"caption\":\"Tropas alemanas de monta\u00f1a\"},{\"@type\":\"BreadcrumbList\",\"@id\":\"https:\\\/\\\/www.elrincondelosfamosos.com\\\/barbaricia\\\/figuras-en-miniatura\\\/miniaturas-tropas-alemanas-montana\\\/#breadcrumb\",\"itemListElement\":[{\"@type\":\"ListItem\",\"position\":1,\"name\":\"Inicio\",\"item\":\"https:\\\/\\\/www.elrincondelosfamosos.com\\\/barbaricia\\\/\"},{\"@type\":\"ListItem\",\"position\":2,\"name\":\"Figuras\",\"item\":\"https:\\\/\\\/www.elrincondelosfamosos.com\\\/barbaricia\\\/figuras-en-miniatura\\\/\"},{\"@type\":\"ListItem\",\"position\":3,\"name\":\"Miniaturas de las Tropas de Monta\u00f1a Alemanas\"}]},{\"@type\":\"WebSite\",\"@id\":\"https:\\\/\\\/www.elrincondelosfamosos.com\\\/barbaricia\\\/#website\",\"url\":\"https:\\\/\\\/www.elrincondelosfamosos.com\\\/barbaricia\\\/\",\"name\":\"Barbaricia Maquetas\",\"description\":\"Maquetas y miniaturas realizadas por Antonio Lasala Gracia\",\"potentialAction\":[{\"@type\":\"SearchAction\",\"target\":{\"@type\":\"EntryPoint\",\"urlTemplate\":\"https:\\\/\\\/www.elrincondelosfamosos.com\\\/barbaricia\\\/?s={search_term_string}\"},\"query-input\":{\"@type\":\"PropertyValueSpecification\",\"valueRequired\":true,\"valueName\":\"search_term_string\"}}],\"inLanguage\":\"es\"}]}<\/script>\n<!-- \/ Yoast SEO plugin. -->","yoast_head_json":{"title":"Miniaturas de las Tropas de Monta\u00f1a Alemanas - Barbaricia Maquetas","description":"Mi colecci\u00f3n de Gebirgsj\u00e4ger (cazadores de monta\u00f1a) son miniaturas 1:72 de las tropas de monta\u00f1a alemana de la I Guerra Mundial.","robots":{"index":"index","follow":"follow","max-snippet":"max-snippet:-1","max-image-preview":"max-image-preview:large","max-video-preview":"max-video-preview:-1"},"canonical":"https:\/\/www.elrincondelosfamosos.com\/barbaricia\/figuras-en-miniatura\/miniaturas-tropas-alemanas-montana\/","og_locale":"es_ES","og_type":"article","og_title":"Miniaturas de las Tropas de Monta\u00f1a Alemanas","og_description":"Gebirgsj\u00e4ger (cazadores de monta\u00f1a). Miniaturas 1:72 de las tropas de monta\u00f1a alemana de la I Guerra Mundial.","og_url":"https:\/\/www.elrincondelosfamosos.com\/barbaricia\/figuras-en-miniatura\/miniaturas-tropas-alemanas-montana\/","og_site_name":"Barbaricia Maquetas","article_modified_time":"2023-03-15T20:29:32+00:00","og_image":[{"width":800,"height":600,"url":"https:\/\/www.elrincondelosfamosos.com\/barbaricia\/wp-content\/uploads\/2019\/03\/g12_montanaleman18.jpg","type":"image\/jpeg"}],"twitter_card":"summary_large_image","twitter_title":"Miniaturas de las Tropas de Monta\u00f1a Alemanas","twitter_description":"Gebirgsj\u00e4ger (cazadores de monta\u00f1a). Miniaturas 1:72 de las tropas de monta\u00f1a alemana de la I Guerra Mundial.","twitter_image":"https:\/\/www.elrincondelosfamosos.com\/barbaricia\/wp-content\/uploads\/2019\/03\/g12_montanaleman18.jpg","twitter_misc":{"Tiempo de lectura":"2 minutos"},"schema":{"@context":"https:\/\/schema.org","@graph":[{"@type":"WebPage","@id":"https:\/\/www.elrincondelosfamosos.com\/barbaricia\/figuras-en-miniatura\/miniaturas-tropas-alemanas-montana\/","url":"https:\/\/www.elrincondelosfamosos.com\/barbaricia\/figuras-en-miniatura\/miniaturas-tropas-alemanas-montana\/","name":"Miniaturas de las Tropas de Monta\u00f1a Alemanas - Barbaricia Maquetas","isPartOf":{"@id":"https:\/\/www.elrincondelosfamosos.com\/barbaricia\/#website"},"primaryImageOfPage":{"@id":"https:\/\/www.elrincondelosfamosos.com\/barbaricia\/figuras-en-miniatura\/miniaturas-tropas-alemanas-montana\/#primaryimage"},"image":{"@id":"https:\/\/www.elrincondelosfamosos.com\/barbaricia\/figuras-en-miniatura\/miniaturas-tropas-alemanas-montana\/#primaryimage"},"thumbnailUrl":"https:\/\/www.elrincondelosfamosos.com\/barbaricia\/wp-content\/uploads\/2019\/03\/tropas-alemanas-montana-0.jpg","datePublished":"2019-03-13T22:13:27+00:00","dateModified":"2023-03-15T20:29:32+00:00","description":"Mi colecci\u00f3n de Gebirgsj\u00e4ger (cazadores de monta\u00f1a) son miniaturas 1:72 de las tropas de monta\u00f1a alemana de la I Guerra Mundial.","breadcrumb":{"@id":"https:\/\/www.elrincondelosfamosos.com\/barbaricia\/figuras-en-miniatura\/miniaturas-tropas-alemanas-montana\/#breadcrumb"},"inLanguage":"es","potentialAction":[{"@type":"ReadAction","target":["https:\/\/www.elrincondelosfamosos.com\/barbaricia\/figuras-en-miniatura\/miniaturas-tropas-alemanas-montana\/"]}]},{"@type":"ImageObject","inLanguage":"es","@id":"https:\/\/www.elrincondelosfamosos.com\/barbaricia\/figuras-en-miniatura\/miniaturas-tropas-alemanas-montana\/#primaryimage","url":"https:\/\/www.elrincondelosfamosos.com\/barbaricia\/wp-content\/uploads\/2019\/03\/tropas-alemanas-montana-0.jpg","contentUrl":"https:\/\/www.elrincondelosfamosos.com\/barbaricia\/wp-content\/uploads\/2019\/03\/tropas-alemanas-montana-0.jpg","width":800,"height":600,"caption":"Tropas alemanas de monta\u00f1a"},{"@type":"BreadcrumbList","@id":"https:\/\/www.elrincondelosfamosos.com\/barbaricia\/figuras-en-miniatura\/miniaturas-tropas-alemanas-montana\/#breadcrumb","itemListElement":[{"@type":"ListItem","position":1,"name":"Inicio","item":"https:\/\/www.elrincondelosfamosos.com\/barbaricia\/"},{"@type":"ListItem","position":2,"name":"Figuras","item":"https:\/\/www.elrincondelosfamosos.com\/barbaricia\/figuras-en-miniatura\/"},{"@type":"ListItem","position":3,"name":"Miniaturas de las Tropas de Monta\u00f1a Alemanas"}]},{"@type":"WebSite","@id":"https:\/\/www.elrincondelosfamosos.com\/barbaricia\/#website","url":"https:\/\/www.elrincondelosfamosos.com\/barbaricia\/","name":"Barbaricia Maquetas","description":"Maquetas y miniaturas realizadas por Antonio Lasala Gracia","potentialAction":[{"@type":"SearchAction","target":{"@type":"EntryPoint","urlTemplate":"https:\/\/www.elrincondelosfamosos.com\/barbaricia\/?s={search_term_string}"},"query-input":{"@type":"PropertyValueSpecification","valueRequired":true,"valueName":"search_term_string"}}],"inLanguage":"es"}]}},"_links":{"self":[{"href":"https:\/\/www.elrincondelosfamosos.com\/barbaricia\/wp-json\/wp\/v2\/pages\/1041","targetHints":{"allow":["GET"]}}],"collection":[{"href":"https:\/\/www.elrincondelosfamosos.com\/barbaricia\/wp-json\/wp\/v2\/pages"}],"about":[{"href":"https:\/\/www.elrincondelosfamosos.com\/barbaricia\/wp-json\/wp\/v2\/types\/page"}],"author":[{"embeddable":true,"href":"https:\/\/www.elrincondelosfamosos.com\/barbaricia\/wp-json\/wp\/v2\/users\/2"}],"replies":[{"embeddable":true,"href":"https:\/\/www.elrincondelosfamosos.com\/barbaricia\/wp-json\/wp\/v2\/comments?post=1041"}],"version-history":[{"count":19,"href":"https:\/\/www.elrincondelosfamosos.com\/barbaricia\/wp-json\/wp\/v2\/pages\/1041\/revisions"}],"predecessor-version":[{"id":7410,"href":"https:\/\/www.elrincondelosfamosos.com\/barbaricia\/wp-json\/wp\/v2\/pages\/1041\/revisions\/7410"}],"up":[{"embeddable":true,"href":"https:\/\/www.elrincondelosfamosos.com\/barbaricia\/wp-json\/wp\/v2\/pages\/729"}],"wp:featuredmedia":[{"embeddable":true,"href":"https:\/\/www.elrincondelosfamosos.com\/barbaricia\/wp-json\/wp\/v2\/media\/1070"}],"wp:attachment":[{"href":"https:\/\/www.elrincondelosfamosos.com\/barbaricia\/wp-json\/wp\/v2\/media?parent=1041"}],"curies":[{"name":"wp","href":"https:\/\/api.w.org\/{rel}","templated":true}]}}